{"id":1076,"date":"2025-08-20T11:05:49","date_gmt":"2025-08-20T11:05:49","guid":{"rendered":"https:\/\/ipsen-academy.be\/nl\/?page_id=1076"},"modified":"2026-01-07T16:30:50","modified_gmt":"2026-01-07T16:30:50","slug":"cancer-urothelial","status":"publish","type":"page","link":"https:\/\/ipsen-academy.be\/nl\/cancer-urothelial\/","title":{"rendered":"Cancer uroth\u00e9lial"},"content":{"rendered":"\n<section class=\"alignfull wp-block-ipsen-hero\">\n            <img\n            class=\"wp-block-ipsen-hero__image\"\n            src=\"https:\/\/ipsen-academy.be\/nl\/wp-content\/uploads\/sites\/6\/2025\/08\/imgi_18_Ipsen-Academy-backgrounds_Header-scaled-2.jpg\"\n            width=\"2560\"\n            height=\"855\"\n            style=\"object-position: 50% 50%\"\n            fetchpriority=\"high\"\n            decoding=\"async\"\n            alt=\"Waves9\"\n        \/>\n        <div class=\"wp-block-ipsen-hero__content\">\n        <div class=\"wp-block-ipsen-hero__content-inner\">\n            \n\n<div class=\"has-2-columns wp-block-ipsen-columns\">\n    \n\n<div class=\"wp-block-ipsen-wrapper\">\n    \n\n<h1 class=\"wp-block-heading\">Cancer uroth\u00e9lial<\/h1>\n\n\n\n<p class=\"is-style-lead-paragraph\"><\/p>\n\n<\/div>\n\n\n\n<div class=\"wp-block-ipsen-wrapper\">\n    <\/div>\n\n<\/div>\n\n        <\/div>\n    <\/div>\n<\/section>\n\n\n\n<div style=\"padding-top:var(--wp--preset--spacing--base);padding-bottom:var(--wp--preset--spacing--base);margin-top:var(--wp--preset--spacing--base);margin-bottom:var(--wp--preset--spacing--base);\" class=\"has-2-columns wp-block-ipsen-columns\">\n    \n\n<div class=\"wp-block-ipsen-wrapper\">\n    \n\n<h2 class=\"wp-block-heading\"><strong>Informations sur le cancer uroth\u00e9lial<\/strong><\/h2>\n\n<\/div>\n\n\n\n<div class=\"wp-block-ipsen-wrapper\">\n    \n\n<p class=\"is-style-default\">Le carcinome uroth\u00e9lial (\u00e9galement appel\u00e9 carcinome \u00e0 cellules transitionnelles) est un cancer qui se d\u00e9veloppe dans les cellules uroth\u00e9liales, qui tapissent l\u2019ur\u00e8tre, la vessie, les uret\u00e8res, le bassinet du rein et certains autres organes. Presque tous les cancers de la vessie sont des carcinomes uroth\u00e9liaux<sup>1<\/sup>.&nbsp;<\/p>\n\n<\/div>\n\n<\/div>\n\n\n\n<hr class=\"wp-block-separator has-text-color has-secondary-color has-alpha-channel-opacity has-secondary-background-color has-background\"\/>\n\n\n\n<div style=\"padding-top:var(--wp--preset--spacing--base);padding-bottom:var(--wp--preset--spacing--base);margin-top:var(--wp--preset--spacing--base);margin-bottom:var(--wp--preset--spacing--base);\" class=\"has-2-columns wp-block-ipsen-columns\">\n    \n\n<div class=\"wp-block-ipsen-wrapper\">\n    \n\n<figure class=\"wp-block-ipsen-image\">\n    <div class=\"wp-block-ipsen-image__wrap\">\n        \n<picture>\n    <img src=\"https:\/\/ipsen-academy.be\/nl\/wp-content\/uploads\/sites\/6\/2025\/08\/EAU-2025-highlights-1-700x972-3.png?w=700\" width=\"700\" height=\"972\" srcset=\"https:\/\/ipsen-academy.be\/nl\/wp-content\/uploads\/sites\/6\/2025\/08\/EAU-2025-highlights-1-700x972-3.png 700w, https:\/\/ipsen-academy.be\/nl\/wp-content\/uploads\/sites\/6\/2025\/08\/EAU-2025-highlights-1-700x972-3.png?resize=510,708 510w, https:\/\/ipsen-academy.be\/nl\/wp-content\/uploads\/sites\/6\/2025\/08\/EAU-2025-highlights-1-700x972-3.png?resize=330,458 330w\" sizes=\"auto, (max-width: 700px) 100vw, 700px\" alt=\"\" decoding=\"async\" loading=\"lazy\" \/>\n<\/picture>\n            <\/div>\n    <\/figure>\n\n<\/div>\n\n\n\n<div class=\"wp-block-ipsen-wrapper\">\n    \n\n<p class=\"is-style-default\"><strong><strong><strong>EAU 2025 highlights \u2013 cancer de la vessie<\/strong><br><\/strong><\/strong>Aper\u00e7u des derni\u00e8res actualit\u00e9s dans le domaine de la recherche sur le cancer de la vessie, pr\u00e9sent\u00e9es lors du congr\u00e8s&nbsp;<em>EAU 2025<\/em><\/p>\n\n\n\n<div class=\"wp-block-buttons is-layout-flex wp-block-buttons-is-layout-flex\">\n<div class=\"wp-block-button is-style-secondary\"><a class=\"wp-block-button__link wp-element-button\">En savoir plus <svg xmlns=\"http:\/\/www.w3.org\/2000\/svg\" width=\"9\" height=\"16\" fill=\"none\" aria-hidden=\"true\"><path stroke=\"currentColor\" stroke-width=\"1.2\" d=\"m.426 15.125 7.35-7.35L.424.425\"\/><\/svg><\/a><\/div>\n<\/div>\n\n<\/div>\n\n<\/div>\n\n\n<section class=\"full-width alignfull is-style-light-gray wp-block-ipsen-section\">\n    <div class=\"wp-block-ipsen-section__content\">\n        \n\n<h2 class=\"wp-block-heading\">Materialen en Presentaties<\/h2>\n\n\n\n<div class=\"wp-block-ipsen-query-loop\" data-wp-interactive=\"ipsen\/query-loop\" data-wp-context=\"{&quot;selectedOptions&quot;:[]}\" data-wp-init=\"callbacks.addAnimation\">\n    \n<ul class=\"wp-block-ipsen-query-loop-filter\">\n            <li class=\"wp-block-ipsen-query-loop-filter__item\">\n    <input type=\"checkbox\" id=\"niercelcarcinoom\" name=\"niercelcarcinoom\" value=\"niercelcarcinoom\" data-wp-on--change=\"actions.toggleOption\">\n    <label for=\"niercelcarcinoom\">Niercelcarcinoom<\/label>\n<\/li>\n\n            <li class=\"wp-block-ipsen-query-loop-filter__item\">\n    <input type=\"checkbox\" id=\"oncologie\" name=\"oncologie\" value=\"oncologie\" data-wp-on--change=\"actions.toggleOption\">\n    <label for=\"oncologie\">Oncologie<\/label>\n<\/li>\n\n            <li class=\"wp-block-ipsen-query-loop-filter__item\">\n    <input type=\"checkbox\" id=\"prostaatkanker\" name=\"prostaatkanker\" value=\"prostaatkanker\" data-wp-on--change=\"actions.toggleOption\">\n    <label for=\"prostaatkanker\">Prostaatkanker<\/label>\n<\/li>\n\n            <li class=\"wp-block-ipsen-query-loop-filter__item\">\n    <input type=\"checkbox\" id=\"neuro-endocriene-tumoren\" name=\"neuro-endocriene-tumoren\" value=\"neuro-endocriene-tumoren\" data-wp-on--change=\"actions.toggleOption\">\n    <label for=\"neuro-endocriene-tumoren\">Neuro-endocriene tumoren<\/label>\n<\/li>\n\n            <li class=\"wp-block-ipsen-query-loop-filter__item\">\n    <input type=\"checkbox\" id=\"urotheelkanker\" name=\"urotheelkanker\" value=\"urotheelkanker\" data-wp-on--change=\"actions.toggleOption\">\n    <label for=\"urotheelkanker\">Urotheelkanker<\/label>\n<\/li>\n\n            <li class=\"wp-block-ipsen-query-loop-filter__item\">\n    <input type=\"checkbox\" id=\"urine-incontinentie-als-gevolg-van-neurogene-detrusor-overactiviteit-ndo\" name=\"urine-incontinentie-als-gevolg-van-neurogene-detrusor-overactiviteit-ndo\" value=\"urine-incontinentie-als-gevolg-van-neurogene-detrusor-overactiviteit-ndo\" data-wp-on--change=\"actions.toggleOption\">\n    <label for=\"urine-incontinentie-als-gevolg-van-neurogene-detrusor-overactiviteit-ndo\">Urine-incontinentie als gevolg van neurogene detrusor overactiviteit (NDO)<\/label>\n<\/li>\n\n            <li class=\"wp-block-ipsen-query-loop-filter__item\">\n    <input type=\"checkbox\" id=\"blepharospasme-hemifaciale-spasme\" name=\"blepharospasme-hemifaciale-spasme\" value=\"blepharospasme-hemifaciale-spasme\" data-wp-on--change=\"actions.toggleOption\">\n    <label for=\"blepharospasme-hemifaciale-spasme\">Blepharospasme &amp; hemifaciale spasme<\/label>\n<\/li>\n\n            <li class=\"wp-block-ipsen-query-loop-filter__item\">\n    <input type=\"checkbox\" id=\"ipsen-in-neurowetenschap\" name=\"ipsen-in-neurowetenschap\" value=\"ipsen-in-neurowetenschap\" data-wp-on--change=\"actions.toggleOption\">\n    <label for=\"ipsen-in-neurowetenschap\">Ipsen in Neurowetenschap<\/label>\n<\/li>\n\n            <li class=\"wp-block-ipsen-query-loop-filter__item\">\n    <input type=\"checkbox\" id=\"spasticiteit\" name=\"spasticiteit\" value=\"spasticiteit\" data-wp-on--change=\"actions.toggleOption\">\n    <label for=\"spasticiteit\">Spasticiteit<\/label>\n<\/li>\n\n            <li class=\"wp-block-ipsen-query-loop-filter__item\">\n    <input type=\"checkbox\" id=\"dystonie\" name=\"dystonie\" value=\"dystonie\" data-wp-on--change=\"actions.toggleOption\">\n    <label for=\"dystonie\">Dystonie<\/label>\n<\/li>\n\n            <li class=\"wp-block-ipsen-query-loop-filter__item\">\n    <input type=\"checkbox\" id=\"neurowetenschap\" name=\"neurowetenschap\" value=\"neurowetenschap\" data-wp-on--change=\"actions.toggleOption\">\n    <label for=\"neurowetenschap\">Neurowetenschap<\/label>\n<\/li>\n\n            <li class=\"wp-block-ipsen-query-loop-filter__item\">\n    <input type=\"checkbox\" id=\"zeldzame-ziekten\" name=\"zeldzame-ziekten\" value=\"zeldzame-ziekten\" data-wp-on--change=\"actions.toggleOption\">\n    <label for=\"zeldzame-ziekten\">Zeldzame Ziekten<\/label>\n<\/li>\n\n            <li class=\"wp-block-ipsen-query-loop-filter__item\">\n    <input type=\"checkbox\" id=\"acromegalie\" name=\"acromegalie\" value=\"acromegalie\" data-wp-on--change=\"actions.toggleOption\">\n    <label for=\"acromegalie\">Acromegalie<\/label>\n<\/li>\n\n            <li class=\"wp-block-ipsen-query-loop-filter__item\">\n    <input type=\"checkbox\" id=\"primaire-biliaire-cholangitis-pbc\" name=\"primaire-biliaire-cholangitis-pbc\" value=\"primaire-biliaire-cholangitis-pbc\" data-wp-on--change=\"actions.toggleOption\">\n    <label for=\"primaire-biliaire-cholangitis-pbc\">Primaire biliaire cholangitis (PBC)<\/label>\n<\/li>\n\n            <li class=\"wp-block-ipsen-query-loop-filter__item\">\n    <input type=\"checkbox\" id=\"progressieve-familiale-intrahepatische-cholestase-pfic\" name=\"progressieve-familiale-intrahepatische-cholestase-pfic\" value=\"progressieve-familiale-intrahepatische-cholestase-pfic\" data-wp-on--change=\"actions.toggleOption\">\n    <label for=\"progressieve-familiale-intrahepatische-cholestase-pfic\">Progressieve Familiale Intrahepatische Cholestase (PFIC)<\/label>\n<\/li>\n\n            <li class=\"wp-block-ipsen-query-loop-filter__item\">\n    <input type=\"checkbox\" id=\"syndroom-van-alagille-algs\" name=\"syndroom-van-alagille-algs\" value=\"syndroom-van-alagille-algs\" data-wp-on--change=\"actions.toggleOption\">\n    <label for=\"syndroom-van-alagille-algs\">Syndroom van Alagille (ALGS)<\/label>\n<\/li>\n\n            <li class=\"wp-block-ipsen-query-loop-filter__item\">\n    <input type=\"checkbox\" id=\"patient-info\" name=\"patient-info\" value=\"patient-info\" data-wp-on--change=\"actions.toggleOption\">\n    <label for=\"patient-info\">Informatie voor pati\u00ebnten<\/label>\n<\/li>\n\n            <li class=\"wp-block-ipsen-query-loop-filter__item\">\n    <input type=\"checkbox\" id=\"videos-pdfs-podcasts\" name=\"videos-pdfs-podcasts\" value=\"videos-pdfs-podcasts\" data-wp-on--change=\"actions.toggleOption\">\n    <label for=\"videos-pdfs-podcasts\">Videos, PDFs &amp; Podcasts<\/label>\n<\/li>\n\n    <\/ul>\n    <div class=\"wp-block-ipsen-query-loop__cards\">\n                    <div class=\"wp-block-ipsen-query-loop__card\" data-filter-options=\"niercelcarcinoom oncologie videos-pdfs-podcasts\" data-wp-bind--hidden=\"state.isCardHidden\">\n    <div style=\"--block--post-card--header-overlay--background:#2797d3\" class=\"--default-post-card wp-block-ipsen-post-card\" data-post-terms=\"Niercelcarcinoom, Oncologie, Videos, PDFs &amp; Podcasts\">\n    <div class=\"wp-block-ipsen-post-card__container\">\n    <div class=\"wp-block-ipsen-post-card__header\">\n                <div class=\"wp-block-ipsen-post-card__content\">\n                <p>april 17, 2026<\/p>\n            <h2 class=\"wp-block-ipsen-post-card__title\">\n    Immune-related neurological toxicities &#8211; Dr Van Wylick<\/h2>        <\/div>\n    <\/div>\n\n    <ul class=\"wp-block-ipsen-post-card__meta\">\n                    <li>Niercelcarcinoom, Oncologie, Videos, PDFs &amp; Podcasts<\/li>\n                <li>Time: 1 minuut leestijd<\/li>\n    <\/ul>\n\n    <div class=\"wp-block-ipsen-post-card__cta\">\n    <div class=\"wp-block-buttons is-layout-flex wp-block-buttons-is-layout-flex\">\n        <div class=\"wp-block-button is-style-secondary\">\n            <a class=\"wp-block-button__link wp-element-button\" aria-label=\"View posts in Immune-related neurological toxicities - Dr Van Wylick\" href=\"https:\/\/ipsen-academy.be\/nl\/blog\/2026\/04\/17\/immune-related-neurological-toxicities-dr-van-wylick\/\">\n                Meer info                <svg xmlns=\"http:\/\/www.w3.org\/2000\/svg\" width=\"9\" height=\"16\" fill=\"none\" aria-hidden=\"true\"><path stroke=\"currentColor\" stroke-width=\"1.2\" d=\"m.426 15.125 7.35-7.35L.424.425\" \/><\/svg>            <\/a>\n        <\/div>\n    <\/div>\n<\/div><\/div>\n<\/div>\n<\/div>\n                    <div class=\"wp-block-ipsen-query-loop__card\" data-filter-options=\"niercelcarcinoom oncologie videos-pdfs-podcasts\" data-wp-bind--hidden=\"state.isCardHidden\">\n    <div style=\"--block--post-card--header-overlay--background:#2797d3\" class=\"--default-post-card wp-block-ipsen-post-card\" data-post-terms=\"Niercelcarcinoom, Oncologie, Videos, PDFs &amp; Podcasts\">\n    <div class=\"wp-block-ipsen-post-card__container\">\n    <div class=\"wp-block-ipsen-post-card__header\">\n                <div class=\"wp-block-ipsen-post-card__content\">\n                <p>april 17, 2026<\/p>\n            <h2 class=\"wp-block-ipsen-post-card__title\">\n    How do we deal with irAE and dysimmunity populations who need ICI in Belgium &#8211; Prof Aspeslagh<\/h2>        <\/div>\n    <\/div>\n\n    <ul class=\"wp-block-ipsen-post-card__meta\">\n                    <li>Niercelcarcinoom, Oncologie, Videos, PDFs &amp; Podcasts<\/li>\n                <li>Time: 1 minuut leestijd<\/li>\n    <\/ul>\n\n    <div class=\"wp-block-ipsen-post-card__cta\">\n    <div class=\"wp-block-buttons is-layout-flex wp-block-buttons-is-layout-flex\">\n        <div class=\"wp-block-button is-style-secondary\">\n            <a class=\"wp-block-button__link wp-element-button\" aria-label=\"View posts in How do we deal with irAE and dysimmunity populations who need ICI in Belgium - Prof Aspeslagh\" href=\"https:\/\/ipsen-academy.be\/nl\/blog\/2026\/04\/17\/how-do-we-deal-with-irae-and-dysimmunity-populations-who-need-ici-in-belgium-prof-aspeslagh\/\">\n                Meer info                <svg xmlns=\"http:\/\/www.w3.org\/2000\/svg\" width=\"9\" height=\"16\" fill=\"none\" aria-hidden=\"true\"><path stroke=\"currentColor\" stroke-width=\"1.2\" d=\"m.426 15.125 7.35-7.35L.424.425\" \/><\/svg>            <\/a>\n        <\/div>\n    <\/div>\n<\/div><\/div>\n<\/div>\n<\/div>\n                    <div class=\"wp-block-ipsen-query-loop__card\" data-filter-options=\"niercelcarcinoom oncologie videos-pdfs-podcasts\" data-wp-bind--hidden=\"state.isCardHidden\">\n    <div style=\"--block--post-card--header-overlay--background:#2797d3\" class=\"--default-post-card wp-block-ipsen-post-card\" data-post-terms=\"Niercelcarcinoom, Oncologie, Videos, PDFs &amp; Podcasts\">\n    <div class=\"wp-block-ipsen-post-card__container\">\n    <div class=\"wp-block-ipsen-post-card__header\">\n                <div class=\"wp-block-ipsen-post-card__content\">\n                <p>april 17, 2026<\/p>\n            <h2 class=\"wp-block-ipsen-post-card__title\">\n    Immunotherapy-Induced hypophysitis: diagnosis, challenges, and therapeutic strategies &#8211; Dr Martens<\/h2>        <\/div>\n    <\/div>\n\n    <ul class=\"wp-block-ipsen-post-card__meta\">\n                    <li>Niercelcarcinoom, Oncologie, Videos, PDFs &amp; Podcasts<\/li>\n                <li>Time: 1 minuut leestijd<\/li>\n    <\/ul>\n\n    <div class=\"wp-block-ipsen-post-card__cta\">\n    <div class=\"wp-block-buttons is-layout-flex wp-block-buttons-is-layout-flex\">\n        <div class=\"wp-block-button is-style-secondary\">\n            <a class=\"wp-block-button__link wp-element-button\" aria-label=\"View posts in Immunotherapy-Induced hypophysitis: diagnosis, challenges, and therapeutic strategies - Dr Martens\" href=\"https:\/\/ipsen-academy.be\/nl\/blog\/2026\/04\/17\/immunotherapy-induced-hypophysitis-diagnosis-challenges-and-therapeutic-strategies-dr-martens\/\">\n                Meer info                <svg xmlns=\"http:\/\/www.w3.org\/2000\/svg\" width=\"9\" height=\"16\" fill=\"none\" aria-hidden=\"true\"><path stroke=\"currentColor\" stroke-width=\"1.2\" d=\"m.426 15.125 7.35-7.35L.424.425\" \/><\/svg>            <\/a>\n        <\/div>\n    <\/div>\n<\/div><\/div>\n<\/div>\n<\/div>\n                    <div class=\"wp-block-ipsen-query-loop__card\" data-filter-options=\"niercelcarcinoom oncologie videos-pdfs-podcasts\" data-wp-bind--hidden=\"state.isCardHidden\">\n    <div style=\"--block--post-card--header-overlay--background:#2797d3\" class=\"--default-post-card wp-block-ipsen-post-card\" data-post-terms=\"Niercelcarcinoom, Oncologie, Videos, PDFs &amp; Podcasts\">\n    <div class=\"wp-block-ipsen-post-card__container\">\n    <div class=\"wp-block-ipsen-post-card__header\">\n                <div class=\"wp-block-ipsen-post-card__content\">\n                <p>april 17, 2026<\/p>\n            <h2 class=\"wp-block-ipsen-post-card__title\">\n    How to handle challenging TKI toxicities? &#8211; Prof Seront<\/h2>        <\/div>\n    <\/div>\n\n    <ul class=\"wp-block-ipsen-post-card__meta\">\n                    <li>Niercelcarcinoom, Oncologie, Videos, PDFs &amp; Podcasts<\/li>\n                <li>Time: 1 minuut leestijd<\/li>\n    <\/ul>\n\n    <div class=\"wp-block-ipsen-post-card__cta\">\n    <div class=\"wp-block-buttons is-layout-flex wp-block-buttons-is-layout-flex\">\n        <div class=\"wp-block-button is-style-secondary\">\n            <a class=\"wp-block-button__link wp-element-button\" aria-label=\"View posts in How to handle challenging TKI toxicities? - Prof Seront\" href=\"https:\/\/ipsen-academy.be\/nl\/blog\/2026\/04\/17\/how-to-handle-challenging-tki-toxicities-prof-seront\/\">\n                Meer info                <svg xmlns=\"http:\/\/www.w3.org\/2000\/svg\" width=\"9\" height=\"16\" fill=\"none\" aria-hidden=\"true\"><path stroke=\"currentColor\" stroke-width=\"1.2\" d=\"m.426 15.125 7.35-7.35L.424.425\" \/><\/svg>            <\/a>\n        <\/div>\n    <\/div>\n<\/div><\/div>\n<\/div>\n<\/div>\n                    <div class=\"wp-block-ipsen-query-loop__card\" data-filter-options=\"niercelcarcinoom oncologie videos-pdfs-podcasts\" data-wp-bind--hidden=\"state.isCardHidden\">\n    <div style=\"--block--post-card--header-overlay--background:#2797d3\" class=\"--default-post-card wp-block-ipsen-post-card\" data-post-terms=\"Niercelcarcinoom, Oncologie, Videos, PDFs &amp; Podcasts\">\n    <div class=\"wp-block-ipsen-post-card__container\">\n    <div class=\"wp-block-ipsen-post-card__header\">\n                <div class=\"wp-block-ipsen-post-card__content\">\n                <p>april 17, 2026<\/p>\n            <h2 class=\"wp-block-ipsen-post-card__title\">\n    Upcoming therapeutic advances &#8211; Prof Rottey<\/h2>        <\/div>\n    <\/div>\n\n    <ul class=\"wp-block-ipsen-post-card__meta\">\n                    <li>Niercelcarcinoom, Oncologie, Videos, PDFs &amp; Podcasts<\/li>\n                <li>Time: 1 minuut leestijd<\/li>\n    <\/ul>\n\n    <div class=\"wp-block-ipsen-post-card__cta\">\n    <div class=\"wp-block-buttons is-layout-flex wp-block-buttons-is-layout-flex\">\n        <div class=\"wp-block-button is-style-secondary\">\n            <a class=\"wp-block-button__link wp-element-button\" aria-label=\"View posts in Upcoming therapeutic advances - Prof Rottey\" href=\"https:\/\/ipsen-academy.be\/nl\/blog\/2026\/04\/17\/upcoming-therapeutic-advances-prof-rottey\/\">\n                Meer info                <svg xmlns=\"http:\/\/www.w3.org\/2000\/svg\" width=\"9\" height=\"16\" fill=\"none\" aria-hidden=\"true\"><path stroke=\"currentColor\" stroke-width=\"1.2\" d=\"m.426 15.125 7.35-7.35L.424.425\" \/><\/svg>            <\/a>\n        <\/div>\n    <\/div>\n<\/div><\/div>\n<\/div>\n<\/div>\n                    <div class=\"wp-block-ipsen-query-loop__card\" data-filter-options=\"niercelcarcinoom oncologie videos-pdfs-podcasts\" data-wp-bind--hidden=\"state.isCardHidden\">\n    <div style=\"--block--post-card--header-overlay--background:#2797d3\" class=\"--default-post-card wp-block-ipsen-post-card\" data-post-terms=\"Niercelcarcinoom, Oncologie, Videos, PDFs &amp; Podcasts\">\n    <div class=\"wp-block-ipsen-post-card__container\">\n    <div class=\"wp-block-ipsen-post-card__header\">\n                <div class=\"wp-block-ipsen-post-card__content\">\n                <p>april 17, 2026<\/p>\n            <h2 class=\"wp-block-ipsen-post-card__title\">\n    Belgian fellow-led present: HBOC germline mut. and efficacy of ICI (BEL-RCC2 study) &#8211; Dr Vrijders<\/h2>        <\/div>\n    <\/div>\n\n    <ul class=\"wp-block-ipsen-post-card__meta\">\n                    <li>Niercelcarcinoom, Oncologie, Videos, PDFs &amp; Podcasts<\/li>\n                <li>Time: 1 minuut leestijd<\/li>\n    <\/ul>\n\n    <div class=\"wp-block-ipsen-post-card__cta\">\n    <div class=\"wp-block-buttons is-layout-flex wp-block-buttons-is-layout-flex\">\n        <div class=\"wp-block-button is-style-secondary\">\n            <a class=\"wp-block-button__link wp-element-button\" aria-label=\"View posts in Belgian fellow-led present: HBOC germline mut. and efficacy of ICI (BEL-RCC2 study) - Dr Vrijders\" href=\"https:\/\/ipsen-academy.be\/nl\/blog\/2026\/04\/17\/belgian-fellow-led-present-hboc-germline-mut-and-efficacy-of-ici-bel-rcc2-study-dr-vrijders\/\">\n                Meer info                <svg xmlns=\"http:\/\/www.w3.org\/2000\/svg\" width=\"9\" height=\"16\" fill=\"none\" aria-hidden=\"true\"><path stroke=\"currentColor\" stroke-width=\"1.2\" d=\"m.426 15.125 7.35-7.35L.424.425\" \/><\/svg>            <\/a>\n        <\/div>\n    <\/div>\n<\/div><\/div>\n<\/div>\n<\/div>\n                    <div class=\"wp-block-ipsen-query-loop__card\" data-filter-options=\"niercelcarcinoom oncologie videos-pdfs-podcasts\" data-wp-bind--hidden=\"state.isCardHidden\">\n    <div style=\"--block--post-card--header-overlay--background:#2797d3\" class=\"--default-post-card wp-block-ipsen-post-card\" data-post-terms=\"Niercelcarcinoom, Oncologie, Videos, PDFs &amp; Podcasts\">\n    <div class=\"wp-block-ipsen-post-card__container\">\n    <div class=\"wp-block-ipsen-post-card__header\">\n                <div class=\"wp-block-ipsen-post-card__content\">\n                <p>april 17, 2026<\/p>\n            <h2 class=\"wp-block-ipsen-post-card__title\">\n    Belgian fellow-led present: TKI-related tox. marker as therapy resp. predictor in mRCC &#8211; Dr Vermassen<\/h2>        <\/div>\n    <\/div>\n\n    <ul class=\"wp-block-ipsen-post-card__meta\">\n                    <li>Niercelcarcinoom, Oncologie, Videos, PDFs &amp; Podcasts<\/li>\n                <li>Time: 1 minuut leestijd<\/li>\n    <\/ul>\n\n    <div class=\"wp-block-ipsen-post-card__cta\">\n    <div class=\"wp-block-buttons is-layout-flex wp-block-buttons-is-layout-flex\">\n        <div class=\"wp-block-button is-style-secondary\">\n            <a class=\"wp-block-button__link wp-element-button\" aria-label=\"View posts in Belgian fellow-led present: TKI-related tox. marker as therapy resp. predictor in mRCC - Dr Vermassen\" href=\"https:\/\/ipsen-academy.be\/nl\/blog\/2026\/04\/17\/belgian-fellow-led-present-tki-related-tox-marker-as-therapy-resp-predictor-in-mrcc-dr-vermassen\/\">\n                Meer info                <svg xmlns=\"http:\/\/www.w3.org\/2000\/svg\" width=\"9\" height=\"16\" fill=\"none\" aria-hidden=\"true\"><path stroke=\"currentColor\" stroke-width=\"1.2\" d=\"m.426 15.125 7.35-7.35L.424.425\" \/><\/svg>            <\/a>\n        <\/div>\n    <\/div>\n<\/div><\/div>\n<\/div>\n<\/div>\n                    <div class=\"wp-block-ipsen-query-loop__card\" data-filter-options=\"niercelcarcinoom oncologie videos-pdfs-podcasts\" data-wp-bind--hidden=\"state.isCardHidden\">\n    <div style=\"--block--post-card--header-overlay--background:#2797d3\" class=\"--default-post-card wp-block-ipsen-post-card\" data-post-terms=\"Niercelcarcinoom, Oncologie, Videos, PDFs &amp; Podcasts\">\n    <div class=\"wp-block-ipsen-post-card__container\">\n    <div class=\"wp-block-ipsen-post-card__header\">\n                <div class=\"wp-block-ipsen-post-card__content\">\n                <p>april 17, 2026<\/p>\n            <h2 class=\"wp-block-ipsen-post-card__title\">\n    Belgian fellow-led presentations: Optimal treatment of brain metastases in RCC &#8211; Dr Roodhooft<\/h2>        <\/div>\n    <\/div>\n\n    <ul class=\"wp-block-ipsen-post-card__meta\">\n                    <li>Niercelcarcinoom, Oncologie, Videos, PDFs &amp; Podcasts<\/li>\n                <li>Time: 1 minuut leestijd<\/li>\n    <\/ul>\n\n    <div class=\"wp-block-ipsen-post-card__cta\">\n    <div class=\"wp-block-buttons is-layout-flex wp-block-buttons-is-layout-flex\">\n        <div class=\"wp-block-button is-style-secondary\">\n            <a class=\"wp-block-button__link wp-element-button\" aria-label=\"View posts in Belgian fellow-led presentations: Optimal treatment of brain metastases in RCC - Dr Roodhooft\" href=\"https:\/\/ipsen-academy.be\/nl\/blog\/2026\/04\/17\/belgian-fellow-led-presentations-optimal-treatment-of-brain-metastases-in-rcc-dr-roodhooft\/\">\n                Meer info                <svg xmlns=\"http:\/\/www.w3.org\/2000\/svg\" width=\"9\" height=\"16\" fill=\"none\" aria-hidden=\"true\"><path stroke=\"currentColor\" stroke-width=\"1.2\" d=\"m.426 15.125 7.35-7.35L.424.425\" \/><\/svg>            <\/a>\n        <\/div>\n    <\/div>\n<\/div><\/div>\n<\/div>\n<\/div>\n                    <div class=\"wp-block-ipsen-query-loop__card\" data-filter-options=\"niercelcarcinoom oncologie videos-pdfs-podcasts\" data-wp-bind--hidden=\"state.isCardHidden\">\n    <div style=\"--block--post-card--header-overlay--background:#2797d3\" class=\"--default-post-card wp-block-ipsen-post-card\" data-post-terms=\"Niercelcarcinoom, Oncologie, Videos, PDFs &amp; Podcasts\">\n    <div class=\"wp-block-ipsen-post-card__container\">\n    <div class=\"wp-block-ipsen-post-card__header\">\n                <div class=\"wp-block-ipsen-post-card__content\">\n                <p>april 17, 2026<\/p>\n            <h2 class=\"wp-block-ipsen-post-card__title\">\n    Belgian fellow-led presentations: Role of eosinophils in clear-cell renal cell carcinoma &#8211; Dr Gilon<\/h2>        <\/div>\n    <\/div>\n\n    <ul class=\"wp-block-ipsen-post-card__meta\">\n                    <li>Niercelcarcinoom, Oncologie, Videos, PDFs &amp; Podcasts<\/li>\n                <li>Time: 1 minuut leestijd<\/li>\n    <\/ul>\n\n    <div class=\"wp-block-ipsen-post-card__cta\">\n    <div class=\"wp-block-buttons is-layout-flex wp-block-buttons-is-layout-flex\">\n        <div class=\"wp-block-button is-style-secondary\">\n            <a class=\"wp-block-button__link wp-element-button\" aria-label=\"View posts in Belgian fellow-led presentations: Role of eosinophils in clear-cell renal cell carcinoma - Dr Gilon\" href=\"https:\/\/ipsen-academy.be\/nl\/blog\/2026\/04\/17\/belgian-fellow-led-presentations-role-of-eosinophils-in-clear-cell-renal-cell-carcinoma-dr-gilon\/\">\n                Meer info                <svg xmlns=\"http:\/\/www.w3.org\/2000\/svg\" width=\"9\" height=\"16\" fill=\"none\" aria-hidden=\"true\"><path stroke=\"currentColor\" stroke-width=\"1.2\" d=\"m.426 15.125 7.35-7.35L.424.425\" \/><\/svg>            <\/a>\n        <\/div>\n    <\/div>\n<\/div><\/div>\n<\/div>\n<\/div>\n                    <div class=\"wp-block-ipsen-query-loop__card\" data-filter-options=\"niercelcarcinoom oncologie videos-pdfs-podcasts\" data-wp-bind--hidden=\"state.isCardHidden\">\n    <div style=\"--block--post-card--header-overlay--background:#2797d3\" class=\"--default-post-card wp-block-ipsen-post-card\" data-post-terms=\"Niercelcarcinoom, Oncologie, Videos, PDFs &amp; Podcasts\">\n    <div class=\"wp-block-ipsen-post-card__container\">\n    <div class=\"wp-block-ipsen-post-card__header\">\n                <div class=\"wp-block-ipsen-post-card__content\">\n                <p>april 15, 2026<\/p>\n            <h2 class=\"wp-block-ipsen-post-card__title\">\n    nccRCC &#8211; understanding the new classification and guiding treatment decisions &#8211; Prof. Verbiest<\/h2>        <\/div>\n    <\/div>\n\n    <ul class=\"wp-block-ipsen-post-card__meta\">\n                    <li>Niercelcarcinoom, Oncologie, Videos, PDFs &amp; Podcasts<\/li>\n                <li>Time: 1 minuut leestijd<\/li>\n    <\/ul>\n\n    <div class=\"wp-block-ipsen-post-card__cta\">\n    <div class=\"wp-block-buttons is-layout-flex wp-block-buttons-is-layout-flex\">\n        <div class=\"wp-block-button is-style-secondary\">\n            <a class=\"wp-block-button__link wp-element-button\" aria-label=\"View posts in nccRCC - understanding the new classification and guiding treatment decisions - Prof. Verbiest\" href=\"https:\/\/ipsen-academy.be\/nl\/blog\/2026\/04\/15\/nccrcc-understanding-the-new-classification-and-guiding-treatment-decisions\/\">\n                Meer info                <svg xmlns=\"http:\/\/www.w3.org\/2000\/svg\" width=\"9\" height=\"16\" fill=\"none\" aria-hidden=\"true\"><path stroke=\"currentColor\" stroke-width=\"1.2\" d=\"m.426 15.125 7.35-7.35L.424.425\" \/><\/svg>            <\/a>\n        <\/div>\n    <\/div>\n<\/div><\/div>\n<\/div>\n<\/div>\n                    <div class=\"wp-block-ipsen-query-loop__card\" data-filter-options=\"niercelcarcinoom oncologie videos-pdfs-podcasts\" data-wp-bind--hidden=\"state.isCardHidden\">\n    <div style=\"--block--post-card--header-overlay--background:#2797d3\" class=\"--default-post-card wp-block-ipsen-post-card\" data-post-terms=\"Niercelcarcinoom, Oncologie, Videos, PDFs &amp; Podcasts\">\n    <div class=\"wp-block-ipsen-post-card__container\">\n    <div class=\"wp-block-ipsen-post-card__header\">\n                <div class=\"wp-block-ipsen-post-card__content\">\n                <p>april 15, 2026<\/p>\n            <h2 class=\"wp-block-ipsen-post-card__title\">\n    Real cases, real strategies Masterclass in action: interactive case discussions &#8211; Prof. Gennigens, Prof. Martinez, Prof. Seront<\/h2>        <\/div>\n    <\/div>\n\n    <ul class=\"wp-block-ipsen-post-card__meta\">\n                    <li>Niercelcarcinoom, Oncologie, Videos, PDFs &amp; Podcasts<\/li>\n                <li>Time: 1 minuut leestijd<\/li>\n    <\/ul>\n\n    <div class=\"wp-block-ipsen-post-card__cta\">\n    <div class=\"wp-block-buttons is-layout-flex wp-block-buttons-is-layout-flex\">\n        <div class=\"wp-block-button is-style-secondary\">\n            <a class=\"wp-block-button__link wp-element-button\" aria-label=\"View posts in Real cases, real strategies Masterclass in action: interactive case discussions - Prof. Gennigens, Prof. Martinez, Prof. Seront\" href=\"https:\/\/ipsen-academy.be\/nl\/blog\/2026\/04\/15\/real-cases-real-strategies-masterclass-in-action-interactive-case-discussions\/\">\n                Meer info                <svg xmlns=\"http:\/\/www.w3.org\/2000\/svg\" width=\"9\" height=\"16\" fill=\"none\" aria-hidden=\"true\"><path stroke=\"currentColor\" stroke-width=\"1.2\" d=\"m.426 15.125 7.35-7.35L.424.425\" \/><\/svg>            <\/a>\n        <\/div>\n    <\/div>\n<\/div><\/div>\n<\/div>\n<\/div>\n                    <div class=\"wp-block-ipsen-query-loop__card\" data-filter-options=\"niercelcarcinoom oncologie videos-pdfs-podcasts\" data-wp-bind--hidden=\"state.isCardHidden\">\n    <div style=\"--block--post-card--header-overlay--background:#2797d3\" class=\"--default-post-card wp-block-ipsen-post-card\" data-post-terms=\"Niercelcarcinoom, Oncologie, Videos, PDFs &amp; Podcasts\">\n    <div class=\"wp-block-ipsen-post-card__container\">\n    <div class=\"wp-block-ipsen-post-card__header\">\n                <div class=\"wp-block-ipsen-post-card__content\">\n                <p>april 15, 2026<\/p>\n            <h2 class=\"wp-block-ipsen-post-card__title\">\n    The evolving role of biomarkers: from concept to clinical impact &#8211; Prof. Rottey<\/h2>        <\/div>\n    <\/div>\n\n    <ul class=\"wp-block-ipsen-post-card__meta\">\n                    <li>Niercelcarcinoom, Oncologie, Videos, PDFs &amp; Podcasts<\/li>\n                <li>Time: 1 minuut leestijd<\/li>\n    <\/ul>\n\n    <div class=\"wp-block-ipsen-post-card__cta\">\n    <div class=\"wp-block-buttons is-layout-flex wp-block-buttons-is-layout-flex\">\n        <div class=\"wp-block-button is-style-secondary\">\n            <a class=\"wp-block-button__link wp-element-button\" aria-label=\"View posts in The evolving role of biomarkers: from concept to clinical impact - Prof. Rottey\" href=\"https:\/\/ipsen-academy.be\/nl\/blog\/2026\/04\/15\/the-evolving-role-of-biomarkers-from-concept-to-clinical-impact\/\">\n                Meer info                <svg xmlns=\"http:\/\/www.w3.org\/2000\/svg\" width=\"9\" height=\"16\" fill=\"none\" aria-hidden=\"true\"><path stroke=\"currentColor\" stroke-width=\"1.2\" d=\"m.426 15.125 7.35-7.35L.424.425\" \/><\/svg>            <\/a>\n        <\/div>\n    <\/div>\n<\/div><\/div>\n<\/div>\n<\/div>\n                    <div class=\"wp-block-ipsen-query-loop__card\" data-filter-options=\"niercelcarcinoom oncologie videos-pdfs-podcasts\" data-wp-bind--hidden=\"state.isCardHidden\">\n    <div style=\"--block--post-card--header-overlay--background:#2797d3\" class=\"--default-post-card wp-block-ipsen-post-card\" data-post-terms=\"Niercelcarcinoom, Oncologie, Videos, PDFs &amp; Podcasts\">\n    <div class=\"wp-block-ipsen-post-card__container\">\n    <div class=\"wp-block-ipsen-post-card__header\">\n                <div class=\"wp-block-ipsen-post-card__content\">\n                <p>april 15, 2026<\/p>\n            <h2 class=\"wp-block-ipsen-post-card__title\">\n    The con\u2019s of adjuvant therapy &#8211; Prof. Gennigens<\/h2>        <\/div>\n    <\/div>\n\n    <ul class=\"wp-block-ipsen-post-card__meta\">\n                    <li>Niercelcarcinoom, Oncologie, Videos, PDFs &amp; Podcasts<\/li>\n                <li>Time: 1 minuut leestijd<\/li>\n    <\/ul>\n\n    <div class=\"wp-block-ipsen-post-card__cta\">\n    <div class=\"wp-block-buttons is-layout-flex wp-block-buttons-is-layout-flex\">\n        <div class=\"wp-block-button is-style-secondary\">\n            <a class=\"wp-block-button__link wp-element-button\" aria-label=\"View posts in The con\u2019s of adjuvant therapy - Prof. Gennigens\" href=\"https:\/\/ipsen-academy.be\/nl\/blog\/2026\/04\/15\/the-cons-of-adjuvant-therapy\/\">\n                Meer info                <svg xmlns=\"http:\/\/www.w3.org\/2000\/svg\" width=\"9\" height=\"16\" fill=\"none\" aria-hidden=\"true\"><path stroke=\"currentColor\" stroke-width=\"1.2\" d=\"m.426 15.125 7.35-7.35L.424.425\" \/><\/svg>            <\/a>\n        <\/div>\n    <\/div>\n<\/div><\/div>\n<\/div>\n<\/div>\n                    <div class=\"wp-block-ipsen-query-loop__card\" data-filter-options=\"niercelcarcinoom oncologie videos-pdfs-podcasts\" data-wp-bind--hidden=\"state.isCardHidden\">\n    <div style=\"--block--post-card--header-overlay--background:#2797d3\" class=\"--default-post-card wp-block-ipsen-post-card\" data-post-terms=\"Niercelcarcinoom, Oncologie, Videos, PDFs &amp; Podcasts\">\n    <div class=\"wp-block-ipsen-post-card__container\">\n    <div class=\"wp-block-ipsen-post-card__header\">\n                <div class=\"wp-block-ipsen-post-card__content\">\n                <p>april 15, 2026<\/p>\n            <h2 class=\"wp-block-ipsen-post-card__title\">\n    The pro\u2019s of adjuvant therapy &#8211; Prof. Beuselinck<\/h2>        <\/div>\n    <\/div>\n\n    <ul class=\"wp-block-ipsen-post-card__meta\">\n                    <li>Niercelcarcinoom, Oncologie, Videos, PDFs &amp; Podcasts<\/li>\n                <li>Time: 1 minuut leestijd<\/li>\n    <\/ul>\n\n    <div class=\"wp-block-ipsen-post-card__cta\">\n    <div class=\"wp-block-buttons is-layout-flex wp-block-buttons-is-layout-flex\">\n        <div class=\"wp-block-button is-style-secondary\">\n            <a class=\"wp-block-button__link wp-element-button\" aria-label=\"View posts in The pro\u2019s of adjuvant therapy - Prof. Beuselinck\" href=\"https:\/\/ipsen-academy.be\/nl\/blog\/2026\/04\/15\/the-pros-of-adjuvant-therapy\/\">\n                Meer info                <svg xmlns=\"http:\/\/www.w3.org\/2000\/svg\" width=\"9\" height=\"16\" fill=\"none\" aria-hidden=\"true\"><path stroke=\"currentColor\" stroke-width=\"1.2\" d=\"m.426 15.125 7.35-7.35L.424.425\" \/><\/svg>            <\/a>\n        <\/div>\n    <\/div>\n<\/div><\/div>\n<\/div>\n<\/div>\n                    <div class=\"wp-block-ipsen-query-loop__card\" data-filter-options=\"niercelcarcinoom oncologie videos-pdfs-podcasts\" data-wp-bind--hidden=\"state.isCardHidden\">\n    <div style=\"--block--post-card--header-overlay--background:#2797d3\" class=\"--default-post-card wp-block-ipsen-post-card\" data-post-terms=\"Niercelcarcinoom, Oncologie, Videos, PDFs &amp; Podcasts\">\n    <div class=\"wp-block-ipsen-post-card__container\">\n    <div class=\"wp-block-ipsen-post-card__header\">\n                <div class=\"wp-block-ipsen-post-card__content\">\n                <p>april 15, 2026<\/p>\n            <h2 class=\"wp-block-ipsen-post-card__title\">\n    Debulking surgery in metastatic RCC: benefits and limitations &#8211; Prof. Van Praet<\/h2>        <\/div>\n    <\/div>\n\n    <ul class=\"wp-block-ipsen-post-card__meta\">\n                    <li>Niercelcarcinoom, Oncologie, Videos, PDFs &amp; Podcasts<\/li>\n                <li>Time: 1 minuut leestijd<\/li>\n    <\/ul>\n\n    <div class=\"wp-block-ipsen-post-card__cta\">\n    <div class=\"wp-block-buttons is-layout-flex wp-block-buttons-is-layout-flex\">\n        <div class=\"wp-block-button is-style-secondary\">\n            <a class=\"wp-block-button__link wp-element-button\" aria-label=\"View posts in Debulking surgery in metastatic RCC: benefits and limitations - Prof. Van Praet\" href=\"https:\/\/ipsen-academy.be\/nl\/blog\/2026\/04\/15\/debulking-surgery-in-metastatic-rcc-benefits-and-limitations\/\">\n                Meer info                <svg xmlns=\"http:\/\/www.w3.org\/2000\/svg\" width=\"9\" height=\"16\" fill=\"none\" aria-hidden=\"true\"><path stroke=\"currentColor\" stroke-width=\"1.2\" d=\"m.426 15.125 7.35-7.35L.424.425\" \/><\/svg>            <\/a>\n        <\/div>\n    <\/div>\n<\/div><\/div>\n<\/div>\n<\/div>\n                    <div class=\"wp-block-ipsen-query-loop__card\" data-filter-options=\"niercelcarcinoom oncologie videos-pdfs-podcasts\" data-wp-bind--hidden=\"state.isCardHidden\">\n    <div style=\"--block--post-card--header-overlay--background:#2797d3\" class=\"--default-post-card wp-block-ipsen-post-card\" data-post-terms=\"Niercelcarcinoom, Oncologie, Videos, PDFs &amp; Podcasts\">\n    <div class=\"wp-block-ipsen-post-card__container\">\n    <div class=\"wp-block-ipsen-post-card__header\">\n                <div class=\"wp-block-ipsen-post-card__content\">\n                <p>april 15, 2026<\/p>\n            <h2 class=\"wp-block-ipsen-post-card__title\">\n    Optimizing radiation therapy in RCC: Expert insights and best practices &#8211; Prof. Berghen<\/h2>        <\/div>\n    <\/div>\n\n    <ul class=\"wp-block-ipsen-post-card__meta\">\n                    <li>Niercelcarcinoom, Oncologie, Videos, PDFs &amp; Podcasts<\/li>\n                <li>Time: 1 minuut leestijd<\/li>\n    <\/ul>\n\n    <div class=\"wp-block-ipsen-post-card__cta\">\n    <div class=\"wp-block-buttons is-layout-flex wp-block-buttons-is-layout-flex\">\n        <div class=\"wp-block-button is-style-secondary\">\n            <a class=\"wp-block-button__link wp-element-button\" aria-label=\"View posts in Optimizing radiation therapy in RCC: Expert insights and best practices - Prof. Berghen\" href=\"https:\/\/ipsen-academy.be\/nl\/blog\/2026\/04\/15\/optimizing-radiation-therapy-in-rcc-expert-insights-and-best-practices\/\">\n                Meer info                <svg xmlns=\"http:\/\/www.w3.org\/2000\/svg\" width=\"9\" height=\"16\" fill=\"none\" aria-hidden=\"true\"><path stroke=\"currentColor\" stroke-width=\"1.2\" d=\"m.426 15.125 7.35-7.35L.424.425\" \/><\/svg>            <\/a>\n        <\/div>\n    <\/div>\n<\/div><\/div>\n<\/div>\n<\/div>\n                    <div class=\"wp-block-ipsen-query-loop__card\" data-filter-options=\"niercelcarcinoom oncologie videos-pdfs-podcasts\" data-wp-bind--hidden=\"state.isCardHidden\">\n    <div style=\"--block--post-card--header-overlay--background:#2797d3\" class=\"--default-post-card wp-block-ipsen-post-card\" data-post-terms=\"Niercelcarcinoom, Oncologie, Videos, PDFs &amp; Podcasts\">\n    <div class=\"wp-block-ipsen-post-card__container\">\n    <div class=\"wp-block-ipsen-post-card__header\">\n                <div class=\"wp-block-ipsen-post-card__content\">\n                <p>april 15, 2026<\/p>\n            <h2 class=\"wp-block-ipsen-post-card__title\">\n    Current landscape of first-line treatment in mRCC &#8211; Dr. Carril<\/h2>        <\/div>\n    <\/div>\n\n    <ul class=\"wp-block-ipsen-post-card__meta\">\n                    <li>Niercelcarcinoom, Oncologie, Videos, PDFs &amp; Podcasts<\/li>\n                <li>Time: 1 minuut leestijd<\/li>\n    <\/ul>\n\n    <div class=\"wp-block-ipsen-post-card__cta\">\n    <div class=\"wp-block-buttons is-layout-flex wp-block-buttons-is-layout-flex\">\n        <div class=\"wp-block-button is-style-secondary\">\n            <a class=\"wp-block-button__link wp-element-button\" aria-label=\"View posts in Current landscape of first-line treatment in mRCC - Dr. Carril\" href=\"https:\/\/ipsen-academy.be\/nl\/blog\/2026\/04\/15\/current-landscape-of-first-line-treatment-in-mrcc\/\">\n                Meer info                <svg xmlns=\"http:\/\/www.w3.org\/2000\/svg\" width=\"9\" height=\"16\" fill=\"none\" aria-hidden=\"true\"><path stroke=\"currentColor\" stroke-width=\"1.2\" d=\"m.426 15.125 7.35-7.35L.424.425\" \/><\/svg>            <\/a>\n        <\/div>\n    <\/div>\n<\/div><\/div>\n<\/div>\n<\/div>\n                    <div class=\"wp-block-ipsen-query-loop__card\" data-filter-options=\"niercelcarcinoom oncologie videos-pdfs-podcasts\" data-wp-bind--hidden=\"state.isCardHidden\">\n    <div style=\"--block--post-card--header-overlay--background:#2797d3\" class=\"--default-post-card wp-block-ipsen-post-card\" data-post-terms=\"Niercelcarcinoom, Oncologie, Videos, PDFs &amp; Podcasts\">\n    <div class=\"wp-block-ipsen-post-card__container\">\n    <div class=\"wp-block-ipsen-post-card__header\">\n                <div class=\"wp-block-ipsen-post-card__content\">\n                <p>april 15, 2026<\/p>\n            <h2 class=\"wp-block-ipsen-post-card__title\">\n    The debate on IO treatment duration: current evidence and future directions &#8211; Dr. Decruyenaere<\/h2>        <\/div>\n    <\/div>\n\n    <ul class=\"wp-block-ipsen-post-card__meta\">\n                    <li>Niercelcarcinoom, Oncologie, Videos, PDFs &amp; Podcasts<\/li>\n                <li>Time: 1 minuut leestijd<\/li>\n    <\/ul>\n\n    <div class=\"wp-block-ipsen-post-card__cta\">\n    <div class=\"wp-block-buttons is-layout-flex wp-block-buttons-is-layout-flex\">\n        <div class=\"wp-block-button is-style-secondary\">\n            <a class=\"wp-block-button__link wp-element-button\" aria-label=\"View posts in The debate on IO treatment duration: current evidence and future directions - Dr. Decruyenaere\" href=\"https:\/\/ipsen-academy.be\/nl\/blog\/2026\/04\/15\/the-debate-on-io-treatment-duration-current-evidence-and-future-directions\/\">\n                Meer info                <svg xmlns=\"http:\/\/www.w3.org\/2000\/svg\" width=\"9\" height=\"16\" fill=\"none\" aria-hidden=\"true\"><path stroke=\"currentColor\" stroke-width=\"1.2\" d=\"m.426 15.125 7.35-7.35L.424.425\" \/><\/svg>            <\/a>\n        <\/div>\n    <\/div>\n<\/div><\/div>\n<\/div>\n<\/div>\n                    <div class=\"wp-block-ipsen-query-loop__card\" data-filter-options=\"niercelcarcinoom oncologie videos-pdfs-podcasts\" data-wp-bind--hidden=\"state.isCardHidden\">\n    <div style=\"--block--post-card--header-overlay--background:#2797d3\" class=\"--default-post-card wp-block-ipsen-post-card\" data-post-terms=\"Niercelcarcinoom, Oncologie, Videos, PDFs &amp; Podcasts\">\n    <div class=\"wp-block-ipsen-post-card__container\">\n    <div class=\"wp-block-ipsen-post-card__header\">\n                <div class=\"wp-block-ipsen-post-card__content\">\n                <p>april 15, 2026<\/p>\n            <h2 class=\"wp-block-ipsen-post-card__title\">\n    2L and beyond: treatment strategies post IO\/IO &amp; IO\/TKI &#8211; Dr. Gizzi<\/h2>        <\/div>\n    <\/div>\n\n    <ul class=\"wp-block-ipsen-post-card__meta\">\n                    <li>Niercelcarcinoom, Oncologie, Videos, PDFs &amp; Podcasts<\/li>\n                <li>Time: 1 minuut leestijd<\/li>\n    <\/ul>\n\n    <div class=\"wp-block-ipsen-post-card__cta\">\n    <div class=\"wp-block-buttons is-layout-flex wp-block-buttons-is-layout-flex\">\n        <div class=\"wp-block-button is-style-secondary\">\n            <a class=\"wp-block-button__link wp-element-button\" aria-label=\"View posts in 2L and beyond: treatment strategies post IO\/IO &amp; IO\/TKI - Dr. Gizzi\" href=\"https:\/\/ipsen-academy.be\/nl\/blog\/2026\/04\/15\/2l-and-beyond-treatment-strategies-post-io-io-io-tki\/\">\n                Meer info                <svg xmlns=\"http:\/\/www.w3.org\/2000\/svg\" width=\"9\" height=\"16\" fill=\"none\" aria-hidden=\"true\"><path stroke=\"currentColor\" stroke-width=\"1.2\" d=\"m.426 15.125 7.35-7.35L.424.425\" \/><\/svg>            <\/a>\n        <\/div>\n    <\/div>\n<\/div><\/div>\n<\/div>\n<\/div>\n                    <div class=\"wp-block-ipsen-query-loop__card\" data-filter-options=\"oncologie prostaatkanker patient-info\" data-wp-bind--hidden=\"state.isCardHidden\">\n    <div style=\"--block--post-card--header-overlay--background:#2797d3\" class=\"--default-post-card wp-block-ipsen-post-card\" data-post-terms=\"Oncologie, Prostaatkanker, Informatie voor pati\u00ebnten\">\n    <div class=\"wp-block-ipsen-post-card__container\">\n    <div class=\"wp-block-ipsen-post-card__header\">\n                <div class=\"wp-block-ipsen-post-card__content\">\n                <p>maart 24, 2026<\/p>\n            <h2 class=\"wp-block-ipsen-post-card__title\">\n    Voel je goed in je lichaam tijdens de hormonale behandeling van prostaatkanker<\/h2>        <\/div>\n    <\/div>\n\n    <ul class=\"wp-block-ipsen-post-card__meta\">\n                    <li>Oncologie, Prostaatkanker, Informatie voor pati\u00ebnten<\/li>\n                <li>Time: 1 minuut leestijd<\/li>\n    <\/ul>\n\n    <div class=\"wp-block-ipsen-post-card__cta\">\n    <div class=\"wp-block-buttons is-layout-flex wp-block-buttons-is-layout-flex\">\n        <div class=\"wp-block-button is-style-secondary\">\n            <a class=\"wp-block-button__link wp-element-button\" aria-label=\"View posts in Voel je goed in je lichaam tijdens de hormonale behandeling van prostaatkanker\" href=\"https:\/\/ipsen-academy.be\/nl\/blog\/2026\/03\/24\/voel-je-goed-in-je-lichaam-tijdens-de-hormonale-behandeling-van-prostaatkanker\/\">\n                Meer info                <svg xmlns=\"http:\/\/www.w3.org\/2000\/svg\" width=\"9\" height=\"16\" fill=\"none\" aria-hidden=\"true\"><path stroke=\"currentColor\" stroke-width=\"1.2\" d=\"m.426 15.125 7.35-7.35L.424.425\" \/><\/svg>            <\/a>\n        <\/div>\n    <\/div>\n<\/div><\/div>\n<\/div>\n<\/div>\n                    <div class=\"wp-block-ipsen-query-loop__card\" data-filter-options=\"oncologie prostaatkanker patient-info\" data-wp-bind--hidden=\"state.isCardHidden\">\n    <div style=\"--block--post-card--header-overlay--background:#2797d3\" class=\"--default-post-card wp-block-ipsen-post-card\" data-post-terms=\"Oncologie, Prostaatkanker, Informatie voor pati\u00ebnten\">\n    <div class=\"wp-block-ipsen-post-card__container\">\n    <div class=\"wp-block-ipsen-post-card__header\">\n                <div class=\"wp-block-ipsen-post-card__content\">\n                <p>maart 24, 2026<\/p>\n            <h2 class=\"wp-block-ipsen-post-card__title\">\n    Je mentaal goed voelen tijdens de hormonale behandeling van prostaatkanker<\/h2>        <\/div>\n    <\/div>\n\n    <ul class=\"wp-block-ipsen-post-card__meta\">\n                    <li>Oncologie, Prostaatkanker, Informatie voor pati\u00ebnten<\/li>\n                <li>Time: 1 minuut leestijd<\/li>\n    <\/ul>\n\n    <div class=\"wp-block-ipsen-post-card__cta\">\n    <div class=\"wp-block-buttons is-layout-flex wp-block-buttons-is-layout-flex\">\n        <div class=\"wp-block-button is-style-secondary\">\n            <a class=\"wp-block-button__link wp-element-button\" aria-label=\"View posts in Je mentaal goed voelen tijdens de hormonale behandeling van prostaatkanker\" href=\"https:\/\/ipsen-academy.be\/nl\/blog\/2026\/03\/24\/je-mentaal-goed-voelen-tijdens-de-hormonale-behandeling-van-prostaatkanker\/\">\n                Meer info                <svg xmlns=\"http:\/\/www.w3.org\/2000\/svg\" width=\"9\" height=\"16\" fill=\"none\" aria-hidden=\"true\"><path stroke=\"currentColor\" stroke-width=\"1.2\" d=\"m.426 15.125 7.35-7.35L.424.425\" \/><\/svg>            <\/a>\n        <\/div>\n    <\/div>\n<\/div><\/div>\n<\/div>\n<\/div>\n                    <div class=\"wp-block-ipsen-query-loop__card\" data-filter-options=\"oncologie prostaatkanker patient-info\" data-wp-bind--hidden=\"state.isCardHidden\">\n    <div style=\"--block--post-card--header-overlay--background:#2797d3\" class=\"--default-post-card wp-block-ipsen-post-card\" data-post-terms=\"Oncologie, Prostaatkanker, Informatie voor pati\u00ebnten\">\n    <div class=\"wp-block-ipsen-post-card__container\">\n    <div class=\"wp-block-ipsen-post-card__header\">\n                <div class=\"wp-block-ipsen-post-card__content\">\n                <p>maart 23, 2026<\/p>\n            <h2 class=\"wp-block-ipsen-post-card__title\">\n    Hoe omgaan met intieme relaties tijdens de hormonale behandeling van prostaatkanker<\/h2>        <\/div>\n    <\/div>\n\n    <ul class=\"wp-block-ipsen-post-card__meta\">\n                    <li>Oncologie, Prostaatkanker, Informatie voor pati\u00ebnten<\/li>\n                <li>Time: 1 minuut leestijd<\/li>\n    <\/ul>\n\n    <div class=\"wp-block-ipsen-post-card__cta\">\n    <div class=\"wp-block-buttons is-layout-flex wp-block-buttons-is-layout-flex\">\n        <div class=\"wp-block-button is-style-secondary\">\n            <a class=\"wp-block-button__link wp-element-button\" aria-label=\"View posts in Hoe omgaan met intieme relaties tijdens de hormonale behandeling van prostaatkanker\" href=\"https:\/\/ipsen-academy.be\/nl\/blog\/2026\/03\/23\/hoe-omgaan-met-intieme-relaties-tijdens-de-hormonale-behandeling-van-prostaatkanker\/\">\n                Meer info                <svg xmlns=\"http:\/\/www.w3.org\/2000\/svg\" width=\"9\" height=\"16\" fill=\"none\" aria-hidden=\"true\"><path stroke=\"currentColor\" stroke-width=\"1.2\" d=\"m.426 15.125 7.35-7.35L.424.425\" \/><\/svg>            <\/a>\n        <\/div>\n    <\/div>\n<\/div><\/div>\n<\/div>\n<\/div>\n                    <div class=\"wp-block-ipsen-query-loop__card\" data-filter-options=\"oncologie prostaatkanker patient-info\" data-wp-bind--hidden=\"state.isCardHidden\">\n    <div style=\"--block--post-card--header-overlay--background:#2797d3\" class=\"--default-post-card wp-block-ipsen-post-card\" data-post-terms=\"Oncologie, Prostaatkanker, Informatie voor pati\u00ebnten\">\n    <div class=\"wp-block-ipsen-post-card__container\">\n    <div class=\"wp-block-ipsen-post-card__header\">\n                <div class=\"wp-block-ipsen-post-card__content\">\n                <p>maart 23, 2026<\/p>\n            <h2 class=\"wp-block-ipsen-post-card__title\">\n    Betrek je familie en vrienden erbij tijdens de hormonale behandeling van prostaatkanker<\/h2>        <\/div>\n    <\/div>\n\n    <ul class=\"wp-block-ipsen-post-card__meta\">\n                    <li>Oncologie, Prostaatkanker, Informatie voor pati\u00ebnten<\/li>\n                <li>Time: 1 minuut leestijd<\/li>\n    <\/ul>\n\n    <div class=\"wp-block-ipsen-post-card__cta\">\n    <div class=\"wp-block-buttons is-layout-flex wp-block-buttons-is-layout-flex\">\n        <div class=\"wp-block-button is-style-secondary\">\n            <a class=\"wp-block-button__link wp-element-button\" aria-label=\"View posts in Betrek je familie en vrienden erbij tijdens de hormonale behandeling van prostaatkanker\" href=\"https:\/\/ipsen-academy.be\/nl\/blog\/2026\/03\/23\/betrek-je-familie-en-vrienden-erbij-tijdens-de-hormonale-behandeling-van-prostaatkanker\/\">\n                Meer info                <svg xmlns=\"http:\/\/www.w3.org\/2000\/svg\" width=\"9\" height=\"16\" fill=\"none\" aria-hidden=\"true\"><path stroke=\"currentColor\" stroke-width=\"1.2\" d=\"m.426 15.125 7.35-7.35L.424.425\" \/><\/svg>            <\/a>\n        <\/div>\n    <\/div>\n<\/div><\/div>\n<\/div>\n<\/div>\n                    <div class=\"wp-block-ipsen-query-loop__card\" data-filter-options=\"oncologie prostaatkanker patient-info\" data-wp-bind--hidden=\"state.isCardHidden\">\n    <div style=\"--block--post-card--header-overlay--background:#2797d3\" class=\"--default-post-card wp-block-ipsen-post-card\" data-post-terms=\"Oncologie, Prostaatkanker, Informatie voor pati\u00ebnten\">\n    <div class=\"wp-block-ipsen-post-card__container\">\n    <div class=\"wp-block-ipsen-post-card__header\">\n                <div class=\"wp-block-ipsen-post-card__content\">\n                <p>maart 23, 2026<\/p>\n            <h2 class=\"wp-block-ipsen-post-card__title\">\n    Laten we praten over wat voor jou belangrijk is<\/h2>        <\/div>\n    <\/div>\n\n    <ul class=\"wp-block-ipsen-post-card__meta\">\n                    <li>Oncologie, Prostaatkanker, Informatie voor pati\u00ebnten<\/li>\n                <li>Time: 1 minuut leestijd<\/li>\n    <\/ul>\n\n    <div class=\"wp-block-ipsen-post-card__cta\">\n    <div class=\"wp-block-buttons is-layout-flex wp-block-buttons-is-layout-flex\">\n        <div class=\"wp-block-button is-style-secondary\">\n            <a class=\"wp-block-button__link wp-element-button\" aria-label=\"View posts in Laten we praten over wat voor jou belangrijk is\" href=\"https:\/\/ipsen-academy.be\/nl\/blog\/2026\/03\/23\/laten-we-praten-over-wat-voor-jou-belangrijk-is\/\">\n                Meer info                <svg xmlns=\"http:\/\/www.w3.org\/2000\/svg\" width=\"9\" height=\"16\" fill=\"none\" aria-hidden=\"true\"><path stroke=\"currentColor\" stroke-width=\"1.2\" d=\"m.426 15.125 7.35-7.35L.424.425\" \/><\/svg>            <\/a>\n        <\/div>\n    <\/div>\n<\/div><\/div>\n<\/div>\n<\/div>\n                    <div class=\"wp-block-ipsen-query-loop__card\" data-filter-options=\"neurowetenschap spasticiteit videos-pdfs-podcasts\" data-wp-bind--hidden=\"state.isCardHidden\">\n    <div style=\"--block--post-card--header-overlay--background:#c84874\" class=\"--default-post-card wp-block-ipsen-post-card\" data-post-terms=\"Neurowetenschap, Spasticiteit, Videos, PDFs &amp; Podcasts\">\n    <div class=\"wp-block-ipsen-post-card__container\">\n    <div class=\"wp-block-ipsen-post-card__header\">\n                <div class=\"wp-block-ipsen-post-card__content\">\n                <p>maart 18, 2026<\/p>\n            <h2 class=\"wp-block-ipsen-post-card__title\">\n    Longitudinal goal attainment with repeat injections of abobotulinumtoxinA in adults with lower limb spasticity: AboLiSh Study<\/h2>        <\/div>\n    <\/div>\n\n    <ul class=\"wp-block-ipsen-post-card__meta\">\n                    <li>Neurowetenschap, Spasticiteit, Videos, PDFs &amp; Podcasts<\/li>\n                <li>Time: 1 minuut leestijd<\/li>\n    <\/ul>\n\n    <div class=\"wp-block-ipsen-post-card__cta\">\n    <div class=\"wp-block-buttons is-layout-flex wp-block-buttons-is-layout-flex\">\n        <div class=\"wp-block-button is-style-secondary\">\n            <a class=\"wp-block-button__link wp-element-button\" aria-label=\"View posts in Longitudinal goal attainment with repeat injections of abobotulinumtoxinA in adults with lower limb spasticity: AboLiSh Study\" href=\"https:\/\/ipsen-academy.be\/nl\/blog\/2026\/03\/18\/longitudinal-goal-attainment-with-repeat-injections-of-abobotulinumtoxina-in-adults-with-lower-limb-spasticity-abolish-study\/\">\n                Meer info                <svg xmlns=\"http:\/\/www.w3.org\/2000\/svg\" width=\"9\" height=\"16\" fill=\"none\" aria-hidden=\"true\"><path stroke=\"currentColor\" stroke-width=\"1.2\" d=\"m.426 15.125 7.35-7.35L.424.425\" \/><\/svg>            <\/a>\n        <\/div>\n    <\/div>\n<\/div><\/div>\n<\/div>\n<\/div>\n                    <div class=\"wp-block-ipsen-query-loop__card\" data-filter-options=\"neurowetenschap patient-info\" data-wp-bind--hidden=\"state.isCardHidden\">\n    <div style=\"--block--post-card--header-overlay--background:#c84874\" class=\"--default-post-card wp-block-ipsen-post-card\" data-post-terms=\"Neurowetenschap, Informatie voor pati\u00ebnten\">\n    <div class=\"wp-block-ipsen-post-card__container\">\n    <div class=\"wp-block-ipsen-post-card__header\">\n                <div class=\"wp-block-ipsen-post-card__content\">\n                <p>oktober 1, 2025<\/p>\n            <h2 class=\"wp-block-ipsen-post-card__title\">\n    Leven met spasticiteit<\/h2>        <\/div>\n    <\/div>\n\n    <ul class=\"wp-block-ipsen-post-card__meta\">\n                    <li>Neurowetenschap, Informatie voor pati\u00ebnten<\/li>\n                <li>Time: 1 minuut leestijd<\/li>\n    <\/ul>\n\n    <div class=\"wp-block-ipsen-post-card__cta\">\n    <div class=\"wp-block-buttons is-layout-flex wp-block-buttons-is-layout-flex\">\n        <div class=\"wp-block-button is-style-secondary\">\n            <a class=\"wp-block-button__link wp-element-button\" aria-label=\"View posts in Leven met spasticiteit\" href=\"https:\/\/ipsen-academy.be\/nl\/blog\/2025\/10\/01\/leven-met-spasticiteit\/\">\n                Meer info                <svg xmlns=\"http:\/\/www.w3.org\/2000\/svg\" width=\"9\" height=\"16\" fill=\"none\" aria-hidden=\"true\"><path stroke=\"currentColor\" stroke-width=\"1.2\" d=\"m.426 15.125 7.35-7.35L.424.425\" \/><\/svg>            <\/a>\n        <\/div>\n    <\/div>\n<\/div><\/div>\n<\/div>\n<\/div>\n                    <div class=\"wp-block-ipsen-query-loop__card\" data-filter-options=\"neurowetenschap patient-info\" data-wp-bind--hidden=\"state.isCardHidden\">\n    <div style=\"--block--post-card--header-overlay--background:#c84874\" class=\"--default-post-card wp-block-ipsen-post-card\" data-post-terms=\"Neurowetenschap, Informatie voor pati\u00ebnten\">\n    <div class=\"wp-block-ipsen-post-card__container\">\n    <div class=\"wp-block-ipsen-post-card__header\">\n                <div class=\"wp-block-ipsen-post-card__content\">\n                <p>oktober 1, 2025<\/p>\n            <h2 class=\"wp-block-ipsen-post-card__title\">\n    Wat is spasticiteit<\/h2>        <\/div>\n    <\/div>\n\n    <ul class=\"wp-block-ipsen-post-card__meta\">\n                    <li>Neurowetenschap, Informatie voor pati\u00ebnten<\/li>\n                <li>Time: 1 minuut leestijd<\/li>\n    <\/ul>\n\n    <div class=\"wp-block-ipsen-post-card__cta\">\n    <div class=\"wp-block-buttons is-layout-flex wp-block-buttons-is-layout-flex\">\n        <div class=\"wp-block-button is-style-secondary\">\n            <a class=\"wp-block-button__link wp-element-button\" aria-label=\"View posts in Wat is spasticiteit\" href=\"https:\/\/ipsen-academy.be\/nl\/blog\/2025\/10\/01\/wat-is-spasticiteit\/\">\n                Meer info                <svg xmlns=\"http:\/\/www.w3.org\/2000\/svg\" width=\"9\" height=\"16\" fill=\"none\" aria-hidden=\"true\"><path stroke=\"currentColor\" stroke-width=\"1.2\" d=\"m.426 15.125 7.35-7.35L.424.425\" \/><\/svg>            <\/a>\n        <\/div>\n    <\/div>\n<\/div><\/div>\n<\/div>\n<\/div>\n                    <div class=\"wp-block-ipsen-query-loop__card\" data-filter-options=\"neurowetenschap patient-info\" data-wp-bind--hidden=\"state.isCardHidden\">\n    <div style=\"--block--post-card--header-overlay--background:#c84874\" class=\"--default-post-card wp-block-ipsen-post-card\" data-post-terms=\"Neurowetenschap, Informatie voor pati\u00ebnten\">\n    <div class=\"wp-block-ipsen-post-card__container\">\n    <div class=\"wp-block-ipsen-post-card__header\">\n                <div class=\"wp-block-ipsen-post-card__content\">\n                <p>oktober 1, 2025<\/p>\n            <h2 class=\"wp-block-ipsen-post-card__title\">\n    Pati\u00ebntengetuigenis<\/h2>        <\/div>\n    <\/div>\n\n    <ul class=\"wp-block-ipsen-post-card__meta\">\n                    <li>Neurowetenschap, Informatie voor pati\u00ebnten<\/li>\n                <li>Time: 1 minuut leestijd<\/li>\n    <\/ul>\n\n    <div class=\"wp-block-ipsen-post-card__cta\">\n    <div class=\"wp-block-buttons is-layout-flex wp-block-buttons-is-layout-flex\">\n        <div class=\"wp-block-button is-style-secondary\">\n            <a class=\"wp-block-button__link wp-element-button\" aria-label=\"View posts in Pati\u00ebntengetuigenis\" href=\"https:\/\/ipsen-academy.be\/nl\/blog\/2025\/10\/01\/patientengetuigenis\/\">\n                Meer info                <svg xmlns=\"http:\/\/www.w3.org\/2000\/svg\" width=\"9\" height=\"16\" fill=\"none\" aria-hidden=\"true\"><path stroke=\"currentColor\" stroke-width=\"1.2\" d=\"m.426 15.125 7.35-7.35L.424.425\" \/><\/svg>            <\/a>\n        <\/div>\n    <\/div>\n<\/div><\/div>\n<\/div>\n<\/div>\n                    <div class=\"wp-block-ipsen-query-loop__card\" data-filter-options=\"neurowetenschap patient-info\" data-wp-bind--hidden=\"state.isCardHidden\">\n    <div style=\"--block--post-card--header-overlay--background:#c84874\" class=\"--default-post-card wp-block-ipsen-post-card\" data-post-terms=\"Neurowetenschap, Informatie voor pati\u00ebnten\">\n    <div class=\"wp-block-ipsen-post-card__container\">\n    <div class=\"wp-block-ipsen-post-card__header\">\n                <div class=\"wp-block-ipsen-post-card__content\">\n                <p>oktober 1, 2025<\/p>\n            <h2 class=\"wp-block-ipsen-post-card__title\">\n    Behandelingsdoelen bespreken met je arts<\/h2>        <\/div>\n    <\/div>\n\n    <ul class=\"wp-block-ipsen-post-card__meta\">\n                    <li>Neurowetenschap, Informatie voor pati\u00ebnten<\/li>\n                <li>Time: 1 minuut leestijd<\/li>\n    <\/ul>\n\n    <div class=\"wp-block-ipsen-post-card__cta\">\n    <div class=\"wp-block-buttons is-layout-flex wp-block-buttons-is-layout-flex\">\n        <div class=\"wp-block-button is-style-secondary\">\n            <a class=\"wp-block-button__link wp-element-button\" aria-label=\"View posts in Behandelingsdoelen bespreken met je arts\" href=\"https:\/\/ipsen-academy.be\/nl\/blog\/2025\/10\/01\/behandelingsdoelen-bespreken-met-je-arts\/\">\n                Meer info                <svg xmlns=\"http:\/\/www.w3.org\/2000\/svg\" width=\"9\" height=\"16\" fill=\"none\" aria-hidden=\"true\"><path stroke=\"currentColor\" stroke-width=\"1.2\" d=\"m.426 15.125 7.35-7.35L.424.425\" \/><\/svg>            <\/a>\n        <\/div>\n    <\/div>\n<\/div><\/div>\n<\/div>\n<\/div>\n                    <div class=\"wp-block-ipsen-query-loop__card\" data-filter-options=\"neurowetenschap patient-info\" data-wp-bind--hidden=\"state.isCardHidden\">\n    <div style=\"--block--post-card--header-overlay--background:#c84874\" class=\"--default-post-card wp-block-ipsen-post-card\" data-post-terms=\"Neurowetenschap, Informatie voor pati\u00ebnten\">\n    <div class=\"wp-block-ipsen-post-card__container\">\n    <div class=\"wp-block-ipsen-post-card__header\">\n                <div class=\"wp-block-ipsen-post-card__content\">\n                <p>oktober 1, 2025<\/p>\n            <h2 class=\"wp-block-ipsen-post-card__title\">\n    Omgaan met prikangst<\/h2>        <\/div>\n    <\/div>\n\n    <ul class=\"wp-block-ipsen-post-card__meta\">\n                    <li>Neurowetenschap, Informatie voor pati\u00ebnten<\/li>\n                <li>Time: 1 minuut leestijd<\/li>\n    <\/ul>\n\n    <div class=\"wp-block-ipsen-post-card__cta\">\n    <div class=\"wp-block-buttons is-layout-flex wp-block-buttons-is-layout-flex\">\n        <div class=\"wp-block-button is-style-secondary\">\n            <a class=\"wp-block-button__link wp-element-button\" aria-label=\"View posts in Omgaan met prikangst\" href=\"https:\/\/ipsen-academy.be\/nl\/blog\/2025\/10\/01\/omgaan-met-prikangst\/\">\n                Meer info                <svg xmlns=\"http:\/\/www.w3.org\/2000\/svg\" width=\"9\" height=\"16\" fill=\"none\" aria-hidden=\"true\"><path stroke=\"currentColor\" stroke-width=\"1.2\" d=\"m.426 15.125 7.35-7.35L.424.425\" \/><\/svg>            <\/a>\n        <\/div>\n    <\/div>\n<\/div><\/div>\n<\/div>\n<\/div>\n                    <div class=\"wp-block-ipsen-query-loop__card\" data-filter-options=\"neurowetenschap patient-info\" data-wp-bind--hidden=\"state.isCardHidden\">\n    <div style=\"--block--post-card--header-overlay--background:#c84874\" class=\"--default-post-card wp-block-ipsen-post-card\" data-post-terms=\"Neurowetenschap, Informatie voor pati\u00ebnten\">\n    <div class=\"wp-block-ipsen-post-card__container\">\n    <div class=\"wp-block-ipsen-post-card__header\">\n                <div class=\"wp-block-ipsen-post-card__content\">\n                <p>oktober 1, 2025<\/p>\n            <h2 class=\"wp-block-ipsen-post-card__title\">\n    Behandeling van spasticiteit<\/h2>        <\/div>\n    <\/div>\n\n    <ul class=\"wp-block-ipsen-post-card__meta\">\n                    <li>Neurowetenschap, Informatie voor pati\u00ebnten<\/li>\n                <li>Time: 1 minuut leestijd<\/li>\n    <\/ul>\n\n    <div class=\"wp-block-ipsen-post-card__cta\">\n    <div class=\"wp-block-buttons is-layout-flex wp-block-buttons-is-layout-flex\">\n        <div class=\"wp-block-button is-style-secondary\">\n            <a class=\"wp-block-button__link wp-element-button\" aria-label=\"View posts in Behandeling van spasticiteit\" href=\"https:\/\/ipsen-academy.be\/nl\/blog\/2025\/10\/01\/behandeling-van-spasticiteit\/\">\n                Meer info                <svg xmlns=\"http:\/\/www.w3.org\/2000\/svg\" width=\"9\" height=\"16\" fill=\"none\" aria-hidden=\"true\"><path stroke=\"currentColor\" stroke-width=\"1.2\" d=\"m.426 15.125 7.35-7.35L.424.425\" \/><\/svg>            <\/a>\n        <\/div>\n    <\/div>\n<\/div><\/div>\n<\/div>\n<\/div>\n                    <div class=\"wp-block-ipsen-query-loop__card\" data-filter-options=\"niercelcarcinoom oncologie videos-pdfs-podcasts\" data-wp-bind--hidden=\"state.isCardHidden\">\n    <div style=\"--block--post-card--header-overlay--background:#2797d3\" class=\"--default-post-card wp-block-ipsen-post-card\" data-post-terms=\"Niercelcarcinoom, Oncologie, Videos, PDFs &amp; Podcasts\">\n    <div class=\"wp-block-ipsen-post-card__container\">\n    <div class=\"wp-block-ipsen-post-card__header\">\n            <div class=\"wp-block-ipsen-post-card__featured-image\">\n        \n<figure class=\"wp-block-ipsen-image\">\n    <div class=\"wp-block-ipsen-image__wrap\">\n        \n<picture>\n    <img src=\"https:\/\/ipsen-academy.be\/nl\/wp-content\/uploads\/sites\/6\/2025\/11\/academy-background-default.jpeg?w=1050&#038;h=591&#038;crop=1\" width=\"1050\" height=\"591\" srcset=\"https:\/\/ipsen-academy.be\/nl\/wp-content\/uploads\/sites\/6\/2025\/11\/academy-background-default.jpeg?resize=1050,591 1050w, https:\/\/ipsen-academy.be\/nl\/wp-content\/uploads\/sites\/6\/2025\/11\/academy-background-default.jpeg?resize=510,287 510w, https:\/\/ipsen-academy.be\/nl\/wp-content\/uploads\/sites\/6\/2025\/11\/academy-background-default.jpeg?resize=330,186 330w\" sizes=\"auto, (max-width: 1050px) 100vw, 1050px\" alt=\"\" decoding=\"async\" loading=\"lazy\" \/>\n<\/picture>\n            <\/div>\n    <\/figure>\n    <\/div>\n        <div class=\"wp-block-ipsen-post-card__content\">\n                <p>april 24, 2025<\/p>\n            <h2 class=\"wp-block-ipsen-post-card__title\">\n    EAU 2025 Highlights &#8211; RCC<\/h2>        <\/div>\n    <\/div>\n\n    <ul class=\"wp-block-ipsen-post-card__meta\">\n                    <li>Niercelcarcinoom, Oncologie, Videos, PDFs &amp; Podcasts<\/li>\n                <li>Time: 1 minuut leestijd<\/li>\n    <\/ul>\n\n    <div class=\"wp-block-ipsen-post-card__cta\">\n    <div class=\"wp-block-buttons is-layout-flex wp-block-buttons-is-layout-flex\">\n        <div class=\"wp-block-button is-style-secondary\">\n            <a class=\"wp-block-button__link wp-element-button\" aria-label=\"View posts in EAU 2025 Highlights - RCC\" href=\"https:\/\/ipsen-academy.be\/nl\/blog\/2025\/04\/24\/eau-2025-highlights-rcc\/\">\n                Meer info                <svg xmlns=\"http:\/\/www.w3.org\/2000\/svg\" width=\"9\" height=\"16\" fill=\"none\" aria-hidden=\"true\"><path stroke=\"currentColor\" stroke-width=\"1.2\" d=\"m.426 15.125 7.35-7.35L.424.425\" \/><\/svg>            <\/a>\n        <\/div>\n    <\/div>\n<\/div><\/div>\n<\/div>\n<\/div>\n                    <div class=\"wp-block-ipsen-query-loop__card\" data-filter-options=\"oncologie prostaatkanker videos-pdfs-podcasts\" data-wp-bind--hidden=\"state.isCardHidden\">\n    <div style=\"--block--post-card--header-overlay--background:#2797d3\" class=\"--default-post-card wp-block-ipsen-post-card\" data-post-terms=\"Oncologie, Prostaatkanker, Videos, PDFs &amp; Podcasts\">\n    <div class=\"wp-block-ipsen-post-card__container\">\n    <div class=\"wp-block-ipsen-post-card__header\">\n            <div class=\"wp-block-ipsen-post-card__featured-image\">\n        \n<figure class=\"wp-block-ipsen-image\">\n    <div class=\"wp-block-ipsen-image__wrap\">\n        \n<picture>\n    <img src=\"https:\/\/ipsen-academy.be\/nl\/wp-content\/uploads\/sites\/6\/2025\/11\/academy-background-default.jpeg?w=1050&#038;h=591&#038;crop=1\" width=\"1050\" height=\"591\" srcset=\"https:\/\/ipsen-academy.be\/nl\/wp-content\/uploads\/sites\/6\/2025\/11\/academy-background-default.jpeg?resize=1050,591 1050w, https:\/\/ipsen-academy.be\/nl\/wp-content\/uploads\/sites\/6\/2025\/11\/academy-background-default.jpeg?resize=510,287 510w, https:\/\/ipsen-academy.be\/nl\/wp-content\/uploads\/sites\/6\/2025\/11\/academy-background-default.jpeg?resize=330,186 330w\" sizes=\"auto, (max-width: 1050px) 100vw, 1050px\" alt=\"\" decoding=\"async\" loading=\"lazy\" \/>\n<\/picture>\n            <\/div>\n    <\/figure>\n    <\/div>\n        <div class=\"wp-block-ipsen-post-card__content\">\n                <p>april 24, 2025<\/p>\n            <h2 class=\"wp-block-ipsen-post-card__title\">\n    EAU 2025 Highlights &#8211; Prostate Cancer<\/h2>        <\/div>\n    <\/div>\n\n    <ul class=\"wp-block-ipsen-post-card__meta\">\n                    <li>Oncologie, Prostaatkanker, Videos, PDFs &amp; Podcasts<\/li>\n                <li>Time: 1 minuut leestijd<\/li>\n    <\/ul>\n\n    <div class=\"wp-block-ipsen-post-card__cta\">\n    <div class=\"wp-block-buttons is-layout-flex wp-block-buttons-is-layout-flex\">\n        <div class=\"wp-block-button is-style-secondary\">\n            <a class=\"wp-block-button__link wp-element-button\" aria-label=\"View posts in EAU 2025 Highlights - Prostate Cancer\" href=\"https:\/\/ipsen-academy.be\/nl\/blog\/2025\/04\/24\/eau-2025-highlights-prostate-cancer\/\">\n                Meer info                <svg xmlns=\"http:\/\/www.w3.org\/2000\/svg\" width=\"9\" height=\"16\" fill=\"none\" aria-hidden=\"true\"><path stroke=\"currentColor\" stroke-width=\"1.2\" d=\"m.426 15.125 7.35-7.35L.424.425\" \/><\/svg>            <\/a>\n        <\/div>\n    <\/div>\n<\/div><\/div>\n<\/div>\n<\/div>\n                    <div class=\"wp-block-ipsen-query-loop__card\" data-filter-options=\"oncologie urotheelkanker videos-pdfs-podcasts\" data-wp-bind--hidden=\"state.isCardHidden\">\n    <div style=\"--block--post-card--header-overlay--background:#2797d3\" class=\"--default-post-card wp-block-ipsen-post-card\" data-post-terms=\"Oncologie, Urotheelkanker, Videos, PDFs &amp; Podcasts\">\n    <div class=\"wp-block-ipsen-post-card__container\">\n    <div class=\"wp-block-ipsen-post-card__header\">\n            <div class=\"wp-block-ipsen-post-card__featured-image\">\n        \n<figure class=\"wp-block-ipsen-image\">\n    <div class=\"wp-block-ipsen-image__wrap\">\n        \n<picture>\n    <img src=\"https:\/\/ipsen-academy.be\/nl\/wp-content\/uploads\/sites\/6\/2025\/11\/academy-background-default.jpeg?w=1050&#038;h=591&#038;crop=1\" width=\"1050\" height=\"591\" srcset=\"https:\/\/ipsen-academy.be\/nl\/wp-content\/uploads\/sites\/6\/2025\/11\/academy-background-default.jpeg?resize=1050,591 1050w, https:\/\/ipsen-academy.be\/nl\/wp-content\/uploads\/sites\/6\/2025\/11\/academy-background-default.jpeg?resize=510,287 510w, https:\/\/ipsen-academy.be\/nl\/wp-content\/uploads\/sites\/6\/2025\/11\/academy-background-default.jpeg?resize=330,186 330w\" sizes=\"auto, (max-width: 1050px) 100vw, 1050px\" alt=\"\" decoding=\"async\" loading=\"lazy\" \/>\n<\/picture>\n            <\/div>\n    <\/figure>\n    <\/div>\n        <div class=\"wp-block-ipsen-post-card__content\">\n                <p>april 24, 2025<\/p>\n            <h2 class=\"wp-block-ipsen-post-card__title\">\n    EAU 2025 Highlights &#8211; Bladder Cancer<\/h2>        <\/div>\n    <\/div>\n\n    <ul class=\"wp-block-ipsen-post-card__meta\">\n                    <li>Oncologie, Urotheelkanker, Videos, PDFs &amp; Podcasts<\/li>\n                <li>Time: 1 minuut leestijd<\/li>\n    <\/ul>\n\n    <div class=\"wp-block-ipsen-post-card__cta\">\n    <div class=\"wp-block-buttons is-layout-flex wp-block-buttons-is-layout-flex\">\n        <div class=\"wp-block-button is-style-secondary\">\n            <a class=\"wp-block-button__link wp-element-button\" aria-label=\"View posts in EAU 2025 Highlights - Bladder Cancer\" href=\"https:\/\/ipsen-academy.be\/nl\/blog\/2025\/04\/24\/eau-2025-highlights-bladder-cancer\/\">\n                Meer info                <svg xmlns=\"http:\/\/www.w3.org\/2000\/svg\" width=\"9\" height=\"16\" fill=\"none\" aria-hidden=\"true\"><path stroke=\"currentColor\" stroke-width=\"1.2\" d=\"m.426 15.125 7.35-7.35L.424.425\" \/><\/svg>            <\/a>\n        <\/div>\n    <\/div>\n<\/div><\/div>\n<\/div>\n<\/div>\n                    <div class=\"wp-block-ipsen-query-loop__card\" data-filter-options=\"niercelcarcinoom oncologie videos-pdfs-podcasts\" data-wp-bind--hidden=\"state.isCardHidden\">\n    <div style=\"--block--post-card--header-overlay--background:#2797d3\" class=\"--default-post-card wp-block-ipsen-post-card\" data-post-terms=\"Niercelcarcinoom, Oncologie, Videos, PDFs &amp; Podcasts\">\n    <div class=\"wp-block-ipsen-post-card__container\">\n    <div class=\"wp-block-ipsen-post-card__header\">\n            <div class=\"wp-block-ipsen-post-card__featured-image\">\n        \n<figure class=\"wp-block-ipsen-image\">\n    <div class=\"wp-block-ipsen-image__wrap\">\n        \n<picture>\n    <img src=\"https:\/\/ipsen-academy.be\/nl\/wp-content\/uploads\/sites\/6\/2025\/11\/academy-background-default.jpeg?w=1050&#038;h=591&#038;crop=1\" width=\"1050\" height=\"591\" srcset=\"https:\/\/ipsen-academy.be\/nl\/wp-content\/uploads\/sites\/6\/2025\/11\/academy-background-default.jpeg?resize=1050,591 1050w, https:\/\/ipsen-academy.be\/nl\/wp-content\/uploads\/sites\/6\/2025\/11\/academy-background-default.jpeg?resize=510,287 510w, https:\/\/ipsen-academy.be\/nl\/wp-content\/uploads\/sites\/6\/2025\/11\/academy-background-default.jpeg?resize=330,186 330w\" sizes=\"auto, (max-width: 1050px) 100vw, 1050px\" alt=\"\" decoding=\"async\" loading=\"lazy\" \/>\n<\/picture>\n            <\/div>\n    <\/figure>\n    <\/div>\n        <div class=\"wp-block-ipsen-post-card__content\">\n                <p>maart 7, 2025<\/p>\n            <h2 class=\"wp-block-ipsen-post-card__title\">\n    ASCO GU 2025 Highlights &#8211; RCC<\/h2>        <\/div>\n    <\/div>\n\n    <ul class=\"wp-block-ipsen-post-card__meta\">\n                    <li>Niercelcarcinoom, Oncologie, Videos, PDFs &amp; Podcasts<\/li>\n                <li>Time: 1 minuut leestijd<\/li>\n    <\/ul>\n\n    <div class=\"wp-block-ipsen-post-card__cta\">\n    <div class=\"wp-block-buttons is-layout-flex wp-block-buttons-is-layout-flex\">\n        <div class=\"wp-block-button is-style-secondary\">\n            <a class=\"wp-block-button__link wp-element-button\" aria-label=\"View posts in ASCO GU 2025 Highlights - RCC\" href=\"https:\/\/ipsen-academy.be\/nl\/blog\/2025\/03\/07\/asco-gu-2025-highlights-rcc\/\">\n                Meer info                <svg xmlns=\"http:\/\/www.w3.org\/2000\/svg\" width=\"9\" height=\"16\" fill=\"none\" aria-hidden=\"true\"><path stroke=\"currentColor\" stroke-width=\"1.2\" d=\"m.426 15.125 7.35-7.35L.424.425\" \/><\/svg>            <\/a>\n        <\/div>\n    <\/div>\n<\/div><\/div>\n<\/div>\n<\/div>\n                    <div class=\"wp-block-ipsen-query-loop__card\" data-filter-options=\"oncologie prostaatkanker videos-pdfs-podcasts\" data-wp-bind--hidden=\"state.isCardHidden\">\n    <div style=\"--block--post-card--header-overlay--background:#2797d3\" class=\"--default-post-card wp-block-ipsen-post-card\" data-post-terms=\"Oncologie, Prostaatkanker, Videos, PDFs &amp; Podcasts\">\n    <div class=\"wp-block-ipsen-post-card__container\">\n    <div class=\"wp-block-ipsen-post-card__header\">\n            <div class=\"wp-block-ipsen-post-card__featured-image\">\n        \n<figure class=\"wp-block-ipsen-image\">\n    <div class=\"wp-block-ipsen-image__wrap\">\n        \n<picture>\n    <img src=\"https:\/\/ipsen-academy.be\/nl\/wp-content\/uploads\/sites\/6\/2025\/11\/academy-background-default.jpeg?w=1050&#038;h=591&#038;crop=1\" width=\"1050\" height=\"591\" srcset=\"https:\/\/ipsen-academy.be\/nl\/wp-content\/uploads\/sites\/6\/2025\/11\/academy-background-default.jpeg?resize=1050,591 1050w, https:\/\/ipsen-academy.be\/nl\/wp-content\/uploads\/sites\/6\/2025\/11\/academy-background-default.jpeg?resize=510,287 510w, https:\/\/ipsen-academy.be\/nl\/wp-content\/uploads\/sites\/6\/2025\/11\/academy-background-default.jpeg?resize=330,186 330w\" sizes=\"auto, (max-width: 1050px) 100vw, 1050px\" alt=\"\" decoding=\"async\" loading=\"lazy\" \/>\n<\/picture>\n            <\/div>\n    <\/figure>\n    <\/div>\n        <div class=\"wp-block-ipsen-post-card__content\">\n                <p>maart 7, 2025<\/p>\n            <h2 class=\"wp-block-ipsen-post-card__title\">\n    ASCO GU 2025 Highlights &#8211; Prostate Cancer<\/h2>        <\/div>\n    <\/div>\n\n    <ul class=\"wp-block-ipsen-post-card__meta\">\n                    <li>Oncologie, Prostaatkanker, Videos, PDFs &amp; Podcasts<\/li>\n                <li>Time: 1 minuut leestijd<\/li>\n    <\/ul>\n\n    <div class=\"wp-block-ipsen-post-card__cta\">\n    <div class=\"wp-block-buttons is-layout-flex wp-block-buttons-is-layout-flex\">\n        <div class=\"wp-block-button is-style-secondary\">\n            <a class=\"wp-block-button__link wp-element-button\" aria-label=\"View posts in ASCO GU 2025 Highlights - Prostate Cancer\" href=\"https:\/\/ipsen-academy.be\/nl\/blog\/2025\/03\/07\/asco-gu-2025-highlights-prostate-cancer\/\">\n                Meer info                <svg xmlns=\"http:\/\/www.w3.org\/2000\/svg\" width=\"9\" height=\"16\" fill=\"none\" aria-hidden=\"true\"><path stroke=\"currentColor\" stroke-width=\"1.2\" d=\"m.426 15.125 7.35-7.35L.424.425\" \/><\/svg>            <\/a>\n        <\/div>\n    <\/div>\n<\/div><\/div>\n<\/div>\n<\/div>\n                    <div class=\"wp-block-ipsen-query-loop__card\" data-filter-options=\"oncologie urotheelkanker videos-pdfs-podcasts\" data-wp-bind--hidden=\"state.isCardHidden\">\n    <div style=\"--block--post-card--header-overlay--background:#2797d3\" class=\"--default-post-card wp-block-ipsen-post-card\" data-post-terms=\"Oncologie, Urotheelkanker, Videos, PDFs &amp; Podcasts\">\n    <div class=\"wp-block-ipsen-post-card__container\">\n    <div class=\"wp-block-ipsen-post-card__header\">\n            <div class=\"wp-block-ipsen-post-card__featured-image\">\n        \n<figure class=\"wp-block-ipsen-image\">\n    <div class=\"wp-block-ipsen-image__wrap\">\n        \n<picture>\n    <img src=\"https:\/\/ipsen-academy.be\/nl\/wp-content\/uploads\/sites\/6\/2025\/11\/academy-background-default.jpeg?w=1050&#038;h=591&#038;crop=1\" width=\"1050\" height=\"591\" srcset=\"https:\/\/ipsen-academy.be\/nl\/wp-content\/uploads\/sites\/6\/2025\/11\/academy-background-default.jpeg?resize=1050,591 1050w, https:\/\/ipsen-academy.be\/nl\/wp-content\/uploads\/sites\/6\/2025\/11\/academy-background-default.jpeg?resize=510,287 510w, https:\/\/ipsen-academy.be\/nl\/wp-content\/uploads\/sites\/6\/2025\/11\/academy-background-default.jpeg?resize=330,186 330w\" sizes=\"auto, (max-width: 1050px) 100vw, 1050px\" alt=\"\" decoding=\"async\" loading=\"lazy\" \/>\n<\/picture>\n            <\/div>\n    <\/figure>\n    <\/div>\n        <div class=\"wp-block-ipsen-post-card__content\">\n                <p>maart 7, 2025<\/p>\n            <h2 class=\"wp-block-ipsen-post-card__title\">\n    ASCO GU 2025 Highlights &#8211; Bladder Cancer<\/h2>        <\/div>\n    <\/div>\n\n    <ul class=\"wp-block-ipsen-post-card__meta\">\n                    <li>Oncologie, Urotheelkanker, Videos, PDFs &amp; Podcasts<\/li>\n                <li>Time: 1 minuut leestijd<\/li>\n    <\/ul>\n\n    <div class=\"wp-block-ipsen-post-card__cta\">\n    <div class=\"wp-block-buttons is-layout-flex wp-block-buttons-is-layout-flex\">\n        <div class=\"wp-block-button is-style-secondary\">\n            <a class=\"wp-block-button__link wp-element-button\" aria-label=\"View posts in ASCO GU 2025 Highlights - Bladder Cancer\" href=\"https:\/\/ipsen-academy.be\/nl\/blog\/2025\/03\/07\/asco-gu-2025-highlights-bladder-cancer\/\">\n                Meer info                <svg xmlns=\"http:\/\/www.w3.org\/2000\/svg\" width=\"9\" height=\"16\" fill=\"none\" aria-hidden=\"true\"><path stroke=\"currentColor\" stroke-width=\"1.2\" d=\"m.426 15.125 7.35-7.35L.424.425\" \/><\/svg>            <\/a>\n        <\/div>\n    <\/div>\n<\/div><\/div>\n<\/div>\n<\/div>\n                    <div class=\"wp-block-ipsen-query-loop__card\" data-filter-options=\"zeldzame-ziekten syndroom-van-alagille-algs videos-pdfs-podcasts\" data-wp-bind--hidden=\"state.isCardHidden\">\n    <div style=\"--block--post-card--header-overlay--background:#86425a\" class=\"--default-post-card wp-block-ipsen-post-card\" data-post-terms=\"Zeldzame Ziekten, Syndroom van Alagille (ALGS), Videos, PDFs &amp; Podcasts\">\n    <div class=\"wp-block-ipsen-post-card__container\">\n    <div class=\"wp-block-ipsen-post-card__header\">\n            <div class=\"wp-block-ipsen-post-card__featured-image\">\n        \n<figure class=\"wp-block-ipsen-image\">\n    <div class=\"wp-block-ipsen-image__wrap\">\n        \n<picture>\n    <img src=\"https:\/\/ipsen-academy.be\/nl\/wp-content\/uploads\/sites\/6\/2025\/08\/imgi_18_Ipsen-Academy-backgrounds_Header-scaled-1.jpg?w=1050&#038;h=591&#038;crop=1\" width=\"1050\" height=\"591\" srcset=\"https:\/\/ipsen-academy.be\/nl\/wp-content\/uploads\/sites\/6\/2025\/08\/imgi_18_Ipsen-Academy-backgrounds_Header-scaled-1.jpg?resize=1050,591 1050w, https:\/\/ipsen-academy.be\/nl\/wp-content\/uploads\/sites\/6\/2025\/08\/imgi_18_Ipsen-Academy-backgrounds_Header-scaled-1.jpg?resize=510,287 510w, https:\/\/ipsen-academy.be\/nl\/wp-content\/uploads\/sites\/6\/2025\/08\/imgi_18_Ipsen-Academy-backgrounds_Header-scaled-1.jpg?resize=330,186 330w\" sizes=\"auto, (max-width: 1050px) 100vw, 1050px\" alt=\"\" decoding=\"async\" loading=\"lazy\" \/>\n<\/picture>\n            <\/div>\n    <\/figure>\n    <\/div>\n        <div class=\"wp-block-ipsen-post-card__content\">\n                <p>januari 27, 2025<\/p>\n            <h2 class=\"wp-block-ipsen-post-card__title\">\n    Understanding ALGS: Clinical presentation and symptoms<\/h2>        <\/div>\n    <\/div>\n\n    <ul class=\"wp-block-ipsen-post-card__meta\">\n                    <li>Zeldzame Ziekten, Syndroom van Alagille (ALGS), Videos, PDFs &amp; Podcasts<\/li>\n                <li>Time: 1 minuut leestijd<\/li>\n    <\/ul>\n\n    <div class=\"wp-block-ipsen-post-card__cta\">\n    <div class=\"wp-block-buttons is-layout-flex wp-block-buttons-is-layout-flex\">\n        <div class=\"wp-block-button is-style-secondary\">\n            <a class=\"wp-block-button__link wp-element-button\" aria-label=\"View posts in Understanding ALGS: Clinical presentation and symptoms\" href=\"https:\/\/ipsen-academy.be\/nl\/blog\/2025\/01\/27\/understanding-algs-clinical-presentation-and-symptoms-2\/\">\n                Meer info                <svg xmlns=\"http:\/\/www.w3.org\/2000\/svg\" width=\"9\" height=\"16\" fill=\"none\" aria-hidden=\"true\"><path stroke=\"currentColor\" stroke-width=\"1.2\" d=\"m.426 15.125 7.35-7.35L.424.425\" \/><\/svg>            <\/a>\n        <\/div>\n    <\/div>\n<\/div><\/div>\n<\/div>\n<\/div>\n                    <div class=\"wp-block-ipsen-query-loop__card\" data-filter-options=\"zeldzame-ziekten progressieve-familiale-intrahepatische-cholestase-pfic videos-pdfs-podcasts\" data-wp-bind--hidden=\"state.isCardHidden\">\n    <div style=\"--block--post-card--header-overlay--background:#86425a\" class=\"--default-post-card wp-block-ipsen-post-card\" data-post-terms=\"Zeldzame Ziekten, Progressieve Familiale Intrahepatische Cholestase (PFIC), Videos, PDFs &amp; Podcasts\">\n    <div class=\"wp-block-ipsen-post-card__container\">\n    <div class=\"wp-block-ipsen-post-card__header\">\n            <div class=\"wp-block-ipsen-post-card__featured-image\">\n        \n<figure class=\"wp-block-ipsen-image\">\n    <div class=\"wp-block-ipsen-image__wrap\">\n        \n<picture>\n    <img src=\"https:\/\/ipsen-academy.be\/nl\/wp-content\/uploads\/sites\/6\/2025\/11\/academy-background-default.jpeg?w=1050&#038;h=591&#038;crop=1\" width=\"1050\" height=\"591\" srcset=\"https:\/\/ipsen-academy.be\/nl\/wp-content\/uploads\/sites\/6\/2025\/11\/academy-background-default.jpeg?resize=1050,591 1050w, https:\/\/ipsen-academy.be\/nl\/wp-content\/uploads\/sites\/6\/2025\/11\/academy-background-default.jpeg?resize=510,287 510w, https:\/\/ipsen-academy.be\/nl\/wp-content\/uploads\/sites\/6\/2025\/11\/academy-background-default.jpeg?resize=330,186 330w\" sizes=\"auto, (max-width: 1050px) 100vw, 1050px\" alt=\"\" decoding=\"async\" loading=\"lazy\" \/>\n<\/picture>\n            <\/div>\n    <\/figure>\n    <\/div>\n        <div class=\"wp-block-ipsen-post-card__content\">\n                <p>januari 27, 2025<\/p>\n            <h2 class=\"wp-block-ipsen-post-card__title\">\n    Understanding PFIC: Clinical presentation and Symptoms<\/h2>        <\/div>\n    <\/div>\n\n    <ul class=\"wp-block-ipsen-post-card__meta\">\n                    <li>Zeldzame Ziekten, Progressieve Familiale Intrahepatische Cholestase (PFIC), Videos, PDFs &amp; Podcasts<\/li>\n                <li>Time: 1 minuut leestijd<\/li>\n    <\/ul>\n\n    <div class=\"wp-block-ipsen-post-card__cta\">\n    <div class=\"wp-block-buttons is-layout-flex wp-block-buttons-is-layout-flex\">\n        <div class=\"wp-block-button is-style-secondary\">\n            <a class=\"wp-block-button__link wp-element-button\" aria-label=\"View posts in Understanding PFIC: Clinical presentation and Symptoms\" href=\"https:\/\/ipsen-academy.be\/nl\/blog\/2025\/01\/27\/understanding-pfic-clinical-presentation-and-symptoms\/\">\n                Meer info                <svg xmlns=\"http:\/\/www.w3.org\/2000\/svg\" width=\"9\" height=\"16\" fill=\"none\" aria-hidden=\"true\"><path stroke=\"currentColor\" stroke-width=\"1.2\" d=\"m.426 15.125 7.35-7.35L.424.425\" \/><\/svg>            <\/a>\n        <\/div>\n    <\/div>\n<\/div><\/div>\n<\/div>\n<\/div>\n                    <div class=\"wp-block-ipsen-query-loop__card\" data-filter-options=\"zeldzame-ziekten progressieve-familiale-intrahepatische-cholestase-pfic videos-pdfs-podcasts\" data-wp-bind--hidden=\"state.isCardHidden\">\n    <div style=\"--block--post-card--header-overlay--background:#86425a\" class=\"--default-post-card wp-block-ipsen-post-card\" data-post-terms=\"Zeldzame Ziekten, Progressieve Familiale Intrahepatische Cholestase (PFIC), Videos, PDFs &amp; Podcasts\">\n    <div class=\"wp-block-ipsen-post-card__container\">\n    <div class=\"wp-block-ipsen-post-card__header\">\n            <div class=\"wp-block-ipsen-post-card__featured-image\">\n        \n<figure class=\"wp-block-ipsen-image\">\n    <div class=\"wp-block-ipsen-image__wrap\">\n        \n<picture>\n    <img src=\"https:\/\/ipsen-academy.be\/nl\/wp-content\/uploads\/sites\/6\/2025\/11\/academy-background-default.jpeg?w=1050&#038;h=591&#038;crop=1\" width=\"1050\" height=\"591\" srcset=\"https:\/\/ipsen-academy.be\/nl\/wp-content\/uploads\/sites\/6\/2025\/11\/academy-background-default.jpeg?resize=1050,591 1050w, https:\/\/ipsen-academy.be\/nl\/wp-content\/uploads\/sites\/6\/2025\/11\/academy-background-default.jpeg?resize=510,287 510w, https:\/\/ipsen-academy.be\/nl\/wp-content\/uploads\/sites\/6\/2025\/11\/academy-background-default.jpeg?resize=330,186 330w\" sizes=\"auto, (max-width: 1050px) 100vw, 1050px\" alt=\"\" decoding=\"async\" loading=\"lazy\" \/>\n<\/picture>\n            <\/div>\n    <\/figure>\n    <\/div>\n        <div class=\"wp-block-ipsen-post-card__content\">\n                <p>januari 27, 2025<\/p>\n            <h2 class=\"wp-block-ipsen-post-card__title\">\n    Genetic Cholestasis: Pharmacological treatment options<\/h2>        <\/div>\n    <\/div>\n\n    <ul class=\"wp-block-ipsen-post-card__meta\">\n                    <li>Zeldzame Ziekten, Progressieve Familiale Intrahepatische Cholestase (PFIC), Videos, PDFs &amp; Podcasts<\/li>\n                <li>Time: 1 minuut leestijd<\/li>\n    <\/ul>\n\n    <div class=\"wp-block-ipsen-post-card__cta\">\n    <div class=\"wp-block-buttons is-layout-flex wp-block-buttons-is-layout-flex\">\n        <div class=\"wp-block-button is-style-secondary\">\n            <a class=\"wp-block-button__link wp-element-button\" aria-label=\"View posts in Genetic Cholestasis: Pharmacological treatment options\" href=\"https:\/\/ipsen-academy.be\/nl\/blog\/2025\/01\/27\/genetic-cholestasis-pharmacological-treatment-options\/\">\n                Meer info                <svg xmlns=\"http:\/\/www.w3.org\/2000\/svg\" width=\"9\" height=\"16\" fill=\"none\" aria-hidden=\"true\"><path stroke=\"currentColor\" stroke-width=\"1.2\" d=\"m.426 15.125 7.35-7.35L.424.425\" \/><\/svg>            <\/a>\n        <\/div>\n    <\/div>\n<\/div><\/div>\n<\/div>\n<\/div>\n                    <div class=\"wp-block-ipsen-query-loop__card\" data-filter-options=\"zeldzame-ziekten progressieve-familiale-intrahepatische-cholestase-pfic videos-pdfs-podcasts\" data-wp-bind--hidden=\"state.isCardHidden\">\n    <div style=\"--block--post-card--header-overlay--background:#86425a\" class=\"--default-post-card wp-block-ipsen-post-card\" data-post-terms=\"Zeldzame Ziekten, Progressieve Familiale Intrahepatische Cholestase (PFIC), Videos, PDFs &amp; Podcasts\">\n    <div class=\"wp-block-ipsen-post-card__container\">\n    <div class=\"wp-block-ipsen-post-card__header\">\n            <div class=\"wp-block-ipsen-post-card__featured-image\">\n        \n<figure class=\"wp-block-ipsen-image\">\n    <div class=\"wp-block-ipsen-image__wrap\">\n        \n<picture>\n    <img src=\"https:\/\/ipsen-academy.be\/nl\/wp-content\/uploads\/sites\/6\/2025\/11\/academy-background-default.jpeg?w=1050&#038;h=591&#038;crop=1\" width=\"1050\" height=\"591\" srcset=\"https:\/\/ipsen-academy.be\/nl\/wp-content\/uploads\/sites\/6\/2025\/11\/academy-background-default.jpeg?resize=1050,591 1050w, https:\/\/ipsen-academy.be\/nl\/wp-content\/uploads\/sites\/6\/2025\/11\/academy-background-default.jpeg?resize=510,287 510w, https:\/\/ipsen-academy.be\/nl\/wp-content\/uploads\/sites\/6\/2025\/11\/academy-background-default.jpeg?resize=330,186 330w\" sizes=\"auto, (max-width: 1050px) 100vw, 1050px\" alt=\"\" decoding=\"async\" loading=\"lazy\" \/>\n<\/picture>\n            <\/div>\n    <\/figure>\n    <\/div>\n        <div class=\"wp-block-ipsen-post-card__content\">\n                <p>januari 27, 2025<\/p>\n            <h2 class=\"wp-block-ipsen-post-card__title\">\n    Liver transplantation for patients with cholestatic liver diseases<\/h2>        <\/div>\n    <\/div>\n\n    <ul class=\"wp-block-ipsen-post-card__meta\">\n                    <li>Zeldzame Ziekten, Progressieve Familiale Intrahepatische Cholestase (PFIC), Videos, PDFs &amp; Podcasts<\/li>\n                <li>Time: 1 minuut leestijd<\/li>\n    <\/ul>\n\n    <div class=\"wp-block-ipsen-post-card__cta\">\n    <div class=\"wp-block-buttons is-layout-flex wp-block-buttons-is-layout-flex\">\n        <div class=\"wp-block-button is-style-secondary\">\n            <a class=\"wp-block-button__link wp-element-button\" aria-label=\"View posts in Liver transplantation for patients with cholestatic liver diseases\" href=\"https:\/\/ipsen-academy.be\/nl\/blog\/2025\/01\/27\/liver-transplantation-for-patients-with-cholestatic-liver-diseases\/\">\n                Meer info                <svg xmlns=\"http:\/\/www.w3.org\/2000\/svg\" width=\"9\" height=\"16\" fill=\"none\" aria-hidden=\"true\"><path stroke=\"currentColor\" stroke-width=\"1.2\" d=\"m.426 15.125 7.35-7.35L.424.425\" \/><\/svg>            <\/a>\n        <\/div>\n    <\/div>\n<\/div><\/div>\n<\/div>\n<\/div>\n                    <div class=\"wp-block-ipsen-query-loop__card\" data-filter-options=\"zeldzame-ziekten progressieve-familiale-intrahepatische-cholestase-pfic videos-pdfs-podcasts\" data-wp-bind--hidden=\"state.isCardHidden\">\n    <div style=\"--block--post-card--header-overlay--background:#86425a\" class=\"--default-post-card wp-block-ipsen-post-card\" data-post-terms=\"Zeldzame Ziekten, Progressieve Familiale Intrahepatische Cholestase (PFIC), Videos, PDFs &amp; Podcasts\">\n    <div class=\"wp-block-ipsen-post-card__container\">\n    <div class=\"wp-block-ipsen-post-card__header\">\n            <div class=\"wp-block-ipsen-post-card__featured-image\">\n        \n<figure class=\"wp-block-ipsen-image\">\n    <div class=\"wp-block-ipsen-image__wrap\">\n        \n<picture>\n    <img src=\"https:\/\/ipsen-academy.be\/nl\/wp-content\/uploads\/sites\/6\/2025\/11\/academy-background-default.jpeg?w=1050&#038;h=591&#038;crop=1\" width=\"1050\" height=\"591\" srcset=\"https:\/\/ipsen-academy.be\/nl\/wp-content\/uploads\/sites\/6\/2025\/11\/academy-background-default.jpeg?resize=1050,591 1050w, https:\/\/ipsen-academy.be\/nl\/wp-content\/uploads\/sites\/6\/2025\/11\/academy-background-default.jpeg?resize=510,287 510w, https:\/\/ipsen-academy.be\/nl\/wp-content\/uploads\/sites\/6\/2025\/11\/academy-background-default.jpeg?resize=330,186 330w\" sizes=\"auto, (max-width: 1050px) 100vw, 1050px\" alt=\"\" decoding=\"async\" loading=\"lazy\" \/>\n<\/picture>\n            <\/div>\n    <\/figure>\n    <\/div>\n        <div class=\"wp-block-ipsen-post-card__content\">\n                <p>januari 27, 2025<\/p>\n            <h2 class=\"wp-block-ipsen-post-card__title\">\n    Challenges in the diagnosis of adults with cholestatic liver disease<\/h2>        <\/div>\n    <\/div>\n\n    <ul class=\"wp-block-ipsen-post-card__meta\">\n                    <li>Zeldzame Ziekten, Progressieve Familiale Intrahepatische Cholestase (PFIC), Videos, PDFs &amp; Podcasts<\/li>\n                <li>Time: 1 minuut leestijd<\/li>\n    <\/ul>\n\n    <div class=\"wp-block-ipsen-post-card__cta\">\n    <div class=\"wp-block-buttons is-layout-flex wp-block-buttons-is-layout-flex\">\n        <div class=\"wp-block-button is-style-secondary\">\n            <a class=\"wp-block-button__link wp-element-button\" aria-label=\"View posts in Challenges in the diagnosis of adults with cholestatic liver disease\" href=\"https:\/\/ipsen-academy.be\/nl\/blog\/2025\/01\/27\/challenges-in-the-diagnosis-of-adults-with-cholestatic-liver-disease\/\">\n                Meer info                <svg xmlns=\"http:\/\/www.w3.org\/2000\/svg\" width=\"9\" height=\"16\" fill=\"none\" aria-hidden=\"true\"><path stroke=\"currentColor\" stroke-width=\"1.2\" d=\"m.426 15.125 7.35-7.35L.424.425\" \/><\/svg>            <\/a>\n        <\/div>\n    <\/div>\n<\/div><\/div>\n<\/div>\n<\/div>\n                    <div class=\"wp-block-ipsen-query-loop__card\" data-filter-options=\"zeldzame-ziekten progressieve-familiale-intrahepatische-cholestase-pfic videos-pdfs-podcasts\" data-wp-bind--hidden=\"state.isCardHidden\">\n    <div style=\"--block--post-card--header-overlay--background:#86425a\" class=\"--default-post-card wp-block-ipsen-post-card\" data-post-terms=\"Zeldzame Ziekten, Progressieve Familiale Intrahepatische Cholestase (PFIC), Videos, PDFs &amp; Podcasts\">\n    <div class=\"wp-block-ipsen-post-card__container\">\n    <div class=\"wp-block-ipsen-post-card__header\">\n            <div class=\"wp-block-ipsen-post-card__featured-image\">\n        \n<figure class=\"wp-block-ipsen-image\">\n    <div class=\"wp-block-ipsen-image__wrap\">\n        \n<picture>\n    <img src=\"https:\/\/ipsen-academy.be\/nl\/wp-content\/uploads\/sites\/6\/2025\/11\/academy-background-default.jpeg?w=1050&#038;h=591&#038;crop=1\" width=\"1050\" height=\"591\" srcset=\"https:\/\/ipsen-academy.be\/nl\/wp-content\/uploads\/sites\/6\/2025\/11\/academy-background-default.jpeg?resize=1050,591 1050w, https:\/\/ipsen-academy.be\/nl\/wp-content\/uploads\/sites\/6\/2025\/11\/academy-background-default.jpeg?resize=510,287 510w, https:\/\/ipsen-academy.be\/nl\/wp-content\/uploads\/sites\/6\/2025\/11\/academy-background-default.jpeg?resize=330,186 330w\" sizes=\"auto, (max-width: 1050px) 100vw, 1050px\" alt=\"\" decoding=\"async\" loading=\"lazy\" \/>\n<\/picture>\n            <\/div>\n    <\/figure>\n    <\/div>\n        <div class=\"wp-block-ipsen-post-card__content\">\n                <p>januari 25, 2025<\/p>\n            <h2 class=\"wp-block-ipsen-post-card__title\">\n    Genetic cholestasis: How to diagnose?<\/h2>        <\/div>\n    <\/div>\n\n    <ul class=\"wp-block-ipsen-post-card__meta\">\n                    <li>Zeldzame Ziekten, Progressieve Familiale Intrahepatische Cholestase (PFIC), Videos, PDFs &amp; Podcasts<\/li>\n                <li>Time: 1 minuut leestijd<\/li>\n    <\/ul>\n\n    <div class=\"wp-block-ipsen-post-card__cta\">\n    <div class=\"wp-block-buttons is-layout-flex wp-block-buttons-is-layout-flex\">\n        <div class=\"wp-block-button is-style-secondary\">\n            <a class=\"wp-block-button__link wp-element-button\" aria-label=\"View posts in Genetic cholestasis: How to diagnose?\" href=\"https:\/\/ipsen-academy.be\/nl\/blog\/2025\/01\/25\/genetic-cholestasis-how-to-diagnose-2\/\">\n                Meer info                <svg xmlns=\"http:\/\/www.w3.org\/2000\/svg\" width=\"9\" height=\"16\" fill=\"none\" aria-hidden=\"true\"><path stroke=\"currentColor\" stroke-width=\"1.2\" d=\"m.426 15.125 7.35-7.35L.424.425\" \/><\/svg>            <\/a>\n        <\/div>\n    <\/div>\n<\/div><\/div>\n<\/div>\n<\/div>\n                    <div class=\"wp-block-ipsen-query-loop__card\" data-filter-options=\"oncologie prostaatkanker patient-info videos-pdfs-podcasts\" data-wp-bind--hidden=\"state.isCardHidden\">\n    <div style=\"--block--post-card--header-overlay--background:#2797d3\" class=\"--default-post-card wp-block-ipsen-post-card\" data-post-terms=\"Oncologie, Prostaatkanker, Informatie voor pati\u00ebnten, Videos, PDFs &amp; Podcasts\">\n    <div class=\"wp-block-ipsen-post-card__container\">\n    <div class=\"wp-block-ipsen-post-card__header\">\n            <div class=\"wp-block-ipsen-post-card__featured-image\">\n        \n<figure class=\"wp-block-ipsen-image\">\n    <div class=\"wp-block-ipsen-image__wrap\">\n        \n<picture>\n    <img src=\"https:\/\/ipsen-academy.be\/nl\/wp-content\/uploads\/sites\/6\/2025\/11\/academy-background-default.jpeg?w=1050&#038;h=591&#038;crop=1\" width=\"1050\" height=\"591\" srcset=\"https:\/\/ipsen-academy.be\/nl\/wp-content\/uploads\/sites\/6\/2025\/11\/academy-background-default.jpeg?resize=1050,591 1050w, https:\/\/ipsen-academy.be\/nl\/wp-content\/uploads\/sites\/6\/2025\/11\/academy-background-default.jpeg?resize=510,287 510w, https:\/\/ipsen-academy.be\/nl\/wp-content\/uploads\/sites\/6\/2025\/11\/academy-background-default.jpeg?resize=330,186 330w\" sizes=\"auto, (max-width: 1050px) 100vw, 1050px\" alt=\"\" decoding=\"async\" loading=\"lazy\" \/>\n<\/picture>\n            <\/div>\n    <\/figure>\n    <\/div>\n        <div class=\"wp-block-ipsen-post-card__content\">\n                <p>november 22, 2024<\/p>\n            <h2 class=\"wp-block-ipsen-post-card__title\">\n    Filmpje voor pati\u00ebnten over TNM classificatie van prostaatkanker<\/h2>        <\/div>\n    <\/div>\n\n    <ul class=\"wp-block-ipsen-post-card__meta\">\n                    <li>Oncologie, Prostaatkanker, Informatie voor pati\u00ebnten, Videos, PDFs &amp; Podcasts<\/li>\n                <li>Time: 1 minuut leestijd<\/li>\n    <\/ul>\n\n    <div class=\"wp-block-ipsen-post-card__cta\">\n    <div class=\"wp-block-buttons is-layout-flex wp-block-buttons-is-layout-flex\">\n        <div class=\"wp-block-button is-style-secondary\">\n            <a class=\"wp-block-button__link wp-element-button\" aria-label=\"View posts in Filmpje voor pati\u00ebnten over TNM classificatie van prostaatkanker\" href=\"https:\/\/ipsen-academy.be\/nl\/blog\/2024\/11\/22\/filmpje-voor-patienten-over-tnm-classificatie-van-prostaatkanker-3\/\">\n                Meer info                <svg xmlns=\"http:\/\/www.w3.org\/2000\/svg\" width=\"9\" height=\"16\" fill=\"none\" aria-hidden=\"true\"><path stroke=\"currentColor\" stroke-width=\"1.2\" d=\"m.426 15.125 7.35-7.35L.424.425\" \/><\/svg>            <\/a>\n        <\/div>\n    <\/div>\n<\/div><\/div>\n<\/div>\n<\/div>\n                    <div class=\"wp-block-ipsen-query-loop__card\" data-filter-options=\"zeldzame-ziekten primaire-biliaire-cholangitis-pbc videos-pdfs-podcasts\" data-wp-bind--hidden=\"state.isCardHidden\">\n    <div style=\"--block--post-card--header-overlay--background:#86425a\" class=\"--default-post-card wp-block-ipsen-post-card\" data-post-terms=\"Zeldzame Ziekten, Primaire biliaire cholangitis (PBC), Videos, PDFs &amp; Podcasts\">\n    <div class=\"wp-block-ipsen-post-card__container\">\n    <div class=\"wp-block-ipsen-post-card__header\">\n            <div class=\"wp-block-ipsen-post-card__featured-image\">\n        \n<figure class=\"wp-block-ipsen-image\">\n    <div class=\"wp-block-ipsen-image__wrap\">\n        \n<picture>\n    <img src=\"https:\/\/ipsen-academy.be\/nl\/wp-content\/uploads\/sites\/6\/2025\/11\/academy-background-default.jpeg?w=1050&#038;h=591&#038;crop=1\" width=\"1050\" height=\"591\" srcset=\"https:\/\/ipsen-academy.be\/nl\/wp-content\/uploads\/sites\/6\/2025\/11\/academy-background-default.jpeg?resize=1050,591 1050w, https:\/\/ipsen-academy.be\/nl\/wp-content\/uploads\/sites\/6\/2025\/11\/academy-background-default.jpeg?resize=510,287 510w, https:\/\/ipsen-academy.be\/nl\/wp-content\/uploads\/sites\/6\/2025\/11\/academy-background-default.jpeg?resize=330,186 330w\" sizes=\"auto, (max-width: 1050px) 100vw, 1050px\" alt=\"\" decoding=\"async\" loading=\"lazy\" \/>\n<\/picture>\n            <\/div>\n    <\/figure>\n    <\/div>\n        <div class=\"wp-block-ipsen-post-card__content\">\n                <p>november 14, 2024<\/p>\n            <h2 class=\"wp-block-ipsen-post-card__title\">\n    Primary Biliary Cholangitis (PBC): epidemiology, diagnostic challenges and a shifting treatment paradigm<\/h2>        <\/div>\n    <\/div>\n\n    <ul class=\"wp-block-ipsen-post-card__meta\">\n                    <li>Zeldzame Ziekten, Primaire biliaire cholangitis (PBC), Videos, PDFs &amp; Podcasts<\/li>\n                <li>Time: 1 minuut leestijd<\/li>\n    <\/ul>\n\n    <div class=\"wp-block-ipsen-post-card__cta\">\n    <div class=\"wp-block-buttons is-layout-flex wp-block-buttons-is-layout-flex\">\n        <div class=\"wp-block-button is-style-secondary\">\n            <a class=\"wp-block-button__link wp-element-button\" aria-label=\"View posts in Primary Biliary Cholangitis (PBC): epidemiology, diagnostic challenges and a shifting treatment paradigm\" href=\"https:\/\/ipsen-academy.be\/nl\/blog\/2024\/11\/14\/primary-biliary-cholangitis-pbc-epidemiology-diagnostic-challenges-and-a-shifting-treatment-paradigm\/\">\n                Meer info                <svg xmlns=\"http:\/\/www.w3.org\/2000\/svg\" width=\"9\" height=\"16\" fill=\"none\" aria-hidden=\"true\"><path stroke=\"currentColor\" stroke-width=\"1.2\" d=\"m.426 15.125 7.35-7.35L.424.425\" \/><\/svg>            <\/a>\n        <\/div>\n    <\/div>\n<\/div><\/div>\n<\/div>\n<\/div>\n                    <div class=\"wp-block-ipsen-query-loop__card\" data-filter-options=\"zeldzame-ziekten acromegalie patient-info videos-pdfs-podcasts\" data-wp-bind--hidden=\"state.isCardHidden\">\n    <div style=\"--block--post-card--header-overlay--background:#86425a\" class=\"--default-post-card wp-block-ipsen-post-card\" data-post-terms=\"Zeldzame Ziekten, Acromegalie, Informatie voor pati\u00ebnten, Videos, PDFs &amp; Podcasts\">\n    <div class=\"wp-block-ipsen-post-card__container\">\n    <div class=\"wp-block-ipsen-post-card__header\">\n            <div class=\"wp-block-ipsen-post-card__featured-image\">\n        \n<figure class=\"wp-block-ipsen-image\">\n    <div class=\"wp-block-ipsen-image__wrap\">\n        \n<picture>\n    <img src=\"https:\/\/ipsen-academy.be\/nl\/wp-content\/uploads\/sites\/6\/2025\/11\/academy-background-default.jpeg?w=1050&#038;h=591&#038;crop=1\" width=\"1050\" height=\"591\" srcset=\"https:\/\/ipsen-academy.be\/nl\/wp-content\/uploads\/sites\/6\/2025\/11\/academy-background-default.jpeg?resize=1050,591 1050w, https:\/\/ipsen-academy.be\/nl\/wp-content\/uploads\/sites\/6\/2025\/11\/academy-background-default.jpeg?resize=510,287 510w, https:\/\/ipsen-academy.be\/nl\/wp-content\/uploads\/sites\/6\/2025\/11\/academy-background-default.jpeg?resize=330,186 330w\" sizes=\"auto, (max-width: 1050px) 100vw, 1050px\" alt=\"\" decoding=\"async\" loading=\"lazy\" \/>\n<\/picture>\n            <\/div>\n    <\/figure>\n    <\/div>\n        <div class=\"wp-block-ipsen-post-card__content\">\n                <p>november 1, 2024<\/p>\n            <h2 class=\"wp-block-ipsen-post-card__title\">\n    Podcast &#8211; ACRO-talks &#8211; Episode 2: Leven met Acromegalie<\/h2>        <\/div>\n    <\/div>\n\n    <ul class=\"wp-block-ipsen-post-card__meta\">\n                    <li>Zeldzame Ziekten, Acromegalie, Informatie voor pati\u00ebnten, Videos, PDFs &amp; Podcasts<\/li>\n                <li>Time: 1 minuut leestijd<\/li>\n    <\/ul>\n\n    <div class=\"wp-block-ipsen-post-card__cta\">\n    <div class=\"wp-block-buttons is-layout-flex wp-block-buttons-is-layout-flex\">\n        <div class=\"wp-block-button is-style-secondary\">\n            <a class=\"wp-block-button__link wp-element-button\" aria-label=\"View posts in Podcast - ACRO-talks - Episode 2: Leven met Acromegalie\" href=\"https:\/\/ipsen-academy.be\/nl\/blog\/2024\/11\/01\/acro-talks-episode-2-leven-met-acromegalie\/\">\n                Meer info                <svg xmlns=\"http:\/\/www.w3.org\/2000\/svg\" width=\"9\" height=\"16\" fill=\"none\" aria-hidden=\"true\"><path stroke=\"currentColor\" stroke-width=\"1.2\" d=\"m.426 15.125 7.35-7.35L.424.425\" \/><\/svg>            <\/a>\n        <\/div>\n    <\/div>\n<\/div><\/div>\n<\/div>\n<\/div>\n                    <div class=\"wp-block-ipsen-query-loop__card\" data-filter-options=\"zeldzame-ziekten acromegalie patient-info videos-pdfs-podcasts\" data-wp-bind--hidden=\"state.isCardHidden\">\n    <div style=\"--block--post-card--header-overlay--background:#86425a\" class=\"--default-post-card wp-block-ipsen-post-card\" data-post-terms=\"Zeldzame Ziekten, Acromegalie, Informatie voor pati\u00ebnten, Videos, PDFs &amp; Podcasts\">\n    <div class=\"wp-block-ipsen-post-card__container\">\n    <div class=\"wp-block-ipsen-post-card__header\">\n            <div class=\"wp-block-ipsen-post-card__featured-image\">\n        \n<figure class=\"wp-block-ipsen-image\">\n    <div class=\"wp-block-ipsen-image__wrap\">\n        \n<picture>\n    <img src=\"https:\/\/ipsen-academy.be\/nl\/wp-content\/uploads\/sites\/6\/2025\/11\/academy-background-default.jpeg?w=1050&#038;h=591&#038;crop=1\" width=\"1050\" height=\"591\" srcset=\"https:\/\/ipsen-academy.be\/nl\/wp-content\/uploads\/sites\/6\/2025\/11\/academy-background-default.jpeg?resize=1050,591 1050w, https:\/\/ipsen-academy.be\/nl\/wp-content\/uploads\/sites\/6\/2025\/11\/academy-background-default.jpeg?resize=510,287 510w, https:\/\/ipsen-academy.be\/nl\/wp-content\/uploads\/sites\/6\/2025\/11\/academy-background-default.jpeg?resize=330,186 330w\" sizes=\"auto, (max-width: 1050px) 100vw, 1050px\" alt=\"\" decoding=\"async\" loading=\"lazy\" \/>\n<\/picture>\n            <\/div>\n    <\/figure>\n    <\/div>\n        <div class=\"wp-block-ipsen-post-card__content\">\n                <p>november 1, 2024<\/p>\n            <h2 class=\"wp-block-ipsen-post-card__title\">\n    Podcast &#8211; ACRO-talks &#8211; Episode 1: Acromegalie in de spotlights<\/h2>        <\/div>\n    <\/div>\n\n    <ul class=\"wp-block-ipsen-post-card__meta\">\n                    <li>Zeldzame Ziekten, Acromegalie, Informatie voor pati\u00ebnten, Videos, PDFs &amp; Podcasts<\/li>\n                <li>Time: 1 minuut leestijd<\/li>\n    <\/ul>\n\n    <div class=\"wp-block-ipsen-post-card__cta\">\n    <div class=\"wp-block-buttons is-layout-flex wp-block-buttons-is-layout-flex\">\n        <div class=\"wp-block-button is-style-secondary\">\n            <a class=\"wp-block-button__link wp-element-button\" aria-label=\"View posts in Podcast - ACRO-talks - Episode 1: Acromegalie in de spotlights\" href=\"https:\/\/ipsen-academy.be\/nl\/blog\/2024\/11\/01\/acro-talks-episode-1-acromegalie-in-de-spotlights\/\">\n                Meer info                <svg xmlns=\"http:\/\/www.w3.org\/2000\/svg\" width=\"9\" height=\"16\" fill=\"none\" aria-hidden=\"true\"><path stroke=\"currentColor\" stroke-width=\"1.2\" d=\"m.426 15.125 7.35-7.35L.424.425\" \/><\/svg>            <\/a>\n        <\/div>\n    <\/div>\n<\/div><\/div>\n<\/div>\n<\/div>\n                    <div class=\"wp-block-ipsen-query-loop__card\" data-filter-options=\"niercelcarcinoom oncologie videos-pdfs-podcasts\" data-wp-bind--hidden=\"state.isCardHidden\">\n    <div style=\"--block--post-card--header-overlay--background:#2797d3\" class=\"--default-post-card wp-block-ipsen-post-card\" data-post-terms=\"Niercelcarcinoom, Oncologie, Videos, PDFs &amp; Podcasts\">\n    <div class=\"wp-block-ipsen-post-card__container\">\n    <div class=\"wp-block-ipsen-post-card__header\">\n            <div class=\"wp-block-ipsen-post-card__featured-image\">\n        \n<figure class=\"wp-block-ipsen-image\">\n    <div class=\"wp-block-ipsen-image__wrap\">\n        \n<picture>\n    <img src=\"https:\/\/ipsen-academy.be\/nl\/wp-content\/uploads\/sites\/6\/2025\/11\/academy-background-default.jpeg?w=1050&#038;h=591&#038;crop=1\" width=\"1050\" height=\"591\" srcset=\"https:\/\/ipsen-academy.be\/nl\/wp-content\/uploads\/sites\/6\/2025\/11\/academy-background-default.jpeg?resize=1050,591 1050w, https:\/\/ipsen-academy.be\/nl\/wp-content\/uploads\/sites\/6\/2025\/11\/academy-background-default.jpeg?resize=510,287 510w, https:\/\/ipsen-academy.be\/nl\/wp-content\/uploads\/sites\/6\/2025\/11\/academy-background-default.jpeg?resize=330,186 330w\" sizes=\"auto, (max-width: 1050px) 100vw, 1050px\" alt=\"\" decoding=\"async\" loading=\"lazy\" \/>\n<\/picture>\n            <\/div>\n    <\/figure>\n    <\/div>\n        <div class=\"wp-block-ipsen-post-card__content\">\n                <p>oktober 10, 2024<\/p>\n            <h2 class=\"wp-block-ipsen-post-card__title\">\n    ESMO 2024 highlights \u2013 RCC<\/h2>        <\/div>\n    <\/div>\n\n    <ul class=\"wp-block-ipsen-post-card__meta\">\n                    <li>Niercelcarcinoom, Oncologie, Videos, PDFs &amp; Podcasts<\/li>\n                <li>Time: 1 minuut leestijd<\/li>\n    <\/ul>\n\n    <div class=\"wp-block-ipsen-post-card__cta\">\n    <div class=\"wp-block-buttons is-layout-flex wp-block-buttons-is-layout-flex\">\n        <div class=\"wp-block-button is-style-secondary\">\n            <a class=\"wp-block-button__link wp-element-button\" aria-label=\"View posts in ESMO 2024 highlights \u2013 RCC\" href=\"https:\/\/ipsen-academy.be\/nl\/blog\/2024\/10\/10\/esmo-2024-highlights-rcc\/\">\n                Meer info                <svg xmlns=\"http:\/\/www.w3.org\/2000\/svg\" width=\"9\" height=\"16\" fill=\"none\" aria-hidden=\"true\"><path stroke=\"currentColor\" stroke-width=\"1.2\" d=\"m.426 15.125 7.35-7.35L.424.425\" \/><\/svg>            <\/a>\n        <\/div>\n    <\/div>\n<\/div><\/div>\n<\/div>\n<\/div>\n                    <div class=\"wp-block-ipsen-query-loop__card\" data-filter-options=\"oncologie prostaatkanker videos-pdfs-podcasts\" data-wp-bind--hidden=\"state.isCardHidden\">\n    <div style=\"--block--post-card--header-overlay--background:#2797d3\" class=\"--default-post-card wp-block-ipsen-post-card\" data-post-terms=\"Oncologie, Prostaatkanker, Videos, PDFs &amp; Podcasts\">\n    <div class=\"wp-block-ipsen-post-card__container\">\n    <div class=\"wp-block-ipsen-post-card__header\">\n            <div class=\"wp-block-ipsen-post-card__featured-image\">\n        \n<figure class=\"wp-block-ipsen-image\">\n    <div class=\"wp-block-ipsen-image__wrap\">\n        \n<picture>\n    <img src=\"https:\/\/ipsen-academy.be\/nl\/wp-content\/uploads\/sites\/6\/2025\/11\/academy-background-default.jpeg?w=1050&#038;h=591&#038;crop=1\" width=\"1050\" height=\"591\" srcset=\"https:\/\/ipsen-academy.be\/nl\/wp-content\/uploads\/sites\/6\/2025\/11\/academy-background-default.jpeg?resize=1050,591 1050w, https:\/\/ipsen-academy.be\/nl\/wp-content\/uploads\/sites\/6\/2025\/11\/academy-background-default.jpeg?resize=510,287 510w, https:\/\/ipsen-academy.be\/nl\/wp-content\/uploads\/sites\/6\/2025\/11\/academy-background-default.jpeg?resize=330,186 330w\" sizes=\"auto, (max-width: 1050px) 100vw, 1050px\" alt=\"\" decoding=\"async\" loading=\"lazy\" \/>\n<\/picture>\n            <\/div>\n    <\/figure>\n    <\/div>\n        <div class=\"wp-block-ipsen-post-card__content\">\n                <p>oktober 10, 2024<\/p>\n            <h2 class=\"wp-block-ipsen-post-card__title\">\n    ESMO 2024 highlights \u2013 prostate cancer<\/h2>        <\/div>\n    <\/div>\n\n    <ul class=\"wp-block-ipsen-post-card__meta\">\n                    <li>Oncologie, Prostaatkanker, Videos, PDFs &amp; Podcasts<\/li>\n                <li>Time: 1 minuut leestijd<\/li>\n    <\/ul>\n\n    <div class=\"wp-block-ipsen-post-card__cta\">\n    <div class=\"wp-block-buttons is-layout-flex wp-block-buttons-is-layout-flex\">\n        <div class=\"wp-block-button is-style-secondary\">\n            <a class=\"wp-block-button__link wp-element-button\" aria-label=\"View posts in ESMO 2024 highlights \u2013 prostate cancer\" href=\"https:\/\/ipsen-academy.be\/nl\/blog\/2024\/10\/10\/esmo-2024-highlights-prostate-cancer\/\">\n                Meer info                <svg xmlns=\"http:\/\/www.w3.org\/2000\/svg\" width=\"9\" height=\"16\" fill=\"none\" aria-hidden=\"true\"><path stroke=\"currentColor\" stroke-width=\"1.2\" d=\"m.426 15.125 7.35-7.35L.424.425\" \/><\/svg>            <\/a>\n        <\/div>\n    <\/div>\n<\/div><\/div>\n<\/div>\n<\/div>\n                    <div class=\"wp-block-ipsen-query-loop__card\" data-filter-options=\"oncologie urotheelkanker videos-pdfs-podcasts\" data-wp-bind--hidden=\"state.isCardHidden\">\n    <div style=\"--block--post-card--header-overlay--background:#2797d3\" class=\"--default-post-card wp-block-ipsen-post-card\" data-post-terms=\"Oncologie, Urotheelkanker, Videos, PDFs &amp; Podcasts\">\n    <div class=\"wp-block-ipsen-post-card__container\">\n    <div class=\"wp-block-ipsen-post-card__header\">\n            <div class=\"wp-block-ipsen-post-card__featured-image\">\n        \n<figure class=\"wp-block-ipsen-image\">\n    <div class=\"wp-block-ipsen-image__wrap\">\n        \n<picture>\n    <img src=\"https:\/\/ipsen-academy.be\/nl\/wp-content\/uploads\/sites\/6\/2025\/11\/academy-background-default.jpeg?w=1050&#038;h=591&#038;crop=1\" width=\"1050\" height=\"591\" srcset=\"https:\/\/ipsen-academy.be\/nl\/wp-content\/uploads\/sites\/6\/2025\/11\/academy-background-default.jpeg?resize=1050,591 1050w, https:\/\/ipsen-academy.be\/nl\/wp-content\/uploads\/sites\/6\/2025\/11\/academy-background-default.jpeg?resize=510,287 510w, https:\/\/ipsen-academy.be\/nl\/wp-content\/uploads\/sites\/6\/2025\/11\/academy-background-default.jpeg?resize=330,186 330w\" sizes=\"auto, (max-width: 1050px) 100vw, 1050px\" alt=\"\" decoding=\"async\" loading=\"lazy\" \/>\n<\/picture>\n            <\/div>\n    <\/figure>\n    <\/div>\n        <div class=\"wp-block-ipsen-post-card__content\">\n                <p>oktober 10, 2024<\/p>\n            <h2 class=\"wp-block-ipsen-post-card__title\">\n    ESMO 2024 highlights \u2013 blaaskanker<\/h2>        <\/div>\n    <\/div>\n\n    <ul class=\"wp-block-ipsen-post-card__meta\">\n                    <li>Oncologie, Urotheelkanker, Videos, PDFs &amp; Podcasts<\/li>\n                <li>Time: 1 minuut leestijd<\/li>\n    <\/ul>\n\n    <div class=\"wp-block-ipsen-post-card__cta\">\n    <div class=\"wp-block-buttons is-layout-flex wp-block-buttons-is-layout-flex\">\n        <div class=\"wp-block-button is-style-secondary\">\n            <a class=\"wp-block-button__link wp-element-button\" aria-label=\"View posts in ESMO 2024 highlights \u2013 blaaskanker\" href=\"https:\/\/ipsen-academy.be\/nl\/blog\/2024\/10\/10\/esmo-2024-highlights-blaaskanker\/\">\n                Meer info                <svg xmlns=\"http:\/\/www.w3.org\/2000\/svg\" width=\"9\" height=\"16\" fill=\"none\" aria-hidden=\"true\"><path stroke=\"currentColor\" stroke-width=\"1.2\" d=\"m.426 15.125 7.35-7.35L.424.425\" \/><\/svg>            <\/a>\n        <\/div>\n    <\/div>\n<\/div><\/div>\n<\/div>\n<\/div>\n                    <div class=\"wp-block-ipsen-query-loop__card\" data-filter-options=\"zeldzame-ziekten progressieve-familiale-intrahepatische-cholestase-pfic videos-pdfs-podcasts\" data-wp-bind--hidden=\"state.isCardHidden\">\n    <div style=\"--block--post-card--header-overlay--background:#86425a\" class=\"--default-post-card wp-block-ipsen-post-card\" data-post-terms=\"Zeldzame Ziekten, Progressieve Familiale Intrahepatische Cholestase (PFIC), Videos, PDFs &amp; Podcasts\">\n    <div class=\"wp-block-ipsen-post-card__container\">\n    <div class=\"wp-block-ipsen-post-card__header\">\n            <div class=\"wp-block-ipsen-post-card__featured-image\">\n        \n<figure class=\"wp-block-ipsen-image\">\n    <div class=\"wp-block-ipsen-image__wrap\">\n        \n<picture>\n    <img src=\"https:\/\/ipsen-academy.be\/nl\/wp-content\/uploads\/sites\/6\/2025\/11\/academy-background-default.jpeg?w=1050&#038;h=591&#038;crop=1\" width=\"1050\" height=\"591\" srcset=\"https:\/\/ipsen-academy.be\/nl\/wp-content\/uploads\/sites\/6\/2025\/11\/academy-background-default.jpeg?resize=1050,591 1050w, https:\/\/ipsen-academy.be\/nl\/wp-content\/uploads\/sites\/6\/2025\/11\/academy-background-default.jpeg?resize=510,287 510w, https:\/\/ipsen-academy.be\/nl\/wp-content\/uploads\/sites\/6\/2025\/11\/academy-background-default.jpeg?resize=330,186 330w\" sizes=\"auto, (max-width: 1050px) 100vw, 1050px\" alt=\"\" decoding=\"async\" loading=\"lazy\" \/>\n<\/picture>\n            <\/div>\n    <\/figure>\n    <\/div>\n        <div class=\"wp-block-ipsen-post-card__content\">\n                <p>oktober 4, 2024<\/p>\n            <h2 class=\"wp-block-ipsen-post-card__title\">\n    ESPGHAN 2024: PFIC through a different lens \u2013 How can you change the course of the disease?<\/h2>        <\/div>\n    <\/div>\n\n    <ul class=\"wp-block-ipsen-post-card__meta\">\n                    <li>Zeldzame Ziekten, Progressieve Familiale Intrahepatische Cholestase (PFIC), Videos, PDFs &amp; Podcasts<\/li>\n                <li>Time: 1 minuut leestijd<\/li>\n    <\/ul>\n\n    <div class=\"wp-block-ipsen-post-card__cta\">\n    <div class=\"wp-block-buttons is-layout-flex wp-block-buttons-is-layout-flex\">\n        <div class=\"wp-block-button is-style-secondary\">\n            <a class=\"wp-block-button__link wp-element-button\" aria-label=\"View posts in ESPGHAN 2024: PFIC through a different lens \u2013 How can you change the course of the disease?\" href=\"https:\/\/ipsen-academy.be\/nl\/blog\/2024\/10\/04\/espghan-2024-pfic-through-a-different-lens-how-can-you-change-the-course-of-the-disease\/\">\n                Meer info                <svg xmlns=\"http:\/\/www.w3.org\/2000\/svg\" width=\"9\" height=\"16\" fill=\"none\" aria-hidden=\"true\"><path stroke=\"currentColor\" stroke-width=\"1.2\" d=\"m.426 15.125 7.35-7.35L.424.425\" \/><\/svg>            <\/a>\n        <\/div>\n    <\/div>\n<\/div><\/div>\n<\/div>\n<\/div>\n                    <div class=\"wp-block-ipsen-query-loop__card\" data-filter-options=\"neuro-endocriene-tumoren oncologie patient-info videos-pdfs-podcasts\" data-wp-bind--hidden=\"state.isCardHidden\">\n    <div style=\"--block--post-card--header-overlay--background:#2797d3\" class=\"--default-post-card wp-block-ipsen-post-card\" data-post-terms=\"Neuro-endocriene tumoren, Oncologie, Informatie voor pati\u00ebnten, Videos, PDFs &amp; Podcasts\">\n    <div class=\"wp-block-ipsen-post-card__container\">\n    <div class=\"wp-block-ipsen-post-card__header\">\n            <div class=\"wp-block-ipsen-post-card__featured-image\">\n        \n<figure class=\"wp-block-ipsen-image\">\n    <div class=\"wp-block-ipsen-image__wrap\">\n        \n<picture>\n    <img src=\"https:\/\/ipsen-academy.be\/nl\/wp-content\/uploads\/sites\/6\/2025\/11\/academy-background-default.jpeg?w=1050&#038;h=591&#038;crop=1\" width=\"1050\" height=\"591\" srcset=\"https:\/\/ipsen-academy.be\/nl\/wp-content\/uploads\/sites\/6\/2025\/11\/academy-background-default.jpeg?resize=1050,591 1050w, https:\/\/ipsen-academy.be\/nl\/wp-content\/uploads\/sites\/6\/2025\/11\/academy-background-default.jpeg?resize=510,287 510w, https:\/\/ipsen-academy.be\/nl\/wp-content\/uploads\/sites\/6\/2025\/11\/academy-background-default.jpeg?resize=330,186 330w\" sizes=\"auto, (max-width: 1050px) 100vw, 1050px\" alt=\"\" decoding=\"async\" loading=\"lazy\" \/>\n<\/picture>\n            <\/div>\n    <\/figure>\n    <\/div>\n        <div class=\"wp-block-ipsen-post-card__content\">\n                <p>augustus 26, 2024<\/p>\n            <h2 class=\"wp-block-ipsen-post-card__title\">\n    NETtalks &#8211; Leven met NET: de stem van de pati\u00ebnt<\/h2>        <\/div>\n    <\/div>\n\n    <ul class=\"wp-block-ipsen-post-card__meta\">\n                    <li>Neuro-endocriene tumoren, Oncologie, Informatie voor pati\u00ebnten, Videos, PDFs &amp; Podcasts<\/li>\n                <li>Time: 1 minuut leestijd<\/li>\n    <\/ul>\n\n    <div class=\"wp-block-ipsen-post-card__cta\">\n    <div class=\"wp-block-buttons is-layout-flex wp-block-buttons-is-layout-flex\">\n        <div class=\"wp-block-button is-style-secondary\">\n            <a class=\"wp-block-button__link wp-element-button\" aria-label=\"View posts in NETtalks - Leven met NET: de stem van de pati\u00ebnt\" href=\"https:\/\/ipsen-academy.be\/nl\/blog\/2024\/08\/26\/nettalks-leven-met-net-de-stem-van-de-patient-transcription-en-francais-2\/\">\n                Meer info                <svg xmlns=\"http:\/\/www.w3.org\/2000\/svg\" width=\"9\" height=\"16\" fill=\"none\" aria-hidden=\"true\"><path stroke=\"currentColor\" stroke-width=\"1.2\" d=\"m.426 15.125 7.35-7.35L.424.425\" \/><\/svg>            <\/a>\n        <\/div>\n    <\/div>\n<\/div><\/div>\n<\/div>\n<\/div>\n                    <div class=\"wp-block-ipsen-query-loop__card\" data-filter-options=\"neuro-endocriene-tumoren oncologie videos-pdfs-podcasts\" data-wp-bind--hidden=\"state.isCardHidden\">\n    <div style=\"--block--post-card--header-overlay--background:#2797d3\" class=\"--default-post-card wp-block-ipsen-post-card\" data-post-terms=\"Neuro-endocriene tumoren, Oncologie, Videos, PDFs &amp; Podcasts\">\n    <div class=\"wp-block-ipsen-post-card__container\">\n    <div class=\"wp-block-ipsen-post-card__header\">\n            <div class=\"wp-block-ipsen-post-card__featured-image\">\n        \n<figure class=\"wp-block-ipsen-image\">\n    <div class=\"wp-block-ipsen-image__wrap\">\n        \n<picture>\n    <img src=\"https:\/\/ipsen-academy.be\/nl\/wp-content\/uploads\/sites\/6\/2025\/11\/academy-background-default.jpeg?w=1050&#038;h=591&#038;crop=1\" width=\"1050\" height=\"591\" srcset=\"https:\/\/ipsen-academy.be\/nl\/wp-content\/uploads\/sites\/6\/2025\/11\/academy-background-default.jpeg?resize=1050,591 1050w, https:\/\/ipsen-academy.be\/nl\/wp-content\/uploads\/sites\/6\/2025\/11\/academy-background-default.jpeg?resize=510,287 510w, https:\/\/ipsen-academy.be\/nl\/wp-content\/uploads\/sites\/6\/2025\/11\/academy-background-default.jpeg?resize=330,186 330w\" sizes=\"auto, (max-width: 1050px) 100vw, 1050px\" alt=\"\" decoding=\"async\" loading=\"lazy\" \/>\n<\/picture>\n            <\/div>\n    <\/figure>\n    <\/div>\n        <div class=\"wp-block-ipsen-post-card__content\">\n                <p>augustus 26, 2024<\/p>\n            <h2 class=\"wp-block-ipsen-post-card__title\">\n    NETtalks Episode 7 &#8211; First Line Frequencies: walk the talk through NET Diagnosis and Treatment<\/h2>        <\/div>\n    <\/div>\n\n    <ul class=\"wp-block-ipsen-post-card__meta\">\n                    <li>Neuro-endocriene tumoren, Oncologie, Videos, PDFs &amp; Podcasts<\/li>\n                <li>Time: 1 minuut leestijd<\/li>\n    <\/ul>\n\n    <div class=\"wp-block-ipsen-post-card__cta\">\n    <div class=\"wp-block-buttons is-layout-flex wp-block-buttons-is-layout-flex\">\n        <div class=\"wp-block-button is-style-secondary\">\n            <a class=\"wp-block-button__link wp-element-button\" aria-label=\"View posts in NETtalks Episode 7 - First Line Frequencies: walk the talk through NET Diagnosis and Treatment\" href=\"https:\/\/ipsen-academy.be\/nl\/blog\/2024\/08\/26\/nettalks-episode-7-first-line-frequencies-walk-the-talk-through-net-diagnosis-and-treatment\/\">\n                Meer info                <svg xmlns=\"http:\/\/www.w3.org\/2000\/svg\" width=\"9\" height=\"16\" fill=\"none\" aria-hidden=\"true\"><path stroke=\"currentColor\" stroke-width=\"1.2\" d=\"m.426 15.125 7.35-7.35L.424.425\" \/><\/svg>            <\/a>\n        <\/div>\n    <\/div>\n<\/div><\/div>\n<\/div>\n<\/div>\n                    <div class=\"wp-block-ipsen-query-loop__card\" data-filter-options=\"neuro-endocriene-tumoren oncologie videos-pdfs-podcasts\" data-wp-bind--hidden=\"state.isCardHidden\">\n    <div style=\"--block--post-card--header-overlay--background:#2797d3\" class=\"--default-post-card wp-block-ipsen-post-card\" data-post-terms=\"Neuro-endocriene tumoren, Oncologie, Videos, PDFs &amp; Podcasts\">\n    <div class=\"wp-block-ipsen-post-card__container\">\n    <div class=\"wp-block-ipsen-post-card__header\">\n            <div class=\"wp-block-ipsen-post-card__featured-image\">\n        \n<figure class=\"wp-block-ipsen-image\">\n    <div class=\"wp-block-ipsen-image__wrap\">\n        \n<picture>\n    <img src=\"https:\/\/ipsen-academy.be\/nl\/wp-content\/uploads\/sites\/6\/2025\/11\/academy-background-default.jpeg?w=1050&#038;h=591&#038;crop=1\" width=\"1050\" height=\"591\" srcset=\"https:\/\/ipsen-academy.be\/nl\/wp-content\/uploads\/sites\/6\/2025\/11\/academy-background-default.jpeg?resize=1050,591 1050w, https:\/\/ipsen-academy.be\/nl\/wp-content\/uploads\/sites\/6\/2025\/11\/academy-background-default.jpeg?resize=510,287 510w, https:\/\/ipsen-academy.be\/nl\/wp-content\/uploads\/sites\/6\/2025\/11\/academy-background-default.jpeg?resize=330,186 330w\" sizes=\"auto, (max-width: 1050px) 100vw, 1050px\" alt=\"\" decoding=\"async\" loading=\"lazy\" \/>\n<\/picture>\n            <\/div>\n    <\/figure>\n    <\/div>\n        <div class=\"wp-block-ipsen-post-card__content\">\n                <p>augustus 26, 2024<\/p>\n            <h2 class=\"wp-block-ipsen-post-card__title\">\n    NETtalks Episode 6 &#8211; Echoes of complexity: NET G3\/NEC Treatment explored<\/h2>        <\/div>\n    <\/div>\n\n    <ul class=\"wp-block-ipsen-post-card__meta\">\n                    <li>Neuro-endocriene tumoren, Oncologie, Videos, PDFs &amp; Podcasts<\/li>\n                <li>Time: 1 minuut leestijd<\/li>\n    <\/ul>\n\n    <div class=\"wp-block-ipsen-post-card__cta\">\n    <div class=\"wp-block-buttons is-layout-flex wp-block-buttons-is-layout-flex\">\n        <div class=\"wp-block-button is-style-secondary\">\n            <a class=\"wp-block-button__link wp-element-button\" aria-label=\"View posts in NETtalks Episode 6 - Echoes of complexity: NET G3\/NEC Treatment explored\" href=\"https:\/\/ipsen-academy.be\/nl\/blog\/2024\/08\/26\/nettalks-episode-6-echoes-of-complexity-net-g3-nec-treatment-explored\/\">\n                Meer info                <svg xmlns=\"http:\/\/www.w3.org\/2000\/svg\" width=\"9\" height=\"16\" fill=\"none\" aria-hidden=\"true\"><path stroke=\"currentColor\" stroke-width=\"1.2\" d=\"m.426 15.125 7.35-7.35L.424.425\" \/><\/svg>            <\/a>\n        <\/div>\n    <\/div>\n<\/div><\/div>\n<\/div>\n<\/div>\n                    <div class=\"wp-block-ipsen-query-loop__card\" data-filter-options=\"neuro-endocriene-tumoren oncologie videos-pdfs-podcasts\" data-wp-bind--hidden=\"state.isCardHidden\">\n    <div style=\"--block--post-card--header-overlay--background:#2797d3\" class=\"--default-post-card wp-block-ipsen-post-card\" data-post-terms=\"Neuro-endocriene tumoren, Oncologie, Videos, PDFs &amp; Podcasts\">\n    <div class=\"wp-block-ipsen-post-card__container\">\n    <div class=\"wp-block-ipsen-post-card__header\">\n            <div class=\"wp-block-ipsen-post-card__featured-image\">\n        \n<figure class=\"wp-block-ipsen-image\">\n    <div class=\"wp-block-ipsen-image__wrap\">\n        \n<picture>\n    <img src=\"https:\/\/ipsen-academy.be\/nl\/wp-content\/uploads\/sites\/6\/2025\/11\/academy-background-default.jpeg?w=1050&#038;h=591&#038;crop=1\" width=\"1050\" height=\"591\" srcset=\"https:\/\/ipsen-academy.be\/nl\/wp-content\/uploads\/sites\/6\/2025\/11\/academy-background-default.jpeg?resize=1050,591 1050w, https:\/\/ipsen-academy.be\/nl\/wp-content\/uploads\/sites\/6\/2025\/11\/academy-background-default.jpeg?resize=510,287 510w, https:\/\/ipsen-academy.be\/nl\/wp-content\/uploads\/sites\/6\/2025\/11\/academy-background-default.jpeg?resize=330,186 330w\" sizes=\"auto, (max-width: 1050px) 100vw, 1050px\" alt=\"\" decoding=\"async\" loading=\"lazy\" \/>\n<\/picture>\n            <\/div>\n    <\/figure>\n    <\/div>\n        <div class=\"wp-block-ipsen-post-card__content\">\n                <p>augustus 26, 2024<\/p>\n            <h2 class=\"wp-block-ipsen-post-card__title\">\n    NETtalks Episode 5 &#8211; mTOR Tales: Exploring its role in the NET treatment story<\/h2>        <\/div>\n    <\/div>\n\n    <ul class=\"wp-block-ipsen-post-card__meta\">\n                    <li>Neuro-endocriene tumoren, Oncologie, Videos, PDFs &amp; Podcasts<\/li>\n                <li>Time: 1 minuut leestijd<\/li>\n    <\/ul>\n\n    <div class=\"wp-block-ipsen-post-card__cta\">\n    <div class=\"wp-block-buttons is-layout-flex wp-block-buttons-is-layout-flex\">\n        <div class=\"wp-block-button is-style-secondary\">\n            <a class=\"wp-block-button__link wp-element-button\" aria-label=\"View posts in NETtalks Episode 5 - mTOR Tales: Exploring its role in the NET treatment story\" href=\"https:\/\/ipsen-academy.be\/nl\/blog\/2024\/08\/26\/nettalks-episode-5-mtor-tales-exploring-its-role-in-the-net-treatment-story\/\">\n                Meer info                <svg xmlns=\"http:\/\/www.w3.org\/2000\/svg\" width=\"9\" height=\"16\" fill=\"none\" aria-hidden=\"true\"><path stroke=\"currentColor\" stroke-width=\"1.2\" d=\"m.426 15.125 7.35-7.35L.424.425\" \/><\/svg>            <\/a>\n        <\/div>\n    <\/div>\n<\/div><\/div>\n<\/div>\n<\/div>\n                    <div class=\"wp-block-ipsen-query-loop__card\" data-filter-options=\"neuro-endocriene-tumoren oncologie videos-pdfs-podcasts\" data-wp-bind--hidden=\"state.isCardHidden\">\n    <div style=\"--block--post-card--header-overlay--background:#2797d3\" class=\"--default-post-card wp-block-ipsen-post-card\" data-post-terms=\"Neuro-endocriene tumoren, Oncologie, Videos, PDFs &amp; Podcasts\">\n    <div class=\"wp-block-ipsen-post-card__container\">\n    <div class=\"wp-block-ipsen-post-card__header\">\n            <div class=\"wp-block-ipsen-post-card__featured-image\">\n        \n<figure class=\"wp-block-ipsen-image\">\n    <div class=\"wp-block-ipsen-image__wrap\">\n        \n<picture>\n    <img src=\"https:\/\/ipsen-academy.be\/nl\/wp-content\/uploads\/sites\/6\/2025\/11\/academy-background-default.jpeg?w=1050&#038;h=591&#038;crop=1\" width=\"1050\" height=\"591\" srcset=\"https:\/\/ipsen-academy.be\/nl\/wp-content\/uploads\/sites\/6\/2025\/11\/academy-background-default.jpeg?resize=1050,591 1050w, https:\/\/ipsen-academy.be\/nl\/wp-content\/uploads\/sites\/6\/2025\/11\/academy-background-default.jpeg?resize=510,287 510w, https:\/\/ipsen-academy.be\/nl\/wp-content\/uploads\/sites\/6\/2025\/11\/academy-background-default.jpeg?resize=330,186 330w\" sizes=\"auto, (max-width: 1050px) 100vw, 1050px\" alt=\"\" decoding=\"async\" loading=\"lazy\" \/>\n<\/picture>\n            <\/div>\n    <\/figure>\n    <\/div>\n        <div class=\"wp-block-ipsen-post-card__content\">\n                <p>augustus 26, 2024<\/p>\n            <h2 class=\"wp-block-ipsen-post-card__title\">\n    NETtalks Episode 4 &#8211; Hormonal Harmony: SSA therapy in focus<\/h2>        <\/div>\n    <\/div>\n\n    <ul class=\"wp-block-ipsen-post-card__meta\">\n                    <li>Neuro-endocriene tumoren, Oncologie, Videos, PDFs &amp; Podcasts<\/li>\n                <li>Time: 1 minuut leestijd<\/li>\n    <\/ul>\n\n    <div class=\"wp-block-ipsen-post-card__cta\">\n    <div class=\"wp-block-buttons is-layout-flex wp-block-buttons-is-layout-flex\">\n        <div class=\"wp-block-button is-style-secondary\">\n            <a class=\"wp-block-button__link wp-element-button\" aria-label=\"View posts in NETtalks Episode 4 - Hormonal Harmony: SSA therapy in focus\" href=\"https:\/\/ipsen-academy.be\/nl\/blog\/2024\/08\/26\/nettalks-episode-4-hormonal-harmony-ssa-therapy-in-focus\/\">\n                Meer info                <svg xmlns=\"http:\/\/www.w3.org\/2000\/svg\" width=\"9\" height=\"16\" fill=\"none\" aria-hidden=\"true\"><path stroke=\"currentColor\" stroke-width=\"1.2\" d=\"m.426 15.125 7.35-7.35L.424.425\" \/><\/svg>            <\/a>\n        <\/div>\n    <\/div>\n<\/div><\/div>\n<\/div>\n<\/div>\n                    <div class=\"wp-block-ipsen-query-loop__card\" data-filter-options=\"neuro-endocriene-tumoren oncologie videos-pdfs-podcasts\" data-wp-bind--hidden=\"state.isCardHidden\">\n    <div style=\"--block--post-card--header-overlay--background:#2797d3\" class=\"--default-post-card wp-block-ipsen-post-card\" data-post-terms=\"Neuro-endocriene tumoren, Oncologie, Videos, PDFs &amp; Podcasts\">\n    <div class=\"wp-block-ipsen-post-card__container\">\n    <div class=\"wp-block-ipsen-post-card__header\">\n            <div class=\"wp-block-ipsen-post-card__featured-image\">\n        \n<figure class=\"wp-block-ipsen-image\">\n    <div class=\"wp-block-ipsen-image__wrap\">\n        \n<picture>\n    <img src=\"https:\/\/ipsen-academy.be\/nl\/wp-content\/uploads\/sites\/6\/2025\/11\/academy-background-default.jpeg?w=1050&#038;h=591&#038;crop=1\" width=\"1050\" height=\"591\" srcset=\"https:\/\/ipsen-academy.be\/nl\/wp-content\/uploads\/sites\/6\/2025\/11\/academy-background-default.jpeg?resize=1050,591 1050w, https:\/\/ipsen-academy.be\/nl\/wp-content\/uploads\/sites\/6\/2025\/11\/academy-background-default.jpeg?resize=510,287 510w, https:\/\/ipsen-academy.be\/nl\/wp-content\/uploads\/sites\/6\/2025\/11\/academy-background-default.jpeg?resize=330,186 330w\" sizes=\"auto, (max-width: 1050px) 100vw, 1050px\" alt=\"\" decoding=\"async\" loading=\"lazy\" \/>\n<\/picture>\n            <\/div>\n    <\/figure>\n    <\/div>\n        <div class=\"wp-block-ipsen-post-card__content\">\n                <p>augustus 26, 2024<\/p>\n            <h2 class=\"wp-block-ipsen-post-card__title\">\n    NETtalks Episode 3 &#8211; Cutting Edge Chronicles: NET Surgery insights<\/h2>        <\/div>\n    <\/div>\n\n    <ul class=\"wp-block-ipsen-post-card__meta\">\n                    <li>Neuro-endocriene tumoren, Oncologie, Videos, PDFs &amp; Podcasts<\/li>\n                <li>Time: 1 minuut leestijd<\/li>\n    <\/ul>\n\n    <div class=\"wp-block-ipsen-post-card__cta\">\n    <div class=\"wp-block-buttons is-layout-flex wp-block-buttons-is-layout-flex\">\n        <div class=\"wp-block-button is-style-secondary\">\n            <a class=\"wp-block-button__link wp-element-button\" aria-label=\"View posts in NETtalks Episode 3 - Cutting Edge Chronicles: NET Surgery insights\" href=\"https:\/\/ipsen-academy.be\/nl\/blog\/2024\/08\/26\/nettalks-episode-3-cutting-edge-chronicles-net-surgery-insights\/\">\n                Meer info                <svg xmlns=\"http:\/\/www.w3.org\/2000\/svg\" width=\"9\" height=\"16\" fill=\"none\" aria-hidden=\"true\"><path stroke=\"currentColor\" stroke-width=\"1.2\" d=\"m.426 15.125 7.35-7.35L.424.425\" \/><\/svg>            <\/a>\n        <\/div>\n    <\/div>\n<\/div><\/div>\n<\/div>\n<\/div>\n                    <div class=\"wp-block-ipsen-query-loop__card\" data-filter-options=\"neuro-endocriene-tumoren oncologie videos-pdfs-podcasts\" data-wp-bind--hidden=\"state.isCardHidden\">\n    <div style=\"--block--post-card--header-overlay--background:#2797d3\" class=\"--default-post-card wp-block-ipsen-post-card\" data-post-terms=\"Neuro-endocriene tumoren, Oncologie, Videos, PDFs &amp; Podcasts\">\n    <div class=\"wp-block-ipsen-post-card__container\">\n    <div class=\"wp-block-ipsen-post-card__header\">\n            <div class=\"wp-block-ipsen-post-card__featured-image\">\n        \n<figure class=\"wp-block-ipsen-image\">\n    <div class=\"wp-block-ipsen-image__wrap\">\n        \n<picture>\n    <img src=\"https:\/\/ipsen-academy.be\/nl\/wp-content\/uploads\/sites\/6\/2025\/11\/academy-background-default.jpeg?w=1050&#038;h=591&#038;crop=1\" width=\"1050\" height=\"591\" srcset=\"https:\/\/ipsen-academy.be\/nl\/wp-content\/uploads\/sites\/6\/2025\/11\/academy-background-default.jpeg?resize=1050,591 1050w, https:\/\/ipsen-academy.be\/nl\/wp-content\/uploads\/sites\/6\/2025\/11\/academy-background-default.jpeg?resize=510,287 510w, https:\/\/ipsen-academy.be\/nl\/wp-content\/uploads\/sites\/6\/2025\/11\/academy-background-default.jpeg?resize=330,186 330w\" sizes=\"auto, (max-width: 1050px) 100vw, 1050px\" alt=\"\" decoding=\"async\" loading=\"lazy\" \/>\n<\/picture>\n            <\/div>\n    <\/figure>\n    <\/div>\n        <div class=\"wp-block-ipsen-post-card__content\">\n                <p>augustus 26, 2024<\/p>\n            <h2 class=\"wp-block-ipsen-post-card__title\">\n    NETtalks Episode 2 &#8211; Radiant Waves: Exploring the Breakthroughs of PRRT Treatment in NET (part 2)<\/h2>        <\/div>\n    <\/div>\n\n    <ul class=\"wp-block-ipsen-post-card__meta\">\n                    <li>Neuro-endocriene tumoren, Oncologie, Videos, PDFs &amp; Podcasts<\/li>\n                <li>Time: 1 minuut leestijd<\/li>\n    <\/ul>\n\n    <div class=\"wp-block-ipsen-post-card__cta\">\n    <div class=\"wp-block-buttons is-layout-flex wp-block-buttons-is-layout-flex\">\n        <div class=\"wp-block-button is-style-secondary\">\n            <a class=\"wp-block-button__link wp-element-button\" aria-label=\"View posts in NETtalks Episode 2 - Radiant Waves: Exploring the Breakthroughs of PRRT Treatment in NET (part 2)\" href=\"https:\/\/ipsen-academy.be\/nl\/blog\/2024\/08\/26\/nettalks-episode-2-radiant-waves-exploring-the-breakthroughs-of-prrt-treatment-in-net-part-2\/\">\n                Meer info                <svg xmlns=\"http:\/\/www.w3.org\/2000\/svg\" width=\"9\" height=\"16\" fill=\"none\" aria-hidden=\"true\"><path stroke=\"currentColor\" stroke-width=\"1.2\" d=\"m.426 15.125 7.35-7.35L.424.425\" \/><\/svg>            <\/a>\n        <\/div>\n    <\/div>\n<\/div><\/div>\n<\/div>\n<\/div>\n                    <div class=\"wp-block-ipsen-query-loop__card\" data-filter-options=\"neuro-endocriene-tumoren oncologie videos-pdfs-podcasts\" data-wp-bind--hidden=\"state.isCardHidden\">\n    <div style=\"--block--post-card--header-overlay--background:#2797d3\" class=\"--default-post-card wp-block-ipsen-post-card\" data-post-terms=\"Neuro-endocriene tumoren, Oncologie, Videos, PDFs &amp; Podcasts\">\n    <div class=\"wp-block-ipsen-post-card__container\">\n    <div class=\"wp-block-ipsen-post-card__header\">\n            <div class=\"wp-block-ipsen-post-card__featured-image\">\n        \n<figure class=\"wp-block-ipsen-image\">\n    <div class=\"wp-block-ipsen-image__wrap\">\n        \n<picture>\n    <img src=\"https:\/\/ipsen-academy.be\/nl\/wp-content\/uploads\/sites\/6\/2025\/11\/academy-background-default.jpeg?w=1050&#038;h=591&#038;crop=1\" width=\"1050\" height=\"591\" srcset=\"https:\/\/ipsen-academy.be\/nl\/wp-content\/uploads\/sites\/6\/2025\/11\/academy-background-default.jpeg?resize=1050,591 1050w, https:\/\/ipsen-academy.be\/nl\/wp-content\/uploads\/sites\/6\/2025\/11\/academy-background-default.jpeg?resize=510,287 510w, https:\/\/ipsen-academy.be\/nl\/wp-content\/uploads\/sites\/6\/2025\/11\/academy-background-default.jpeg?resize=330,186 330w\" sizes=\"auto, (max-width: 1050px) 100vw, 1050px\" alt=\"\" decoding=\"async\" loading=\"lazy\" \/>\n<\/picture>\n            <\/div>\n    <\/figure>\n    <\/div>\n        <div class=\"wp-block-ipsen-post-card__content\">\n                <p>augustus 26, 2024<\/p>\n            <h2 class=\"wp-block-ipsen-post-card__title\">\n    NETtalks Episode 1 &#8211; Radiant Waves: Exploring the Breakthroughs of PRRT Treatment in NET (part 1)<\/h2>        <\/div>\n    <\/div>\n\n    <ul class=\"wp-block-ipsen-post-card__meta\">\n                    <li>Neuro-endocriene tumoren, Oncologie, Videos, PDFs &amp; Podcasts<\/li>\n                <li>Time: 1 minuut leestijd<\/li>\n    <\/ul>\n\n    <div class=\"wp-block-ipsen-post-card__cta\">\n    <div class=\"wp-block-buttons is-layout-flex wp-block-buttons-is-layout-flex\">\n        <div class=\"wp-block-button is-style-secondary\">\n            <a class=\"wp-block-button__link wp-element-button\" aria-label=\"View posts in NETtalks Episode 1 - Radiant Waves: Exploring the Breakthroughs of PRRT Treatment in NET (part 1)\" href=\"https:\/\/ipsen-academy.be\/nl\/blog\/2024\/08\/26\/nettalks-episode-1-radiant-waves-exploring-the-breakthroughs-of-prrt-treatment-in-net-part-1\/\">\n                Meer info                <svg xmlns=\"http:\/\/www.w3.org\/2000\/svg\" width=\"9\" height=\"16\" fill=\"none\" aria-hidden=\"true\"><path stroke=\"currentColor\" stroke-width=\"1.2\" d=\"m.426 15.125 7.35-7.35L.424.425\" \/><\/svg>            <\/a>\n        <\/div>\n    <\/div>\n<\/div><\/div>\n<\/div>\n<\/div>\n                    <div class=\"wp-block-ipsen-query-loop__card\" data-filter-options=\"oncologie prostaatkanker videos-pdfs-podcasts\" data-wp-bind--hidden=\"state.isCardHidden\">\n    <div style=\"--block--post-card--header-overlay--background:#2797d3\" class=\"--default-post-card wp-block-ipsen-post-card\" data-post-terms=\"Oncologie, Prostaatkanker, Videos, PDFs &amp; Podcasts\">\n    <div class=\"wp-block-ipsen-post-card__container\">\n    <div class=\"wp-block-ipsen-post-card__header\">\n            <div class=\"wp-block-ipsen-post-card__featured-image\">\n        \n<figure class=\"wp-block-ipsen-image\">\n    <div class=\"wp-block-ipsen-image__wrap\">\n        \n<picture>\n    <img src=\"https:\/\/ipsen-academy.be\/nl\/wp-content\/uploads\/sites\/6\/2025\/11\/academy-background-default.jpeg?w=1050&#038;h=591&#038;crop=1\" width=\"1050\" height=\"591\" srcset=\"https:\/\/ipsen-academy.be\/nl\/wp-content\/uploads\/sites\/6\/2025\/11\/academy-background-default.jpeg?resize=1050,591 1050w, https:\/\/ipsen-academy.be\/nl\/wp-content\/uploads\/sites\/6\/2025\/11\/academy-background-default.jpeg?resize=510,287 510w, https:\/\/ipsen-academy.be\/nl\/wp-content\/uploads\/sites\/6\/2025\/11\/academy-background-default.jpeg?resize=330,186 330w\" sizes=\"auto, (max-width: 1050px) 100vw, 1050px\" alt=\"\" decoding=\"async\" loading=\"lazy\" \/>\n<\/picture>\n            <\/div>\n    <\/figure>\n    <\/div>\n        <div class=\"wp-block-ipsen-post-card__content\">\n                <p>augustus 20, 2024<\/p>\n            <h2 class=\"wp-block-ipsen-post-card__title\">\n    EAU 2024: Guidelines on Prostate Cancer<\/h2>        <\/div>\n    <\/div>\n\n    <ul class=\"wp-block-ipsen-post-card__meta\">\n                    <li>Oncologie, Prostaatkanker, Videos, PDFs &amp; Podcasts<\/li>\n                <li>Time: 1 minuut leestijd<\/li>\n    <\/ul>\n\n    <div class=\"wp-block-ipsen-post-card__cta\">\n    <div class=\"wp-block-buttons is-layout-flex wp-block-buttons-is-layout-flex\">\n        <div class=\"wp-block-button is-style-secondary\">\n            <a class=\"wp-block-button__link wp-element-button\" aria-label=\"View posts in EAU 2024: Guidelines on Prostate Cancer\" href=\"https:\/\/ipsen-academy.be\/nl\/blog\/2024\/08\/20\/eau-2024-guidelines-on-prostate-cancer\/\">\n                Meer info                <svg xmlns=\"http:\/\/www.w3.org\/2000\/svg\" width=\"9\" height=\"16\" fill=\"none\" aria-hidden=\"true\"><path stroke=\"currentColor\" stroke-width=\"1.2\" d=\"m.426 15.125 7.35-7.35L.424.425\" \/><\/svg>            <\/a>\n        <\/div>\n    <\/div>\n<\/div><\/div>\n<\/div>\n<\/div>\n                    <div class=\"wp-block-ipsen-query-loop__card\" data-filter-options=\"neurowetenschap spasticiteit videos-pdfs-podcasts\" data-wp-bind--hidden=\"state.isCardHidden\">\n    <div style=\"--block--post-card--header-overlay--background:#c84874\" class=\"--default-post-card wp-block-ipsen-post-card\" data-post-terms=\"Neurowetenschap, Spasticiteit, Videos, PDFs &amp; Podcasts\">\n    <div class=\"wp-block-ipsen-post-card__container\">\n    <div class=\"wp-block-ipsen-post-card__header\">\n            <div class=\"wp-block-ipsen-post-card__featured-image\">\n        \n<figure class=\"wp-block-ipsen-image\">\n    <div class=\"wp-block-ipsen-image__wrap\">\n        \n<picture>\n    <img src=\"https:\/\/ipsen-academy.be\/nl\/wp-content\/uploads\/sites\/6\/2025\/11\/academy-background-default.jpeg?w=1050&#038;h=591&#038;crop=1\" width=\"1050\" height=\"591\" srcset=\"https:\/\/ipsen-academy.be\/nl\/wp-content\/uploads\/sites\/6\/2025\/11\/academy-background-default.jpeg?resize=1050,591 1050w, https:\/\/ipsen-academy.be\/nl\/wp-content\/uploads\/sites\/6\/2025\/11\/academy-background-default.jpeg?resize=510,287 510w, https:\/\/ipsen-academy.be\/nl\/wp-content\/uploads\/sites\/6\/2025\/11\/academy-background-default.jpeg?resize=330,186 330w\" sizes=\"auto, (max-width: 1050px) 100vw, 1050px\" alt=\"\" decoding=\"async\" loading=\"lazy\" \/>\n<\/picture>\n            <\/div>\n    <\/figure>\n    <\/div>\n        <div class=\"wp-block-ipsen-post-card__content\">\n                <p>augustus 1, 2024<\/p>\n            <h2 class=\"wp-block-ipsen-post-card__title\">\n    Omgaan met injectieangst van uw pati\u00ebnten<\/h2>        <\/div>\n    <\/div>\n\n    <ul class=\"wp-block-ipsen-post-card__meta\">\n                    <li>Neurowetenschap, Spasticiteit, Videos, PDFs &amp; Podcasts<\/li>\n                <li>Time: 1 minuut leestijd<\/li>\n    <\/ul>\n\n    <div class=\"wp-block-ipsen-post-card__cta\">\n    <div class=\"wp-block-buttons is-layout-flex wp-block-buttons-is-layout-flex\">\n        <div class=\"wp-block-button is-style-secondary\">\n            <a class=\"wp-block-button__link wp-element-button\" aria-label=\"View posts in Omgaan met injectieangst van uw pati\u00ebnten\" href=\"https:\/\/ipsen-academy.be\/nl\/blog\/2024\/08\/01\/omgaan-met-injectieangst-van-uw-patienten\/\">\n                Meer info                <svg xmlns=\"http:\/\/www.w3.org\/2000\/svg\" width=\"9\" height=\"16\" fill=\"none\" aria-hidden=\"true\"><path stroke=\"currentColor\" stroke-width=\"1.2\" d=\"m.426 15.125 7.35-7.35L.424.425\" \/><\/svg>            <\/a>\n        <\/div>\n    <\/div>\n<\/div><\/div>\n<\/div>\n<\/div>\n                    <div class=\"wp-block-ipsen-query-loop__card\" data-filter-options=\"neuro-endocriene-tumoren oncologie videos-pdfs-podcasts\" data-wp-bind--hidden=\"state.isCardHidden\">\n    <div style=\"--block--post-card--header-overlay--background:#2797d3\" class=\"--default-post-card wp-block-ipsen-post-card\" data-post-terms=\"Neuro-endocriene tumoren, Oncologie, Videos, PDFs &amp; Podcasts\">\n    <div class=\"wp-block-ipsen-post-card__container\">\n    <div class=\"wp-block-ipsen-post-card__header\">\n            <div class=\"wp-block-ipsen-post-card__featured-image\">\n        \n<figure class=\"wp-block-ipsen-image\">\n    <div class=\"wp-block-ipsen-image__wrap\">\n        \n<picture>\n    <img src=\"https:\/\/ipsen-academy.be\/nl\/wp-content\/uploads\/sites\/6\/2025\/11\/academy-background-default.jpeg?w=1050&#038;h=591&#038;crop=1\" width=\"1050\" height=\"591\" srcset=\"https:\/\/ipsen-academy.be\/nl\/wp-content\/uploads\/sites\/6\/2025\/11\/academy-background-default.jpeg?resize=1050,591 1050w, https:\/\/ipsen-academy.be\/nl\/wp-content\/uploads\/sites\/6\/2025\/11\/academy-background-default.jpeg?resize=510,287 510w, https:\/\/ipsen-academy.be\/nl\/wp-content\/uploads\/sites\/6\/2025\/11\/academy-background-default.jpeg?resize=330,186 330w\" sizes=\"auto, (max-width: 1050px) 100vw, 1050px\" alt=\"\" decoding=\"async\" loading=\"lazy\" \/>\n<\/picture>\n            <\/div>\n    <\/figure>\n    <\/div>\n        <div class=\"wp-block-ipsen-post-card__content\">\n                <p>juli 19, 2024<\/p>\n            <h2 class=\"wp-block-ipsen-post-card__title\">\n    Introduction to NET-talks<\/h2>        <\/div>\n    <\/div>\n\n    <ul class=\"wp-block-ipsen-post-card__meta\">\n                    <li>Neuro-endocriene tumoren, Oncologie, Videos, PDFs &amp; Podcasts<\/li>\n                <li>Time: 1 minuut leestijd<\/li>\n    <\/ul>\n\n    <div class=\"wp-block-ipsen-post-card__cta\">\n    <div class=\"wp-block-buttons is-layout-flex wp-block-buttons-is-layout-flex\">\n        <div class=\"wp-block-button is-style-secondary\">\n            <a class=\"wp-block-button__link wp-element-button\" aria-label=\"View posts in Introduction to NET-talks\" href=\"https:\/\/ipsen-academy.be\/nl\/blog\/2024\/07\/19\/introduction-to-net-talks\/\">\n                Meer info                <svg xmlns=\"http:\/\/www.w3.org\/2000\/svg\" width=\"9\" height=\"16\" fill=\"none\" aria-hidden=\"true\"><path stroke=\"currentColor\" stroke-width=\"1.2\" d=\"m.426 15.125 7.35-7.35L.424.425\" \/><\/svg>            <\/a>\n        <\/div>\n    <\/div>\n<\/div><\/div>\n<\/div>\n<\/div>\n                    <div class=\"wp-block-ipsen-query-loop__card\" data-filter-options=\"neurowetenschap spasticiteit videos-pdfs-podcasts\" data-wp-bind--hidden=\"state.isCardHidden\">\n    <div style=\"--block--post-card--header-overlay--background:#c84874\" class=\"--default-post-card wp-block-ipsen-post-card\" data-post-terms=\"Neurowetenschap, Spasticiteit, Videos, PDFs &amp; Podcasts\">\n    <div class=\"wp-block-ipsen-post-card__container\">\n    <div class=\"wp-block-ipsen-post-card__header\">\n            <div class=\"wp-block-ipsen-post-card__featured-image\">\n        \n<figure class=\"wp-block-ipsen-image\">\n    <div class=\"wp-block-ipsen-image__wrap\">\n        \n<picture>\n    <img src=\"https:\/\/ipsen-academy.be\/nl\/wp-content\/uploads\/sites\/6\/2025\/11\/academy-background-default.jpeg?w=1050&#038;h=591&#038;crop=1\" width=\"1050\" height=\"591\" srcset=\"https:\/\/ipsen-academy.be\/nl\/wp-content\/uploads\/sites\/6\/2025\/11\/academy-background-default.jpeg?resize=1050,591 1050w, https:\/\/ipsen-academy.be\/nl\/wp-content\/uploads\/sites\/6\/2025\/11\/academy-background-default.jpeg?resize=510,287 510w, https:\/\/ipsen-academy.be\/nl\/wp-content\/uploads\/sites\/6\/2025\/11\/academy-background-default.jpeg?resize=330,186 330w\" sizes=\"auto, (max-width: 1050px) 100vw, 1050px\" alt=\"\" decoding=\"async\" loading=\"lazy\" \/>\n<\/picture>\n            <\/div>\n    <\/figure>\n    <\/div>\n        <div class=\"wp-block-ipsen-post-card__content\">\n                <p>juli 3, 2024<\/p>\n            <h2 class=\"wp-block-ipsen-post-card__title\">\n    Podcast &#8211; Dr Jacinto: Goal setting in the treatment of spasticity<\/h2>        <\/div>\n    <\/div>\n\n    <ul class=\"wp-block-ipsen-post-card__meta\">\n                    <li>Neurowetenschap, Spasticiteit, Videos, PDFs &amp; Podcasts<\/li>\n                <li>Time: 1 minuut leestijd<\/li>\n    <\/ul>\n\n    <div class=\"wp-block-ipsen-post-card__cta\">\n    <div class=\"wp-block-buttons is-layout-flex wp-block-buttons-is-layout-flex\">\n        <div class=\"wp-block-button is-style-secondary\">\n            <a class=\"wp-block-button__link wp-element-button\" aria-label=\"View posts in Podcast - Dr Jacinto: Goal setting in the treatment of spasticity\" href=\"https:\/\/ipsen-academy.be\/nl\/blog\/2024\/07\/03\/podcast-dr-jacinto-goal-setting-in-the-treatment-of-spasticity\/\">\n                Meer info                <svg xmlns=\"http:\/\/www.w3.org\/2000\/svg\" width=\"9\" height=\"16\" fill=\"none\" aria-hidden=\"true\"><path stroke=\"currentColor\" stroke-width=\"1.2\" d=\"m.426 15.125 7.35-7.35L.424.425\" \/><\/svg>            <\/a>\n        <\/div>\n    <\/div>\n<\/div><\/div>\n<\/div>\n<\/div>\n                    <div class=\"wp-block-ipsen-query-loop__card\" data-filter-options=\"oncologie prostaatkanker videos-pdfs-podcasts\" data-wp-bind--hidden=\"state.isCardHidden\">\n    <div style=\"--block--post-card--header-overlay--background:#2797d3\" class=\"--default-post-card wp-block-ipsen-post-card\" data-post-terms=\"Oncologie, Prostaatkanker, Videos, PDFs &amp; Podcasts\">\n    <div class=\"wp-block-ipsen-post-card__container\">\n    <div class=\"wp-block-ipsen-post-card__header\">\n            <div class=\"wp-block-ipsen-post-card__featured-image\">\n        \n<figure class=\"wp-block-ipsen-image\">\n    <div class=\"wp-block-ipsen-image__wrap\">\n        \n<picture>\n    <img src=\"https:\/\/ipsen-academy.be\/nl\/wp-content\/uploads\/sites\/6\/2025\/11\/academy-background-default.jpeg?w=1050&#038;h=591&#038;crop=1\" width=\"1050\" height=\"591\" srcset=\"https:\/\/ipsen-academy.be\/nl\/wp-content\/uploads\/sites\/6\/2025\/11\/academy-background-default.jpeg?resize=1050,591 1050w, https:\/\/ipsen-academy.be\/nl\/wp-content\/uploads\/sites\/6\/2025\/11\/academy-background-default.jpeg?resize=510,287 510w, https:\/\/ipsen-academy.be\/nl\/wp-content\/uploads\/sites\/6\/2025\/11\/academy-background-default.jpeg?resize=330,186 330w\" sizes=\"auto, (max-width: 1050px) 100vw, 1050px\" alt=\"\" decoding=\"async\" loading=\"lazy\" \/>\n<\/picture>\n            <\/div>\n    <\/figure>\n    <\/div>\n        <div class=\"wp-block-ipsen-post-card__content\">\n                <p>mei 14, 2024<\/p>\n            <h2 class=\"wp-block-ipsen-post-card__title\">\n    Hormonal therapy in prostate cancer care<\/h2>        <\/div>\n    <\/div>\n\n    <ul class=\"wp-block-ipsen-post-card__meta\">\n                    <li>Oncologie, Prostaatkanker, Videos, PDFs &amp; Podcasts<\/li>\n                <li>Time: 1 minuut leestijd<\/li>\n    <\/ul>\n\n    <div class=\"wp-block-ipsen-post-card__cta\">\n    <div class=\"wp-block-buttons is-layout-flex wp-block-buttons-is-layout-flex\">\n        <div class=\"wp-block-button is-style-secondary\">\n            <a class=\"wp-block-button__link wp-element-button\" aria-label=\"View posts in Hormonal therapy in prostate cancer care\" href=\"https:\/\/ipsen-academy.be\/nl\/blog\/2024\/05\/14\/hormonal-therapy-in-prostate-cancer-care\/\">\n                Meer info                <svg xmlns=\"http:\/\/www.w3.org\/2000\/svg\" width=\"9\" height=\"16\" fill=\"none\" aria-hidden=\"true\"><path stroke=\"currentColor\" stroke-width=\"1.2\" d=\"m.426 15.125 7.35-7.35L.424.425\" \/><\/svg>            <\/a>\n        <\/div>\n    <\/div>\n<\/div><\/div>\n<\/div>\n<\/div>\n                    <div class=\"wp-block-ipsen-query-loop__card\" data-filter-options=\"oncologie prostaatkanker videos-pdfs-podcasts\" data-wp-bind--hidden=\"state.isCardHidden\">\n    <div style=\"--block--post-card--header-overlay--background:#2797d3\" class=\"--default-post-card wp-block-ipsen-post-card\" data-post-terms=\"Oncologie, Prostaatkanker, Videos, PDFs &amp; Podcasts\">\n    <div class=\"wp-block-ipsen-post-card__container\">\n    <div class=\"wp-block-ipsen-post-card__header\">\n            <div class=\"wp-block-ipsen-post-card__featured-image\">\n        \n<figure class=\"wp-block-ipsen-image\">\n    <div class=\"wp-block-ipsen-image__wrap\">\n        \n<picture>\n    <img src=\"https:\/\/ipsen-academy.be\/nl\/wp-content\/uploads\/sites\/6\/2025\/11\/academy-background-default.jpeg?w=1050&#038;h=591&#038;crop=1\" width=\"1050\" height=\"591\" srcset=\"https:\/\/ipsen-academy.be\/nl\/wp-content\/uploads\/sites\/6\/2025\/11\/academy-background-default.jpeg?resize=1050,591 1050w, https:\/\/ipsen-academy.be\/nl\/wp-content\/uploads\/sites\/6\/2025\/11\/academy-background-default.jpeg?resize=510,287 510w, https:\/\/ipsen-academy.be\/nl\/wp-content\/uploads\/sites\/6\/2025\/11\/academy-background-default.jpeg?resize=330,186 330w\" sizes=\"auto, (max-width: 1050px) 100vw, 1050px\" alt=\"\" decoding=\"async\" loading=\"lazy\" \/>\n<\/picture>\n            <\/div>\n    <\/figure>\n    <\/div>\n        <div class=\"wp-block-ipsen-post-card__content\">\n                <p>mei 14, 2024<\/p>\n            <h2 class=\"wp-block-ipsen-post-card__title\">\n    Precision medicine for prostate cancer (mCRPC)<\/h2>        <\/div>\n    <\/div>\n\n    <ul class=\"wp-block-ipsen-post-card__meta\">\n                    <li>Oncologie, Prostaatkanker, Videos, PDFs &amp; Podcasts<\/li>\n                <li>Time: 1 minuut leestijd<\/li>\n    <\/ul>\n\n    <div class=\"wp-block-ipsen-post-card__cta\">\n    <div class=\"wp-block-buttons is-layout-flex wp-block-buttons-is-layout-flex\">\n        <div class=\"wp-block-button is-style-secondary\">\n            <a class=\"wp-block-button__link wp-element-button\" aria-label=\"View posts in Precision medicine for prostate cancer (mCRPC)\" href=\"https:\/\/ipsen-academy.be\/nl\/blog\/2024\/05\/14\/precision-medicine-for-prostate-cancer-mcrpc\/\">\n                Meer info                <svg xmlns=\"http:\/\/www.w3.org\/2000\/svg\" width=\"9\" height=\"16\" fill=\"none\" aria-hidden=\"true\"><path stroke=\"currentColor\" stroke-width=\"1.2\" d=\"m.426 15.125 7.35-7.35L.424.425\" \/><\/svg>            <\/a>\n        <\/div>\n    <\/div>\n<\/div><\/div>\n<\/div>\n<\/div>\n                    <div class=\"wp-block-ipsen-query-loop__card\" data-filter-options=\"oncologie prostaatkanker videos-pdfs-podcasts\" data-wp-bind--hidden=\"state.isCardHidden\">\n    <div style=\"--block--post-card--header-overlay--background:#2797d3\" class=\"--default-post-card wp-block-ipsen-post-card\" data-post-terms=\"Oncologie, Prostaatkanker, Videos, PDFs &amp; Podcasts\">\n    <div class=\"wp-block-ipsen-post-card__container\">\n    <div class=\"wp-block-ipsen-post-card__header\">\n            <div class=\"wp-block-ipsen-post-card__featured-image\">\n        \n<figure class=\"wp-block-ipsen-image\">\n    <div class=\"wp-block-ipsen-image__wrap\">\n        \n<picture>\n    <img src=\"https:\/\/ipsen-academy.be\/nl\/wp-content\/uploads\/sites\/6\/2025\/11\/academy-background-default.jpeg?w=1050&#038;h=591&#038;crop=1\" width=\"1050\" height=\"591\" srcset=\"https:\/\/ipsen-academy.be\/nl\/wp-content\/uploads\/sites\/6\/2025\/11\/academy-background-default.jpeg?resize=1050,591 1050w, https:\/\/ipsen-academy.be\/nl\/wp-content\/uploads\/sites\/6\/2025\/11\/academy-background-default.jpeg?resize=510,287 510w, https:\/\/ipsen-academy.be\/nl\/wp-content\/uploads\/sites\/6\/2025\/11\/academy-background-default.jpeg?resize=330,186 330w\" sizes=\"auto, (max-width: 1050px) 100vw, 1050px\" alt=\"\" decoding=\"async\" loading=\"lazy\" \/>\n<\/picture>\n            <\/div>\n    <\/figure>\n    <\/div>\n        <div class=\"wp-block-ipsen-post-card__content\">\n                <p>mei 14, 2024<\/p>\n            <h2 class=\"wp-block-ipsen-post-card__title\">\n    Screening and early detection of prostate cancer<\/h2>        <\/div>\n    <\/div>\n\n    <ul class=\"wp-block-ipsen-post-card__meta\">\n                    <li>Oncologie, Prostaatkanker, Videos, PDFs &amp; Podcasts<\/li>\n                <li>Time: 1 minuut leestijd<\/li>\n    <\/ul>\n\n    <div class=\"wp-block-ipsen-post-card__cta\">\n    <div class=\"wp-block-buttons is-layout-flex wp-block-buttons-is-layout-flex\">\n        <div class=\"wp-block-button is-style-secondary\">\n            <a class=\"wp-block-button__link wp-element-button\" aria-label=\"View posts in Screening and early detection of prostate cancer\" href=\"https:\/\/ipsen-academy.be\/nl\/blog\/2024\/05\/14\/screening-and-early-detection-of-prostate-cancer\/\">\n                Meer info                <svg xmlns=\"http:\/\/www.w3.org\/2000\/svg\" width=\"9\" height=\"16\" fill=\"none\" aria-hidden=\"true\"><path stroke=\"currentColor\" stroke-width=\"1.2\" d=\"m.426 15.125 7.35-7.35L.424.425\" \/><\/svg>            <\/a>\n        <\/div>\n    <\/div>\n<\/div><\/div>\n<\/div>\n<\/div>\n                    <div class=\"wp-block-ipsen-query-loop__card\" data-filter-options=\"oncologie prostaatkanker videos-pdfs-podcasts\" data-wp-bind--hidden=\"state.isCardHidden\">\n    <div style=\"--block--post-card--header-overlay--background:#2797d3\" class=\"--default-post-card wp-block-ipsen-post-card\" data-post-terms=\"Oncologie, Prostaatkanker, Videos, PDFs &amp; Podcasts\">\n    <div class=\"wp-block-ipsen-post-card__container\">\n    <div class=\"wp-block-ipsen-post-card__header\">\n            <div class=\"wp-block-ipsen-post-card__featured-image\">\n        \n<figure class=\"wp-block-ipsen-image\">\n    <div class=\"wp-block-ipsen-image__wrap\">\n        \n<picture>\n    <img src=\"https:\/\/ipsen-academy.be\/nl\/wp-content\/uploads\/sites\/6\/2025\/11\/academy-background-default.jpeg?w=1050&#038;h=591&#038;crop=1\" width=\"1050\" height=\"591\" srcset=\"https:\/\/ipsen-academy.be\/nl\/wp-content\/uploads\/sites\/6\/2025\/11\/academy-background-default.jpeg?resize=1050,591 1050w, https:\/\/ipsen-academy.be\/nl\/wp-content\/uploads\/sites\/6\/2025\/11\/academy-background-default.jpeg?resize=510,287 510w, https:\/\/ipsen-academy.be\/nl\/wp-content\/uploads\/sites\/6\/2025\/11\/academy-background-default.jpeg?resize=330,186 330w\" sizes=\"auto, (max-width: 1050px) 100vw, 1050px\" alt=\"\" decoding=\"async\" loading=\"lazy\" \/>\n<\/picture>\n            <\/div>\n    <\/figure>\n    <\/div>\n        <div class=\"wp-block-ipsen-post-card__content\">\n                <p>mei 14, 2024<\/p>\n            <h2 class=\"wp-block-ipsen-post-card__title\">\n    Radiotherapy highlights in prostate cancer<\/h2>        <\/div>\n    <\/div>\n\n    <ul class=\"wp-block-ipsen-post-card__meta\">\n                    <li>Oncologie, Prostaatkanker, Videos, PDFs &amp; Podcasts<\/li>\n                <li>Time: 1 minuut leestijd<\/li>\n    <\/ul>\n\n    <div class=\"wp-block-ipsen-post-card__cta\">\n    <div class=\"wp-block-buttons is-layout-flex wp-block-buttons-is-layout-flex\">\n        <div class=\"wp-block-button is-style-secondary\">\n            <a class=\"wp-block-button__link wp-element-button\" aria-label=\"View posts in Radiotherapy highlights in prostate cancer\" href=\"https:\/\/ipsen-academy.be\/nl\/blog\/2024\/05\/14\/radiotherapy-highlights-in-prostate-cancer\/\">\n                Meer info                <svg xmlns=\"http:\/\/www.w3.org\/2000\/svg\" width=\"9\" height=\"16\" fill=\"none\" aria-hidden=\"true\"><path stroke=\"currentColor\" stroke-width=\"1.2\" d=\"m.426 15.125 7.35-7.35L.424.425\" \/><\/svg>            <\/a>\n        <\/div>\n    <\/div>\n<\/div><\/div>\n<\/div>\n<\/div>\n                    <div class=\"wp-block-ipsen-query-loop__card\" data-filter-options=\"neurowetenschap spasticiteit patient-info videos-pdfs-podcasts\" data-wp-bind--hidden=\"state.isCardHidden\">\n    <div style=\"--block--post-card--header-overlay--background:#c84874\" class=\"--default-post-card wp-block-ipsen-post-card\" data-post-terms=\"Neurowetenschap, Spasticiteit, Informatie voor pati\u00ebnten, Videos, PDFs &amp; Podcasts\">\n    <div class=\"wp-block-ipsen-post-card__container\">\n    <div class=\"wp-block-ipsen-post-card__header\">\n            <div class=\"wp-block-ipsen-post-card__featured-image\">\n        \n<figure class=\"wp-block-ipsen-image\">\n    <div class=\"wp-block-ipsen-image__wrap\">\n        \n<picture>\n    <img src=\"https:\/\/ipsen-academy.be\/nl\/wp-content\/uploads\/sites\/6\/2025\/11\/academy-background-default.jpeg?w=1050&#038;h=591&#038;crop=1\" width=\"1050\" height=\"591\" srcset=\"https:\/\/ipsen-academy.be\/nl\/wp-content\/uploads\/sites\/6\/2025\/11\/academy-background-default.jpeg?resize=1050,591 1050w, https:\/\/ipsen-academy.be\/nl\/wp-content\/uploads\/sites\/6\/2025\/11\/academy-background-default.jpeg?resize=510,287 510w, https:\/\/ipsen-academy.be\/nl\/wp-content\/uploads\/sites\/6\/2025\/11\/academy-background-default.jpeg?resize=330,186 330w\" sizes=\"auto, (max-width: 1050px) 100vw, 1050px\" alt=\"\" decoding=\"async\" loading=\"lazy\" \/>\n<\/picture>\n            <\/div>\n    <\/figure>\n    <\/div>\n        <div class=\"wp-block-ipsen-post-card__content\">\n                <p>mei 3, 2024<\/p>\n            <h2 class=\"wp-block-ipsen-post-card__title\">\n    De Gevolgen &#8211; het aanvaarden van spasticiteit<\/h2>        <\/div>\n    <\/div>\n\n    <ul class=\"wp-block-ipsen-post-card__meta\">\n                    <li>Neurowetenschap, Spasticiteit, Informatie voor pati\u00ebnten, Videos, PDFs &amp; Podcasts<\/li>\n                <li>Time: 1 minuut leestijd<\/li>\n    <\/ul>\n\n    <div class=\"wp-block-ipsen-post-card__cta\">\n    <div class=\"wp-block-buttons is-layout-flex wp-block-buttons-is-layout-flex\">\n        <div class=\"wp-block-button is-style-secondary\">\n            <a class=\"wp-block-button__link wp-element-button\" aria-label=\"View posts in De Gevolgen - het aanvaarden van spasticiteit\" href=\"https:\/\/ipsen-academy.be\/nl\/blog\/2024\/05\/03\/de-gevolgen-het-aanvaarden-van-spasticiteit\/\">\n                Meer info                <svg xmlns=\"http:\/\/www.w3.org\/2000\/svg\" width=\"9\" height=\"16\" fill=\"none\" aria-hidden=\"true\"><path stroke=\"currentColor\" stroke-width=\"1.2\" d=\"m.426 15.125 7.35-7.35L.424.425\" \/><\/svg>            <\/a>\n        <\/div>\n    <\/div>\n<\/div><\/div>\n<\/div>\n<\/div>\n                    <div class=\"wp-block-ipsen-query-loop__card\" data-filter-options=\"neurowetenschap spasticiteit patient-info videos-pdfs-podcasts\" data-wp-bind--hidden=\"state.isCardHidden\">\n    <div style=\"--block--post-card--header-overlay--background:#c84874\" class=\"--default-post-card wp-block-ipsen-post-card\" data-post-terms=\"Neurowetenschap, Spasticiteit, Informatie voor pati\u00ebnten, Videos, PDFs &amp; Podcasts\">\n    <div class=\"wp-block-ipsen-post-card__container\">\n    <div class=\"wp-block-ipsen-post-card__header\">\n            <div class=\"wp-block-ipsen-post-card__featured-image\">\n        \n<figure class=\"wp-block-ipsen-image\">\n    <div class=\"wp-block-ipsen-image__wrap\">\n        \n<picture>\n    <img src=\"https:\/\/ipsen-academy.be\/nl\/wp-content\/uploads\/sites\/6\/2025\/11\/academy-background-default.jpeg?w=1050&#038;h=591&#038;crop=1\" width=\"1050\" height=\"591\" srcset=\"https:\/\/ipsen-academy.be\/nl\/wp-content\/uploads\/sites\/6\/2025\/11\/academy-background-default.jpeg?resize=1050,591 1050w, https:\/\/ipsen-academy.be\/nl\/wp-content\/uploads\/sites\/6\/2025\/11\/academy-background-default.jpeg?resize=510,287 510w, https:\/\/ipsen-academy.be\/nl\/wp-content\/uploads\/sites\/6\/2025\/11\/academy-background-default.jpeg?resize=330,186 330w\" sizes=\"auto, (max-width: 1050px) 100vw, 1050px\" alt=\"\" decoding=\"async\" loading=\"lazy\" \/>\n<\/picture>\n            <\/div>\n    <\/figure>\n    <\/div>\n        <div class=\"wp-block-ipsen-post-card__content\">\n                <p>april 30, 2024<\/p>\n            <h2 class=\"wp-block-ipsen-post-card__title\">\n    CVA, wat is het?<\/h2>        <\/div>\n    <\/div>\n\n    <ul class=\"wp-block-ipsen-post-card__meta\">\n                    <li>Neurowetenschap, Spasticiteit, Informatie voor pati\u00ebnten, Videos, PDFs &amp; Podcasts<\/li>\n                <li>Time: 1 minuut leestijd<\/li>\n    <\/ul>\n\n    <div class=\"wp-block-ipsen-post-card__cta\">\n    <div class=\"wp-block-buttons is-layout-flex wp-block-buttons-is-layout-flex\">\n        <div class=\"wp-block-button is-style-secondary\">\n            <a class=\"wp-block-button__link wp-element-button\" aria-label=\"View posts in CVA, wat is het?\" href=\"https:\/\/ipsen-academy.be\/nl\/blog\/2024\/04\/30\/cva-wat-is-het\/\">\n                Meer info                <svg xmlns=\"http:\/\/www.w3.org\/2000\/svg\" width=\"9\" height=\"16\" fill=\"none\" aria-hidden=\"true\"><path stroke=\"currentColor\" stroke-width=\"1.2\" d=\"m.426 15.125 7.35-7.35L.424.425\" \/><\/svg>            <\/a>\n        <\/div>\n    <\/div>\n<\/div><\/div>\n<\/div>\n<\/div>\n                    <div class=\"wp-block-ipsen-query-loop__card\" data-filter-options=\"neurowetenschap spasticiteit patient-info videos-pdfs-podcasts\" data-wp-bind--hidden=\"state.isCardHidden\">\n    <div style=\"--block--post-card--header-overlay--background:#c84874\" class=\"--default-post-card wp-block-ipsen-post-card\" data-post-terms=\"Neurowetenschap, Spasticiteit, Informatie voor pati\u00ebnten, Videos, PDFs &amp; Podcasts\">\n    <div class=\"wp-block-ipsen-post-card__container\">\n    <div class=\"wp-block-ipsen-post-card__header\">\n            <div class=\"wp-block-ipsen-post-card__featured-image\">\n        \n<figure class=\"wp-block-ipsen-image\">\n    <div class=\"wp-block-ipsen-image__wrap\">\n        \n<picture>\n    <img src=\"https:\/\/ipsen-academy.be\/nl\/wp-content\/uploads\/sites\/6\/2025\/11\/academy-background-default.jpeg?w=1050&#038;h=591&#038;crop=1\" width=\"1050\" height=\"591\" srcset=\"https:\/\/ipsen-academy.be\/nl\/wp-content\/uploads\/sites\/6\/2025\/11\/academy-background-default.jpeg?resize=1050,591 1050w, https:\/\/ipsen-academy.be\/nl\/wp-content\/uploads\/sites\/6\/2025\/11\/academy-background-default.jpeg?resize=510,287 510w, https:\/\/ipsen-academy.be\/nl\/wp-content\/uploads\/sites\/6\/2025\/11\/academy-background-default.jpeg?resize=330,186 330w\" sizes=\"auto, (max-width: 1050px) 100vw, 1050px\" alt=\"\" decoding=\"async\" loading=\"lazy\" \/>\n<\/picture>\n            <\/div>\n    <\/figure>\n    <\/div>\n        <div class=\"wp-block-ipsen-post-card__content\">\n                <p>april 24, 2024<\/p>\n            <h2 class=\"wp-block-ipsen-post-card__title\">\n    Behandeling met botulinetoxine type A bij kinderen met spastische cerebrale parese<\/h2>        <\/div>\n    <\/div>\n\n    <ul class=\"wp-block-ipsen-post-card__meta\">\n                    <li>Neurowetenschap, Spasticiteit, Informatie voor pati\u00ebnten, Videos, PDFs &amp; Podcasts<\/li>\n                <li>Time: 1 minuut leestijd<\/li>\n    <\/ul>\n\n    <div class=\"wp-block-ipsen-post-card__cta\">\n    <div class=\"wp-block-buttons is-layout-flex wp-block-buttons-is-layout-flex\">\n        <div class=\"wp-block-button is-style-secondary\">\n            <a class=\"wp-block-button__link wp-element-button\" aria-label=\"View posts in Behandeling met botulinetoxine type A bij kinderen met spastische cerebrale parese\" href=\"https:\/\/ipsen-academy.be\/nl\/blog\/2024\/04\/24\/behandeling-met-botulinetoxine-type-a-bij-kinderen-met-spastische-cerebrale-parese\/\">\n                Meer info                <svg xmlns=\"http:\/\/www.w3.org\/2000\/svg\" width=\"9\" height=\"16\" fill=\"none\" aria-hidden=\"true\"><path stroke=\"currentColor\" stroke-width=\"1.2\" d=\"m.426 15.125 7.35-7.35L.424.425\" \/><\/svg>            <\/a>\n        <\/div>\n    <\/div>\n<\/div><\/div>\n<\/div>\n<\/div>\n                    <div class=\"wp-block-ipsen-query-loop__card\" data-filter-options=\"neurowetenschap urine-incontinentie-als-gevolg-van-neurogene-detrusor-overactiviteit-ndo videos-pdfs-podcasts\" data-wp-bind--hidden=\"state.isCardHidden\">\n    <div style=\"--block--post-card--header-overlay--background:#c84874\" class=\"--default-post-card wp-block-ipsen-post-card\" data-post-terms=\"Neurowetenschap, Urine-incontinentie als gevolg van neurogene detrusor overactiviteit (NDO), Videos, PDFs &amp; Podcasts\">\n    <div class=\"wp-block-ipsen-post-card__container\">\n    <div class=\"wp-block-ipsen-post-card__header\">\n            <div class=\"wp-block-ipsen-post-card__featured-image\">\n        \n<figure class=\"wp-block-ipsen-image\">\n    <div class=\"wp-block-ipsen-image__wrap\">\n        \n<picture>\n    <img src=\"https:\/\/ipsen-academy.be\/nl\/wp-content\/uploads\/sites\/6\/2025\/11\/academy-background-default.jpeg?w=1050&#038;h=591&#038;crop=1\" width=\"1050\" height=\"591\" srcset=\"https:\/\/ipsen-academy.be\/nl\/wp-content\/uploads\/sites\/6\/2025\/11\/academy-background-default.jpeg?resize=1050,591 1050w, https:\/\/ipsen-academy.be\/nl\/wp-content\/uploads\/sites\/6\/2025\/11\/academy-background-default.jpeg?resize=510,287 510w, https:\/\/ipsen-academy.be\/nl\/wp-content\/uploads\/sites\/6\/2025\/11\/academy-background-default.jpeg?resize=330,186 330w\" sizes=\"auto, (max-width: 1050px) 100vw, 1050px\" alt=\"\" decoding=\"async\" loading=\"lazy\" \/>\n<\/picture>\n            <\/div>\n    <\/figure>\n    <\/div>\n        <div class=\"wp-block-ipsen-post-card__content\">\n                <p>april 17, 2024<\/p>\n            <h2 class=\"wp-block-ipsen-post-card__title\">\n    Wat is er nieuw in de behandeling van urinaire incontinentie met detrusoroveractiviteit ?<\/h2>        <\/div>\n    <\/div>\n\n    <ul class=\"wp-block-ipsen-post-card__meta\">\n                    <li>Neurowetenschap, Urine-incontinentie als gevolg van neurogene detrusor overactiviteit (NDO), Videos, PDFs &amp; Podcasts<\/li>\n                <li>Time: 1 minuut leestijd<\/li>\n    <\/ul>\n\n    <div class=\"wp-block-ipsen-post-card__cta\">\n    <div class=\"wp-block-buttons is-layout-flex wp-block-buttons-is-layout-flex\">\n        <div class=\"wp-block-button is-style-secondary\">\n            <a class=\"wp-block-button__link wp-element-button\" aria-label=\"View posts in Wat is er nieuw in de behandeling van urinaire incontinentie met detrusoroveractiviteit ?\" href=\"https:\/\/ipsen-academy.be\/nl\/blog\/2024\/04\/17\/wat-is-er-nieuw-in-de-behandeling-van-urinaire-incontinentie-met-detrusoroveractiviteit\/\">\n                Meer info                <svg xmlns=\"http:\/\/www.w3.org\/2000\/svg\" width=\"9\" height=\"16\" fill=\"none\" aria-hidden=\"true\"><path stroke=\"currentColor\" stroke-width=\"1.2\" d=\"m.426 15.125 7.35-7.35L.424.425\" \/><\/svg>            <\/a>\n        <\/div>\n    <\/div>\n<\/div><\/div>\n<\/div>\n<\/div>\n                    <div class=\"wp-block-ipsen-query-loop__card\" data-filter-options=\"neurowetenschap spasticiteit videos-pdfs-podcasts\" data-wp-bind--hidden=\"state.isCardHidden\">\n    <div style=\"--block--post-card--header-overlay--background:#c84874\" class=\"--default-post-card wp-block-ipsen-post-card\" data-post-terms=\"Neurowetenschap, Spasticiteit, Videos, PDFs &amp; Podcasts\">\n    <div class=\"wp-block-ipsen-post-card__container\">\n    <div class=\"wp-block-ipsen-post-card__header\">\n            <div class=\"wp-block-ipsen-post-card__featured-image\">\n        \n<figure class=\"wp-block-ipsen-image\">\n    <div class=\"wp-block-ipsen-image__wrap\">\n        \n<picture>\n    <img src=\"https:\/\/ipsen-academy.be\/nl\/wp-content\/uploads\/sites\/6\/2025\/11\/academy-background-default.jpeg?w=1050&#038;h=591&#038;crop=1\" width=\"1050\" height=\"591\" srcset=\"https:\/\/ipsen-academy.be\/nl\/wp-content\/uploads\/sites\/6\/2025\/11\/academy-background-default.jpeg?resize=1050,591 1050w, https:\/\/ipsen-academy.be\/nl\/wp-content\/uploads\/sites\/6\/2025\/11\/academy-background-default.jpeg?resize=510,287 510w, https:\/\/ipsen-academy.be\/nl\/wp-content\/uploads\/sites\/6\/2025\/11\/academy-background-default.jpeg?resize=330,186 330w\" sizes=\"auto, (max-width: 1050px) 100vw, 1050px\" alt=\"\" decoding=\"async\" loading=\"lazy\" \/>\n<\/picture>\n            <\/div>\n    <\/figure>\n    <\/div>\n        <div class=\"wp-block-ipsen-post-card__content\">\n                <p>april 16, 2024<\/p>\n            <h2 class=\"wp-block-ipsen-post-card__title\">\n    Wat is er nieuw in de behandeling van spasticiteit ?<\/h2>        <\/div>\n    <\/div>\n\n    <ul class=\"wp-block-ipsen-post-card__meta\">\n                    <li>Neurowetenschap, Spasticiteit, Videos, PDFs &amp; Podcasts<\/li>\n                <li>Time: 1 minuut leestijd<\/li>\n    <\/ul>\n\n    <div class=\"wp-block-ipsen-post-card__cta\">\n    <div class=\"wp-block-buttons is-layout-flex wp-block-buttons-is-layout-flex\">\n        <div class=\"wp-block-button is-style-secondary\">\n            <a class=\"wp-block-button__link wp-element-button\" aria-label=\"View posts in Wat is er nieuw in de behandeling van spasticiteit ?\" href=\"https:\/\/ipsen-academy.be\/nl\/blog\/2024\/04\/16\/wat-is-er-nieuw-in-de-behandeling-van-spasticiteit\/\">\n                Meer info                <svg xmlns=\"http:\/\/www.w3.org\/2000\/svg\" width=\"9\" height=\"16\" fill=\"none\" aria-hidden=\"true\"><path stroke=\"currentColor\" stroke-width=\"1.2\" d=\"m.426 15.125 7.35-7.35L.424.425\" \/><\/svg>            <\/a>\n        <\/div>\n    <\/div>\n<\/div><\/div>\n<\/div>\n<\/div>\n                    <div class=\"wp-block-ipsen-query-loop__card\" data-filter-options=\"dystonie neurowetenschap patient-info\" data-wp-bind--hidden=\"state.isCardHidden\">\n    <div style=\"--block--post-card--header-overlay--background:#c84874\" class=\"--default-post-card wp-block-ipsen-post-card\" data-post-terms=\"Dystonie, Neurowetenschap, Informatie voor pati\u00ebnten\">\n    <div class=\"wp-block-ipsen-post-card__container\">\n    <div class=\"wp-block-ipsen-post-card__header\">\n            <div class=\"wp-block-ipsen-post-card__featured-image\">\n        \n<figure class=\"wp-block-ipsen-image\">\n    <div class=\"wp-block-ipsen-image__wrap\">\n        \n<picture>\n    <img src=\"https:\/\/ipsen-academy.be\/nl\/wp-content\/uploads\/sites\/6\/2025\/11\/academy-background-default.jpeg?w=1050&#038;h=591&#038;crop=1\" width=\"1050\" height=\"591\" srcset=\"https:\/\/ipsen-academy.be\/nl\/wp-content\/uploads\/sites\/6\/2025\/11\/academy-background-default.jpeg?resize=1050,591 1050w, https:\/\/ipsen-academy.be\/nl\/wp-content\/uploads\/sites\/6\/2025\/11\/academy-background-default.jpeg?resize=510,287 510w, https:\/\/ipsen-academy.be\/nl\/wp-content\/uploads\/sites\/6\/2025\/11\/academy-background-default.jpeg?resize=330,186 330w\" sizes=\"auto, (max-width: 1050px) 100vw, 1050px\" alt=\"\" decoding=\"async\" loading=\"lazy\" \/>\n<\/picture>\n            <\/div>\n    <\/figure>\n    <\/div>\n        <div class=\"wp-block-ipsen-post-card__content\">\n                <p>april 3, 2024<\/p>\n            <h2 class=\"wp-block-ipsen-post-card__title\">\n    Behandeling van cervicale dystonie met botulinetoxine type A<\/h2>        <\/div>\n    <\/div>\n\n    <ul class=\"wp-block-ipsen-post-card__meta\">\n                    <li>Dystonie, Neurowetenschap, Informatie voor pati\u00ebnten<\/li>\n                <li>Time: 1 minuut leestijd<\/li>\n    <\/ul>\n\n    <div class=\"wp-block-ipsen-post-card__cta\">\n    <div class=\"wp-block-buttons is-layout-flex wp-block-buttons-is-layout-flex\">\n        <div class=\"wp-block-button is-style-secondary\">\n            <a class=\"wp-block-button__link wp-element-button\" aria-label=\"View posts in Behandeling van cervicale dystonie met botulinetoxine type A\" href=\"https:\/\/ipsen-academy.be\/nl\/blog\/2024\/04\/03\/behandeling-van-cervicale-dystonie-met-botulinetoxine-type-a\/\">\n                Meer info                <svg xmlns=\"http:\/\/www.w3.org\/2000\/svg\" width=\"9\" height=\"16\" fill=\"none\" aria-hidden=\"true\"><path stroke=\"currentColor\" stroke-width=\"1.2\" d=\"m.426 15.125 7.35-7.35L.424.425\" \/><\/svg>            <\/a>\n        <\/div>\n    <\/div>\n<\/div><\/div>\n<\/div>\n<\/div>\n                    <div class=\"wp-block-ipsen-query-loop__card\" data-filter-options=\"oncologie prostaatkanker videos-pdfs-podcasts\" data-wp-bind--hidden=\"state.isCardHidden\">\n    <div style=\"--block--post-card--header-overlay--background:#2797d3\" class=\"--default-post-card wp-block-ipsen-post-card\" data-post-terms=\"Oncologie, Prostaatkanker, Videos, PDFs &amp; Podcasts\">\n    <div class=\"wp-block-ipsen-post-card__container\">\n    <div class=\"wp-block-ipsen-post-card__header\">\n            <div class=\"wp-block-ipsen-post-card__featured-image\">\n        \n<figure class=\"wp-block-ipsen-image\">\n    <div class=\"wp-block-ipsen-image__wrap\">\n        \n<picture>\n    <img src=\"https:\/\/ipsen-academy.be\/nl\/wp-content\/uploads\/sites\/6\/2025\/11\/academy-background-default.jpeg?w=1050&#038;h=591&#038;crop=1\" width=\"1050\" height=\"591\" srcset=\"https:\/\/ipsen-academy.be\/nl\/wp-content\/uploads\/sites\/6\/2025\/11\/academy-background-default.jpeg?resize=1050,591 1050w, https:\/\/ipsen-academy.be\/nl\/wp-content\/uploads\/sites\/6\/2025\/11\/academy-background-default.jpeg?resize=510,287 510w, https:\/\/ipsen-academy.be\/nl\/wp-content\/uploads\/sites\/6\/2025\/11\/academy-background-default.jpeg?resize=330,186 330w\" sizes=\"auto, (max-width: 1050px) 100vw, 1050px\" alt=\"\" decoding=\"async\" loading=\"lazy\" \/>\n<\/picture>\n            <\/div>\n    <\/figure>\n    <\/div>\n        <div class=\"wp-block-ipsen-post-card__content\">\n                <p>maart 28, 2024<\/p>\n            <h2 class=\"wp-block-ipsen-post-card__title\">\n    2022 &amp; ASCO GU\u201923 Highlights van prostaatkankerchirurgie &#8211; Prof. Dr. Steven Joniau<\/h2>        <\/div>\n    <\/div>\n\n    <ul class=\"wp-block-ipsen-post-card__meta\">\n                    <li>Oncologie, Prostaatkanker, Videos, PDFs &amp; Podcasts<\/li>\n                <li>Time: 1 minuut leestijd<\/li>\n    <\/ul>\n\n    <div class=\"wp-block-ipsen-post-card__cta\">\n    <div class=\"wp-block-buttons is-layout-flex wp-block-buttons-is-layout-flex\">\n        <div class=\"wp-block-button is-style-secondary\">\n            <a class=\"wp-block-button__link wp-element-button\" aria-label=\"View posts in 2022 &amp; ASCO GU\u201923 Highlights van prostaatkankerchirurgie - Prof. Dr. Steven Joniau\" href=\"https:\/\/ipsen-academy.be\/nl\/blog\/2024\/03\/28\/2022-asco-gu23-highlights-van-prostaatkankerchirurgie-prof-dr-steven-joniau\/\">\n                Meer info                <svg xmlns=\"http:\/\/www.w3.org\/2000\/svg\" width=\"9\" height=\"16\" fill=\"none\" aria-hidden=\"true\"><path stroke=\"currentColor\" stroke-width=\"1.2\" d=\"m.426 15.125 7.35-7.35L.424.425\" \/><\/svg>            <\/a>\n        <\/div>\n    <\/div>\n<\/div><\/div>\n<\/div>\n<\/div>\n                    <div class=\"wp-block-ipsen-query-loop__card\" data-filter-options=\"neurowetenschap spasticiteit videos-pdfs-podcasts\" data-wp-bind--hidden=\"state.isCardHidden\">\n    <div style=\"--block--post-card--header-overlay--background:#c84874\" class=\"--default-post-card wp-block-ipsen-post-card\" data-post-terms=\"Neurowetenschap, Spasticiteit, Videos, PDFs &amp; Podcasts\">\n    <div class=\"wp-block-ipsen-post-card__container\">\n    <div class=\"wp-block-ipsen-post-card__header\">\n            <div class=\"wp-block-ipsen-post-card__featured-image\">\n        \n<figure class=\"wp-block-ipsen-image\">\n    <div class=\"wp-block-ipsen-image__wrap\">\n        \n<picture>\n    <img src=\"https:\/\/ipsen-academy.be\/nl\/wp-content\/uploads\/sites\/6\/2025\/11\/academy-background-default.jpeg?w=1050&#038;h=591&#038;crop=1\" width=\"1050\" height=\"591\" srcset=\"https:\/\/ipsen-academy.be\/nl\/wp-content\/uploads\/sites\/6\/2025\/11\/academy-background-default.jpeg?resize=1050,591 1050w, https:\/\/ipsen-academy.be\/nl\/wp-content\/uploads\/sites\/6\/2025\/11\/academy-background-default.jpeg?resize=510,287 510w, https:\/\/ipsen-academy.be\/nl\/wp-content\/uploads\/sites\/6\/2025\/11\/academy-background-default.jpeg?resize=330,186 330w\" sizes=\"auto, (max-width: 1050px) 100vw, 1050px\" alt=\"\" decoding=\"async\" loading=\"lazy\" \/>\n<\/picture>\n            <\/div>\n    <\/figure>\n    <\/div>\n        <div class=\"wp-block-ipsen-post-card__content\">\n                <p>maart 13, 2024<\/p>\n            <h2 class=\"wp-block-ipsen-post-card__title\">\n    Doelen stellen bij spastische parese<\/h2>        <\/div>\n    <\/div>\n\n    <ul class=\"wp-block-ipsen-post-card__meta\">\n                    <li>Neurowetenschap, Spasticiteit, Videos, PDFs &amp; Podcasts<\/li>\n                <li>Time: 1 minuut leestijd<\/li>\n    <\/ul>\n\n    <div class=\"wp-block-ipsen-post-card__cta\">\n    <div class=\"wp-block-buttons is-layout-flex wp-block-buttons-is-layout-flex\">\n        <div class=\"wp-block-button is-style-secondary\">\n            <a class=\"wp-block-button__link wp-element-button\" aria-label=\"View posts in Doelen stellen bij spastische parese\" href=\"https:\/\/ipsen-academy.be\/nl\/blog\/2024\/03\/13\/doelen-stellen-bij-spastische-parese\/\">\n                Meer info                <svg xmlns=\"http:\/\/www.w3.org\/2000\/svg\" width=\"9\" height=\"16\" fill=\"none\" aria-hidden=\"true\"><path stroke=\"currentColor\" stroke-width=\"1.2\" d=\"m.426 15.125 7.35-7.35L.424.425\" \/><\/svg>            <\/a>\n        <\/div>\n    <\/div>\n<\/div><\/div>\n<\/div>\n<\/div>\n                    <div class=\"wp-block-ipsen-query-loop__card\" data-filter-options=\"neurowetenschap spasticiteit patient-info videos-pdfs-podcasts\" data-wp-bind--hidden=\"state.isCardHidden\">\n    <div style=\"--block--post-card--header-overlay--background:#c84874\" class=\"--default-post-card wp-block-ipsen-post-card\" data-post-terms=\"Neurowetenschap, Spasticiteit, Informatie voor pati\u00ebnten, Videos, PDFs &amp; Podcasts\">\n    <div class=\"wp-block-ipsen-post-card__container\">\n    <div class=\"wp-block-ipsen-post-card__header\">\n            <div class=\"wp-block-ipsen-post-card__featured-image\">\n        \n<figure class=\"wp-block-ipsen-image\">\n    <div class=\"wp-block-ipsen-image__wrap\">\n        \n<picture>\n    <img src=\"https:\/\/ipsen-academy.be\/nl\/wp-content\/uploads\/sites\/6\/2025\/11\/academy-background-default.jpeg?w=1050&#038;h=591&#038;crop=1\" width=\"1050\" height=\"591\" srcset=\"https:\/\/ipsen-academy.be\/nl\/wp-content\/uploads\/sites\/6\/2025\/11\/academy-background-default.jpeg?resize=1050,591 1050w, https:\/\/ipsen-academy.be\/nl\/wp-content\/uploads\/sites\/6\/2025\/11\/academy-background-default.jpeg?resize=510,287 510w, https:\/\/ipsen-academy.be\/nl\/wp-content\/uploads\/sites\/6\/2025\/11\/academy-background-default.jpeg?resize=330,186 330w\" sizes=\"auto, (max-width: 1050px) 100vw, 1050px\" alt=\"\" decoding=\"async\" loading=\"lazy\" \/>\n<\/picture>\n            <\/div>\n    <\/figure>\n    <\/div>\n        <div class=\"wp-block-ipsen-post-card__content\">\n                <p>januari 19, 2024<\/p>\n            <h2 class=\"wp-block-ipsen-post-card__title\">\n    Spasticiteit en multiple sclerose<\/h2>        <\/div>\n    <\/div>\n\n    <ul class=\"wp-block-ipsen-post-card__meta\">\n                    <li>Neurowetenschap, Spasticiteit, Informatie voor pati\u00ebnten, Videos, PDFs &amp; Podcasts<\/li>\n                <li>Time: 1 minuut leestijd<\/li>\n    <\/ul>\n\n    <div class=\"wp-block-ipsen-post-card__cta\">\n    <div class=\"wp-block-buttons is-layout-flex wp-block-buttons-is-layout-flex\">\n        <div class=\"wp-block-button is-style-secondary\">\n            <a class=\"wp-block-button__link wp-element-button\" aria-label=\"View posts in Spasticiteit en multiple sclerose\" href=\"https:\/\/ipsen-academy.be\/nl\/blog\/2024\/01\/19\/spasticiteit-en-multiple-sclerose\/\">\n                Meer info                <svg xmlns=\"http:\/\/www.w3.org\/2000\/svg\" width=\"9\" height=\"16\" fill=\"none\" aria-hidden=\"true\"><path stroke=\"currentColor\" stroke-width=\"1.2\" d=\"m.426 15.125 7.35-7.35L.424.425\" \/><\/svg>            <\/a>\n        <\/div>\n    <\/div>\n<\/div><\/div>\n<\/div>\n<\/div>\n                    <div class=\"wp-block-ipsen-query-loop__card\" data-filter-options=\"blepharospasme-hemifaciale-spasme neurowetenschap patient-info videos-pdfs-podcasts\" data-wp-bind--hidden=\"state.isCardHidden\">\n    <div style=\"--block--post-card--header-overlay--background:#c84874\" class=\"--default-post-card wp-block-ipsen-post-card\" data-post-terms=\"Blepharospasme &amp; hemifaciale spasme, Neurowetenschap, Informatie voor pati\u00ebnten, Videos, PDFs &amp; Podcasts\">\n    <div class=\"wp-block-ipsen-post-card__container\">\n    <div class=\"wp-block-ipsen-post-card__header\">\n            <div class=\"wp-block-ipsen-post-card__featured-image\">\n        \n<figure class=\"wp-block-ipsen-image\">\n    <div class=\"wp-block-ipsen-image__wrap\">\n        \n<picture>\n    <img src=\"https:\/\/ipsen-academy.be\/nl\/wp-content\/uploads\/sites\/6\/2025\/11\/academy-background-default.jpeg?w=1050&#038;h=591&#038;crop=1\" width=\"1050\" height=\"591\" srcset=\"https:\/\/ipsen-academy.be\/nl\/wp-content\/uploads\/sites\/6\/2025\/11\/academy-background-default.jpeg?resize=1050,591 1050w, https:\/\/ipsen-academy.be\/nl\/wp-content\/uploads\/sites\/6\/2025\/11\/academy-background-default.jpeg?resize=510,287 510w, https:\/\/ipsen-academy.be\/nl\/wp-content\/uploads\/sites\/6\/2025\/11\/academy-background-default.jpeg?resize=330,186 330w\" sizes=\"auto, (max-width: 1050px) 100vw, 1050px\" alt=\"\" decoding=\"async\" loading=\"lazy\" \/>\n<\/picture>\n            <\/div>\n    <\/figure>\n    <\/div>\n        <div class=\"wp-block-ipsen-post-card__content\">\n                <p>januari 19, 2024<\/p>\n            <h2 class=\"wp-block-ipsen-post-card__title\">\n    Behandeling van blefarospasme met botulinetoxine type A<\/h2>        <\/div>\n    <\/div>\n\n    <ul class=\"wp-block-ipsen-post-card__meta\">\n                    <li>Blepharospasme &amp; hemifaciale spasme, Neurowetenschap, Informatie voor pati\u00ebnten, Videos, PDFs &amp; Podcasts<\/li>\n                <li>Time: 1 minuut leestijd<\/li>\n    <\/ul>\n\n    <div class=\"wp-block-ipsen-post-card__cta\">\n    <div class=\"wp-block-buttons is-layout-flex wp-block-buttons-is-layout-flex\">\n        <div class=\"wp-block-button is-style-secondary\">\n            <a class=\"wp-block-button__link wp-element-button\" aria-label=\"View posts in Behandeling van blefarospasme met botulinetoxine type A\" href=\"https:\/\/ipsen-academy.be\/nl\/blog\/2024\/01\/19\/behandeling-van-blefarospasme-met-botulinetoxine-type-a\/\">\n                Meer info                <svg xmlns=\"http:\/\/www.w3.org\/2000\/svg\" width=\"9\" height=\"16\" fill=\"none\" aria-hidden=\"true\"><path stroke=\"currentColor\" stroke-width=\"1.2\" d=\"m.426 15.125 7.35-7.35L.424.425\" \/><\/svg>            <\/a>\n        <\/div>\n    <\/div>\n<\/div><\/div>\n<\/div>\n<\/div>\n                    <div class=\"wp-block-ipsen-query-loop__card\" data-filter-options=\"blepharospasme-hemifaciale-spasme neurowetenschap patient-info videos-pdfs-podcasts\" data-wp-bind--hidden=\"state.isCardHidden\">\n    <div style=\"--block--post-card--header-overlay--background:#c84874\" class=\"--default-post-card wp-block-ipsen-post-card\" data-post-terms=\"Blepharospasme &amp; hemifaciale spasme, Neurowetenschap, Informatie voor pati\u00ebnten, Videos, PDFs &amp; Podcasts\">\n    <div class=\"wp-block-ipsen-post-card__container\">\n    <div class=\"wp-block-ipsen-post-card__header\">\n            <div class=\"wp-block-ipsen-post-card__featured-image\">\n        \n<figure class=\"wp-block-ipsen-image\">\n    <div class=\"wp-block-ipsen-image__wrap\">\n        \n<picture>\n    <img src=\"https:\/\/ipsen-academy.be\/nl\/wp-content\/uploads\/sites\/6\/2025\/11\/academy-background-default.jpeg?w=1050&#038;h=591&#038;crop=1\" width=\"1050\" height=\"591\" srcset=\"https:\/\/ipsen-academy.be\/nl\/wp-content\/uploads\/sites\/6\/2025\/11\/academy-background-default.jpeg?resize=1050,591 1050w, https:\/\/ipsen-academy.be\/nl\/wp-content\/uploads\/sites\/6\/2025\/11\/academy-background-default.jpeg?resize=510,287 510w, https:\/\/ipsen-academy.be\/nl\/wp-content\/uploads\/sites\/6\/2025\/11\/academy-background-default.jpeg?resize=330,186 330w\" sizes=\"auto, (max-width: 1050px) 100vw, 1050px\" alt=\"\" decoding=\"async\" loading=\"lazy\" \/>\n<\/picture>\n            <\/div>\n    <\/figure>\n    <\/div>\n        <div class=\"wp-block-ipsen-post-card__content\">\n                <p>januari 19, 2024<\/p>\n            <h2 class=\"wp-block-ipsen-post-card__title\">\n    Behandeling van hemifaciale spasme met botulinetoxine type A<\/h2>        <\/div>\n    <\/div>\n\n    <ul class=\"wp-block-ipsen-post-card__meta\">\n                    <li>Blepharospasme &amp; hemifaciale spasme, Neurowetenschap, Informatie voor pati\u00ebnten, Videos, PDFs &amp; Podcasts<\/li>\n                <li>Time: 1 minuut leestijd<\/li>\n    <\/ul>\n\n    <div class=\"wp-block-ipsen-post-card__cta\">\n    <div class=\"wp-block-buttons is-layout-flex wp-block-buttons-is-layout-flex\">\n        <div class=\"wp-block-button is-style-secondary\">\n            <a class=\"wp-block-button__link wp-element-button\" aria-label=\"View posts in Behandeling van hemifaciale spasme met botulinetoxine type A\" href=\"https:\/\/ipsen-academy.be\/nl\/blog\/2024\/01\/19\/behandeling-van-hemifaciale-spasme-met-botulinetoxine-type-a\/\">\n                Meer info                <svg xmlns=\"http:\/\/www.w3.org\/2000\/svg\" width=\"9\" height=\"16\" fill=\"none\" aria-hidden=\"true\"><path stroke=\"currentColor\" stroke-width=\"1.2\" d=\"m.426 15.125 7.35-7.35L.424.425\" \/><\/svg>            <\/a>\n        <\/div>\n    <\/div>\n<\/div><\/div>\n<\/div>\n<\/div>\n                    <div class=\"wp-block-ipsen-query-loop__card\" data-filter-options=\"neurowetenschap spasticiteit patient-info videos-pdfs-podcasts\" data-wp-bind--hidden=\"state.isCardHidden\">\n    <div style=\"--block--post-card--header-overlay--background:#c84874\" class=\"--default-post-card wp-block-ipsen-post-card\" data-post-terms=\"Neurowetenschap, Spasticiteit, Informatie voor pati\u00ebnten, Videos, PDFs &amp; Podcasts\">\n    <div class=\"wp-block-ipsen-post-card__container\">\n    <div class=\"wp-block-ipsen-post-card__header\">\n            <div class=\"wp-block-ipsen-post-card__featured-image\">\n        \n<figure class=\"wp-block-ipsen-image\">\n    <div class=\"wp-block-ipsen-image__wrap\">\n        \n<picture>\n    <img src=\"https:\/\/ipsen-academy.be\/nl\/wp-content\/uploads\/sites\/6\/2025\/11\/academy-background-default.jpeg?w=1050&#038;h=591&#038;crop=1\" width=\"1050\" height=\"591\" srcset=\"https:\/\/ipsen-academy.be\/nl\/wp-content\/uploads\/sites\/6\/2025\/11\/academy-background-default.jpeg?resize=1050,591 1050w, https:\/\/ipsen-academy.be\/nl\/wp-content\/uploads\/sites\/6\/2025\/11\/academy-background-default.jpeg?resize=510,287 510w, https:\/\/ipsen-academy.be\/nl\/wp-content\/uploads\/sites\/6\/2025\/11\/academy-background-default.jpeg?resize=330,186 330w\" sizes=\"auto, (max-width: 1050px) 100vw, 1050px\" alt=\"\" decoding=\"async\" loading=\"lazy\" \/>\n<\/picture>\n            <\/div>\n    <\/figure>\n    <\/div>\n        <div class=\"wp-block-ipsen-post-card__content\">\n                <p>januari 19, 2024<\/p>\n            <h2 class=\"wp-block-ipsen-post-card__title\">\n    Spasticiteit en beroerte<\/h2>        <\/div>\n    <\/div>\n\n    <ul class=\"wp-block-ipsen-post-card__meta\">\n                    <li>Neurowetenschap, Spasticiteit, Informatie voor pati\u00ebnten, Videos, PDFs &amp; Podcasts<\/li>\n                <li>Time: 1 minuut leestijd<\/li>\n    <\/ul>\n\n    <div class=\"wp-block-ipsen-post-card__cta\">\n    <div class=\"wp-block-buttons is-layout-flex wp-block-buttons-is-layout-flex\">\n        <div class=\"wp-block-button is-style-secondary\">\n            <a class=\"wp-block-button__link wp-element-button\" aria-label=\"View posts in Spasticiteit en beroerte\" href=\"https:\/\/ipsen-academy.be\/nl\/blog\/2024\/01\/19\/spasticiteit-en-beroerte\/\">\n                Meer info                <svg xmlns=\"http:\/\/www.w3.org\/2000\/svg\" width=\"9\" height=\"16\" fill=\"none\" aria-hidden=\"true\"><path stroke=\"currentColor\" stroke-width=\"1.2\" d=\"m.426 15.125 7.35-7.35L.424.425\" \/><\/svg>            <\/a>\n        <\/div>\n    <\/div>\n<\/div><\/div>\n<\/div>\n<\/div>\n                    <div class=\"wp-block-ipsen-query-loop__card\" data-filter-options=\"niercelcarcinoom oncologie prostaatkanker patient-info videos-pdfs-podcasts\" data-wp-bind--hidden=\"state.isCardHidden\">\n    <div style=\"--block--post-card--header-overlay--background:#2797d3\" class=\"--default-post-card wp-block-ipsen-post-card\" data-post-terms=\"Niercelcarcinoom, Oncologie, Prostaatkanker, Informatie voor pati\u00ebnten, Videos, PDFs &amp; Podcasts\">\n    <div class=\"wp-block-ipsen-post-card__container\">\n    <div class=\"wp-block-ipsen-post-card__header\">\n            <div class=\"wp-block-ipsen-post-card__featured-image\">\n        \n<figure class=\"wp-block-ipsen-image\">\n    <div class=\"wp-block-ipsen-image__wrap\">\n        \n<picture>\n    <img src=\"https:\/\/ipsen-academy.be\/nl\/wp-content\/uploads\/sites\/6\/2025\/11\/academy-background-default.jpeg?w=1050&#038;h=591&#038;crop=1\" width=\"1050\" height=\"591\" srcset=\"https:\/\/ipsen-academy.be\/nl\/wp-content\/uploads\/sites\/6\/2025\/11\/academy-background-default.jpeg?resize=1050,591 1050w, https:\/\/ipsen-academy.be\/nl\/wp-content\/uploads\/sites\/6\/2025\/11\/academy-background-default.jpeg?resize=510,287 510w, https:\/\/ipsen-academy.be\/nl\/wp-content\/uploads\/sites\/6\/2025\/11\/academy-background-default.jpeg?resize=330,186 330w\" sizes=\"auto, (max-width: 1050px) 100vw, 1050px\" alt=\"\" decoding=\"async\" loading=\"lazy\" \/>\n<\/picture>\n            <\/div>\n    <\/figure>\n    <\/div>\n        <div class=\"wp-block-ipsen-post-card__content\">\n                <p>december 19, 2023<\/p>\n            <h2 class=\"wp-block-ipsen-post-card__title\">\n    Prostaat fusiebiopsie brochure<\/h2>        <\/div>\n    <\/div>\n\n    <ul class=\"wp-block-ipsen-post-card__meta\">\n                    <li>Niercelcarcinoom, Oncologie, Prostaatkanker, Informatie voor pati\u00ebnten, Videos, PDFs &amp; Podcasts<\/li>\n                <li>Time: 1 minuut leestijd<\/li>\n    <\/ul>\n\n    <div class=\"wp-block-ipsen-post-card__cta\">\n    <div class=\"wp-block-buttons is-layout-flex wp-block-buttons-is-layout-flex\">\n        <div class=\"wp-block-button is-style-secondary\">\n            <a class=\"wp-block-button__link wp-element-button\" aria-label=\"View posts in Prostaat fusiebiopsie brochure\" href=\"https:\/\/ipsen-academy.be\/nl\/blog\/2023\/12\/19\/prostaat-fusiebiopsie-brochure\/\">\n                Meer info                <svg xmlns=\"http:\/\/www.w3.org\/2000\/svg\" width=\"9\" height=\"16\" fill=\"none\" aria-hidden=\"true\"><path stroke=\"currentColor\" stroke-width=\"1.2\" d=\"m.426 15.125 7.35-7.35L.424.425\" \/><\/svg>            <\/a>\n        <\/div>\n    <\/div>\n<\/div><\/div>\n<\/div>\n<\/div>\n                    <div class=\"wp-block-ipsen-query-loop__card\" data-filter-options=\"neurowetenschap spasticiteit patient-info videos-pdfs-podcasts\" data-wp-bind--hidden=\"state.isCardHidden\">\n    <div style=\"--block--post-card--header-overlay--background:#c84874\" class=\"--default-post-card wp-block-ipsen-post-card\" data-post-terms=\"Neurowetenschap, Spasticiteit, Informatie voor pati\u00ebnten, Videos, PDFs &amp; Podcasts\">\n    <div class=\"wp-block-ipsen-post-card__container\">\n    <div class=\"wp-block-ipsen-post-card__header\">\n            <div class=\"wp-block-ipsen-post-card__featured-image\">\n        \n<figure class=\"wp-block-ipsen-image\">\n    <div class=\"wp-block-ipsen-image__wrap\">\n        \n<picture>\n    <img src=\"https:\/\/ipsen-academy.be\/nl\/wp-content\/uploads\/sites\/6\/2025\/11\/academy-background-default.jpeg?w=1050&#038;h=591&#038;crop=1\" width=\"1050\" height=\"591\" srcset=\"https:\/\/ipsen-academy.be\/nl\/wp-content\/uploads\/sites\/6\/2025\/11\/academy-background-default.jpeg?resize=1050,591 1050w, https:\/\/ipsen-academy.be\/nl\/wp-content\/uploads\/sites\/6\/2025\/11\/academy-background-default.jpeg?resize=510,287 510w, https:\/\/ipsen-academy.be\/nl\/wp-content\/uploads\/sites\/6\/2025\/11\/academy-background-default.jpeg?resize=330,186 330w\" sizes=\"auto, (max-width: 1050px) 100vw, 1050px\" alt=\"\" decoding=\"async\" loading=\"lazy\" \/>\n<\/picture>\n            <\/div>\n    <\/figure>\n    <\/div>\n        <div class=\"wp-block-ipsen-post-card__content\">\n                <p>december 1, 2023<\/p>\n            <h2 class=\"wp-block-ipsen-post-card__title\">\n    Investeren in de toekomstige gezondheid van mensen met een beroerte<\/h2>        <\/div>\n    <\/div>\n\n    <ul class=\"wp-block-ipsen-post-card__meta\">\n                    <li>Neurowetenschap, Spasticiteit, Informatie voor pati\u00ebnten, Videos, PDFs &amp; Podcasts<\/li>\n                <li>Time: 1 minuut leestijd<\/li>\n    <\/ul>\n\n    <div class=\"wp-block-ipsen-post-card__cta\">\n    <div class=\"wp-block-buttons is-layout-flex wp-block-buttons-is-layout-flex\">\n        <div class=\"wp-block-button is-style-secondary\">\n            <a class=\"wp-block-button__link wp-element-button\" aria-label=\"View posts in Investeren in de toekomstige gezondheid van mensen met een beroerte\" href=\"https:\/\/ipsen-academy.be\/nl\/blog\/2023\/12\/01\/investeren-in-de-toekomstige-gezondheid-van-mensen-met-een-beroerte\/\">\n                Meer info                <svg xmlns=\"http:\/\/www.w3.org\/2000\/svg\" width=\"9\" height=\"16\" fill=\"none\" aria-hidden=\"true\"><path stroke=\"currentColor\" stroke-width=\"1.2\" d=\"m.426 15.125 7.35-7.35L.424.425\" \/><\/svg>            <\/a>\n        <\/div>\n    <\/div>\n<\/div><\/div>\n<\/div>\n<\/div>\n                    <div class=\"wp-block-ipsen-query-loop__card\" data-filter-options=\"neurowetenschap spasticiteit videos-pdfs-podcasts\" data-wp-bind--hidden=\"state.isCardHidden\">\n    <div style=\"--block--post-card--header-overlay--background:#c84874\" class=\"--default-post-card wp-block-ipsen-post-card\" data-post-terms=\"Neurowetenschap, Spasticiteit, Videos, PDFs &amp; Podcasts\">\n    <div class=\"wp-block-ipsen-post-card__container\">\n    <div class=\"wp-block-ipsen-post-card__header\">\n            <div class=\"wp-block-ipsen-post-card__featured-image\">\n        \n<figure class=\"wp-block-ipsen-image\">\n    <div class=\"wp-block-ipsen-image__wrap\">\n        \n<picture>\n    <img src=\"https:\/\/ipsen-academy.be\/nl\/wp-content\/uploads\/sites\/6\/2025\/11\/academy-background-default.jpeg?w=1050&#038;h=591&#038;crop=1\" width=\"1050\" height=\"591\" srcset=\"https:\/\/ipsen-academy.be\/nl\/wp-content\/uploads\/sites\/6\/2025\/11\/academy-background-default.jpeg?resize=1050,591 1050w, https:\/\/ipsen-academy.be\/nl\/wp-content\/uploads\/sites\/6\/2025\/11\/academy-background-default.jpeg?resize=510,287 510w, https:\/\/ipsen-academy.be\/nl\/wp-content\/uploads\/sites\/6\/2025\/11\/academy-background-default.jpeg?resize=330,186 330w\" sizes=\"auto, (max-width: 1050px) 100vw, 1050px\" alt=\"\" decoding=\"async\" loading=\"lazy\" \/>\n<\/picture>\n            <\/div>\n    <\/figure>\n    <\/div>\n        <div class=\"wp-block-ipsen-post-card__content\">\n                <p>oktober 26, 2023<\/p>\n            <h2 class=\"wp-block-ipsen-post-card__title\">\n    is het mogelijk om langdurige verlichting van de symptomen te bereiken tussen de injecties?<\/h2>        <\/div>\n    <\/div>\n\n    <ul class=\"wp-block-ipsen-post-card__meta\">\n                    <li>Neurowetenschap, Spasticiteit, Videos, PDFs &amp; Podcasts<\/li>\n                <li>Time: 1 minuut leestijd<\/li>\n    <\/ul>\n\n    <div class=\"wp-block-ipsen-post-card__cta\">\n    <div class=\"wp-block-buttons is-layout-flex wp-block-buttons-is-layout-flex\">\n        <div class=\"wp-block-button is-style-secondary\">\n            <a class=\"wp-block-button__link wp-element-button\" aria-label=\"View posts in is het mogelijk om langdurige verlichting van de symptomen te bereiken tussen de injecties?\" href=\"https:\/\/ipsen-academy.be\/nl\/blog\/2023\/10\/26\/is-het-mogelijk-om-langdurige-verlichting-van-de-symptomen-te-bereiken-tussen-de-injecties\/\">\n                Meer info                <svg xmlns=\"http:\/\/www.w3.org\/2000\/svg\" width=\"9\" height=\"16\" fill=\"none\" aria-hidden=\"true\"><path stroke=\"currentColor\" stroke-width=\"1.2\" d=\"m.426 15.125 7.35-7.35L.424.425\" \/><\/svg>            <\/a>\n        <\/div>\n    <\/div>\n<\/div><\/div>\n<\/div>\n<\/div>\n                    <div class=\"wp-block-ipsen-query-loop__card\" data-filter-options=\"neurowetenschap spasticiteit videos-pdfs-podcasts\" data-wp-bind--hidden=\"state.isCardHidden\">\n    <div style=\"--block--post-card--header-overlay--background:#c84874\" class=\"--default-post-card wp-block-ipsen-post-card\" data-post-terms=\"Neurowetenschap, Spasticiteit, Videos, PDFs &amp; Podcasts\">\n    <div class=\"wp-block-ipsen-post-card__container\">\n    <div class=\"wp-block-ipsen-post-card__header\">\n            <div class=\"wp-block-ipsen-post-card__featured-image\">\n        \n<figure class=\"wp-block-ipsen-image\">\n    <div class=\"wp-block-ipsen-image__wrap\">\n        \n<picture>\n    <img src=\"https:\/\/ipsen-academy.be\/nl\/wp-content\/uploads\/sites\/6\/2025\/11\/academy-background-default.jpeg?w=1050&#038;h=591&#038;crop=1\" width=\"1050\" height=\"591\" srcset=\"https:\/\/ipsen-academy.be\/nl\/wp-content\/uploads\/sites\/6\/2025\/11\/academy-background-default.jpeg?resize=1050,591 1050w, https:\/\/ipsen-academy.be\/nl\/wp-content\/uploads\/sites\/6\/2025\/11\/academy-background-default.jpeg?resize=510,287 510w, https:\/\/ipsen-academy.be\/nl\/wp-content\/uploads\/sites\/6\/2025\/11\/academy-background-default.jpeg?resize=330,186 330w\" sizes=\"auto, (max-width: 1050px) 100vw, 1050px\" alt=\"\" decoding=\"async\" loading=\"lazy\" \/>\n<\/picture>\n            <\/div>\n    <\/figure>\n    <\/div>\n        <div class=\"wp-block-ipsen-post-card__content\">\n                <p>oktober 26, 2023<\/p>\n            <h2 class=\"wp-block-ipsen-post-card__title\">\n    De GAS-methode (Goal attainment scaling)<\/h2>        <\/div>\n    <\/div>\n\n    <ul class=\"wp-block-ipsen-post-card__meta\">\n                    <li>Neurowetenschap, Spasticiteit, Videos, PDFs &amp; Podcasts<\/li>\n                <li>Time: 1 minuut leestijd<\/li>\n    <\/ul>\n\n    <div class=\"wp-block-ipsen-post-card__cta\">\n    <div class=\"wp-block-buttons is-layout-flex wp-block-buttons-is-layout-flex\">\n        <div class=\"wp-block-button is-style-secondary\">\n            <a class=\"wp-block-button__link wp-element-button\" aria-label=\"View posts in De GAS-methode (Goal attainment scaling)\" href=\"https:\/\/ipsen-academy.be\/nl\/blog\/2023\/10\/26\/de-gas-methode-goal-attainment-scaling\/\">\n                Meer info                <svg xmlns=\"http:\/\/www.w3.org\/2000\/svg\" width=\"9\" height=\"16\" fill=\"none\" aria-hidden=\"true\"><path stroke=\"currentColor\" stroke-width=\"1.2\" d=\"m.426 15.125 7.35-7.35L.424.425\" \/><\/svg>            <\/a>\n        <\/div>\n    <\/div>\n<\/div><\/div>\n<\/div>\n<\/div>\n                    <div class=\"wp-block-ipsen-query-loop__card\" data-filter-options=\"neuro-endocriene-tumoren oncologie videos-pdfs-podcasts\" data-wp-bind--hidden=\"state.isCardHidden\">\n    <div style=\"--block--post-card--header-overlay--background:#2797d3\" class=\"--default-post-card wp-block-ipsen-post-card\" data-post-terms=\"Neuro-endocriene tumoren, Oncologie, Videos, PDFs &amp; Podcasts\">\n    <div class=\"wp-block-ipsen-post-card__container\">\n    <div class=\"wp-block-ipsen-post-card__header\">\n            <div class=\"wp-block-ipsen-post-card__featured-image\">\n        \n<figure class=\"wp-block-ipsen-image\">\n    <div class=\"wp-block-ipsen-image__wrap\">\n        \n<picture>\n    <img src=\"https:\/\/ipsen-academy.be\/nl\/wp-content\/uploads\/sites\/6\/2025\/11\/academy-background-default.jpeg?w=1050&#038;h=591&#038;crop=1\" width=\"1050\" height=\"591\" srcset=\"https:\/\/ipsen-academy.be\/nl\/wp-content\/uploads\/sites\/6\/2025\/11\/academy-background-default.jpeg?resize=1050,591 1050w, https:\/\/ipsen-academy.be\/nl\/wp-content\/uploads\/sites\/6\/2025\/11\/academy-background-default.jpeg?resize=510,287 510w, https:\/\/ipsen-academy.be\/nl\/wp-content\/uploads\/sites\/6\/2025\/11\/academy-background-default.jpeg?resize=330,186 330w\" sizes=\"auto, (max-width: 1050px) 100vw, 1050px\" alt=\"\" decoding=\"async\" loading=\"lazy\" \/>\n<\/picture>\n            <\/div>\n    <\/figure>\n    <\/div>\n        <div class=\"wp-block-ipsen-post-card__content\">\n                <p>oktober 25, 2023<\/p>\n            <h2 class=\"wp-block-ipsen-post-card__title\">\n    TOOL Differentiaaldiagnose van chronische diarree<\/h2>        <\/div>\n    <\/div>\n\n    <ul class=\"wp-block-ipsen-post-card__meta\">\n                    <li>Neuro-endocriene tumoren, Oncologie, Videos, PDFs &amp; Podcasts<\/li>\n                <li>Time: 1 minuut leestijd<\/li>\n    <\/ul>\n\n    <div class=\"wp-block-ipsen-post-card__cta\">\n    <div class=\"wp-block-buttons is-layout-flex wp-block-buttons-is-layout-flex\">\n        <div class=\"wp-block-button is-style-secondary\">\n            <a class=\"wp-block-button__link wp-element-button\" aria-label=\"View posts in TOOL Differentiaaldiagnose van chronische diarree\" href=\"https:\/\/ipsen-academy.be\/nl\/blog\/2023\/10\/25\/tool-differentiaaldiagnose-van-chronische-diarree\/\">\n                Meer info                <svg xmlns=\"http:\/\/www.w3.org\/2000\/svg\" width=\"9\" height=\"16\" fill=\"none\" aria-hidden=\"true\"><path stroke=\"currentColor\" stroke-width=\"1.2\" d=\"m.426 15.125 7.35-7.35L.424.425\" \/><\/svg>            <\/a>\n        <\/div>\n    <\/div>\n<\/div><\/div>\n<\/div>\n<\/div>\n                    <div class=\"wp-block-ipsen-query-loop__card\" data-filter-options=\"niercelcarcinoom oncologie patient-info videos-pdfs-podcasts\" data-wp-bind--hidden=\"state.isCardHidden\">\n    <div style=\"--block--post-card--header-overlay--background:#2797d3\" class=\"--default-post-card wp-block-ipsen-post-card\" data-post-terms=\"Niercelcarcinoom, Oncologie, Informatie voor pati\u00ebnten, Videos, PDFs &amp; Podcasts\">\n    <div class=\"wp-block-ipsen-post-card__container\">\n    <div class=\"wp-block-ipsen-post-card__header\">\n            <div class=\"wp-block-ipsen-post-card__featured-image\">\n        \n<figure class=\"wp-block-ipsen-image\">\n    <div class=\"wp-block-ipsen-image__wrap\">\n        \n<picture>\n    <img src=\"https:\/\/ipsen-academy.be\/nl\/wp-content\/uploads\/sites\/6\/2025\/11\/academy-background-default.jpeg?w=1050&#038;h=591&#038;crop=1\" width=\"1050\" height=\"591\" srcset=\"https:\/\/ipsen-academy.be\/nl\/wp-content\/uploads\/sites\/6\/2025\/11\/academy-background-default.jpeg?resize=1050,591 1050w, https:\/\/ipsen-academy.be\/nl\/wp-content\/uploads\/sites\/6\/2025\/11\/academy-background-default.jpeg?resize=510,287 510w, https:\/\/ipsen-academy.be\/nl\/wp-content\/uploads\/sites\/6\/2025\/11\/academy-background-default.jpeg?resize=330,186 330w\" sizes=\"auto, (max-width: 1050px) 100vw, 1050px\" alt=\"\" decoding=\"async\" loading=\"lazy\" \/>\n<\/picture>\n            <\/div>\n    <\/figure>\n    <\/div>\n        <div class=\"wp-block-ipsen-post-card__content\">\n                <p>oktober 24, 2023<\/p>\n            <h2 class=\"wp-block-ipsen-post-card__title\">\n    BIJWERKINGEN \u2013 Gewichtsverlies<\/h2>        <\/div>\n    <\/div>\n\n    <ul class=\"wp-block-ipsen-post-card__meta\">\n                    <li>Niercelcarcinoom, Oncologie, Informatie voor pati\u00ebnten, Videos, PDFs &amp; Podcasts<\/li>\n                <li>Time: 1 minuut leestijd<\/li>\n    <\/ul>\n\n    <div class=\"wp-block-ipsen-post-card__cta\">\n    <div class=\"wp-block-buttons is-layout-flex wp-block-buttons-is-layout-flex\">\n        <div class=\"wp-block-button is-style-secondary\">\n            <a class=\"wp-block-button__link wp-element-button\" aria-label=\"View posts in BIJWERKINGEN \u2013 Gewichtsverlies\" href=\"https:\/\/ipsen-academy.be\/nl\/blog\/2023\/10\/24\/bijwerkingen-gewichtsverlies\/\">\n                Meer info                <svg xmlns=\"http:\/\/www.w3.org\/2000\/svg\" width=\"9\" height=\"16\" fill=\"none\" aria-hidden=\"true\"><path stroke=\"currentColor\" stroke-width=\"1.2\" d=\"m.426 15.125 7.35-7.35L.424.425\" \/><\/svg>            <\/a>\n        <\/div>\n    <\/div>\n<\/div><\/div>\n<\/div>\n<\/div>\n                    <div class=\"wp-block-ipsen-query-loop__card\" data-filter-options=\"niercelcarcinoom oncologie patient-info videos-pdfs-podcasts\" data-wp-bind--hidden=\"state.isCardHidden\">\n    <div style=\"--block--post-card--header-overlay--background:#2797d3\" class=\"--default-post-card wp-block-ipsen-post-card\" data-post-terms=\"Niercelcarcinoom, Oncologie, Informatie voor pati\u00ebnten, Videos, PDFs &amp; Podcasts\">\n    <div class=\"wp-block-ipsen-post-card__container\">\n    <div class=\"wp-block-ipsen-post-card__header\">\n            <div class=\"wp-block-ipsen-post-card__featured-image\">\n        \n<figure class=\"wp-block-ipsen-image\">\n    <div class=\"wp-block-ipsen-image__wrap\">\n        \n<picture>\n    <img src=\"https:\/\/ipsen-academy.be\/nl\/wp-content\/uploads\/sites\/6\/2025\/11\/academy-background-default.jpeg?w=1050&#038;h=591&#038;crop=1\" width=\"1050\" height=\"591\" srcset=\"https:\/\/ipsen-academy.be\/nl\/wp-content\/uploads\/sites\/6\/2025\/11\/academy-background-default.jpeg?resize=1050,591 1050w, https:\/\/ipsen-academy.be\/nl\/wp-content\/uploads\/sites\/6\/2025\/11\/academy-background-default.jpeg?resize=510,287 510w, https:\/\/ipsen-academy.be\/nl\/wp-content\/uploads\/sites\/6\/2025\/11\/academy-background-default.jpeg?resize=330,186 330w\" sizes=\"auto, (max-width: 1050px) 100vw, 1050px\" alt=\"\" decoding=\"async\" loading=\"lazy\" \/>\n<\/picture>\n            <\/div>\n    <\/figure>\n    <\/div>\n        <div class=\"wp-block-ipsen-post-card__content\">\n                <p>oktober 24, 2023<\/p>\n            <h2 class=\"wp-block-ipsen-post-card__title\">\n    ZIEKTE EN BEHANDELING \u2013 Wat is immuuntherapie?<\/h2>        <\/div>\n    <\/div>\n\n    <ul class=\"wp-block-ipsen-post-card__meta\">\n                    <li>Niercelcarcinoom, Oncologie, Informatie voor pati\u00ebnten, Videos, PDFs &amp; Podcasts<\/li>\n                <li>Time: 1 minuut leestijd<\/li>\n    <\/ul>\n\n    <div class=\"wp-block-ipsen-post-card__cta\">\n    <div class=\"wp-block-buttons is-layout-flex wp-block-buttons-is-layout-flex\">\n        <div class=\"wp-block-button is-style-secondary\">\n            <a class=\"wp-block-button__link wp-element-button\" aria-label=\"View posts in ZIEKTE EN BEHANDELING \u2013 Wat is immuuntherapie?\" href=\"https:\/\/ipsen-academy.be\/nl\/blog\/2023\/10\/24\/ziekte-en-behandeling-wat-is-immuuntherapie\/\">\n                Meer info                <svg xmlns=\"http:\/\/www.w3.org\/2000\/svg\" width=\"9\" height=\"16\" fill=\"none\" aria-hidden=\"true\"><path stroke=\"currentColor\" stroke-width=\"1.2\" d=\"m.426 15.125 7.35-7.35L.424.425\" \/><\/svg>            <\/a>\n        <\/div>\n    <\/div>\n<\/div><\/div>\n<\/div>\n<\/div>\n                    <div class=\"wp-block-ipsen-query-loop__card\" data-filter-options=\"oncologie prostaatkanker patient-info videos-pdfs-podcasts\" data-wp-bind--hidden=\"state.isCardHidden\">\n    <div style=\"--block--post-card--header-overlay--background:#2797d3\" class=\"--default-post-card wp-block-ipsen-post-card\" data-post-terms=\"Oncologie, Prostaatkanker, Informatie voor pati\u00ebnten, Videos, PDFs &amp; Podcasts\">\n    <div class=\"wp-block-ipsen-post-card__container\">\n    <div class=\"wp-block-ipsen-post-card__header\">\n            <div class=\"wp-block-ipsen-post-card__featured-image\">\n        \n<figure class=\"wp-block-ipsen-image\">\n    <div class=\"wp-block-ipsen-image__wrap\">\n        \n<picture>\n    <img src=\"https:\/\/ipsen-academy.be\/nl\/wp-content\/uploads\/sites\/6\/2025\/11\/academy-background-default.jpeg?w=1050&#038;h=591&#038;crop=1\" width=\"1050\" height=\"591\" srcset=\"https:\/\/ipsen-academy.be\/nl\/wp-content\/uploads\/sites\/6\/2025\/11\/academy-background-default.jpeg?resize=1050,591 1050w, https:\/\/ipsen-academy.be\/nl\/wp-content\/uploads\/sites\/6\/2025\/11\/academy-background-default.jpeg?resize=510,287 510w, https:\/\/ipsen-academy.be\/nl\/wp-content\/uploads\/sites\/6\/2025\/11\/academy-background-default.jpeg?resize=330,186 330w\" sizes=\"auto, (max-width: 1050px) 100vw, 1050px\" alt=\"\" decoding=\"async\" loading=\"lazy\" \/>\n<\/picture>\n            <\/div>\n    <\/figure>\n    <\/div>\n        <div class=\"wp-block-ipsen-post-card__content\">\n                <p>oktober 24, 2023<\/p>\n            <h2 class=\"wp-block-ipsen-post-card__title\">\n    Filmpje voor pati\u00ebnten over de fysiologie van de prostaat<\/h2>        <\/div>\n    <\/div>\n\n    <ul class=\"wp-block-ipsen-post-card__meta\">\n                    <li>Oncologie, Prostaatkanker, Informatie voor pati\u00ebnten, Videos, PDFs &amp; Podcasts<\/li>\n                <li>Time: 1 minuut leestijd<\/li>\n    <\/ul>\n\n    <div class=\"wp-block-ipsen-post-card__cta\">\n    <div class=\"wp-block-buttons is-layout-flex wp-block-buttons-is-layout-flex\">\n        <div class=\"wp-block-button is-style-secondary\">\n            <a class=\"wp-block-button__link wp-element-button\" aria-label=\"View posts in Filmpje voor pati\u00ebnten over de fysiologie van de prostaat\" href=\"https:\/\/ipsen-academy.be\/nl\/blog\/2023\/10\/24\/filmpje-voor-patienten-over-de-fysiologie-van-de-prostaat\/\">\n                Meer info                <svg xmlns=\"http:\/\/www.w3.org\/2000\/svg\" width=\"9\" height=\"16\" fill=\"none\" aria-hidden=\"true\"><path stroke=\"currentColor\" stroke-width=\"1.2\" d=\"m.426 15.125 7.35-7.35L.424.425\" \/><\/svg>            <\/a>\n        <\/div>\n    <\/div>\n<\/div><\/div>\n<\/div>\n<\/div>\n                    <div class=\"wp-block-ipsen-query-loop__card\" data-filter-options=\"niercelcarcinoom oncologie patient-info videos-pdfs-podcasts\" data-wp-bind--hidden=\"state.isCardHidden\">\n    <div style=\"--block--post-card--header-overlay--background:#2797d3\" class=\"--default-post-card wp-block-ipsen-post-card\" data-post-terms=\"Niercelcarcinoom, Oncologie, Informatie voor pati\u00ebnten, Videos, PDFs &amp; Podcasts\">\n    <div class=\"wp-block-ipsen-post-card__container\">\n    <div class=\"wp-block-ipsen-post-card__header\">\n            <div class=\"wp-block-ipsen-post-card__featured-image\">\n        \n<figure class=\"wp-block-ipsen-image\">\n    <div class=\"wp-block-ipsen-image__wrap\">\n        \n<picture>\n    <img src=\"https:\/\/ipsen-academy.be\/nl\/wp-content\/uploads\/sites\/6\/2025\/11\/academy-background-default.jpeg?w=1050&#038;h=591&#038;crop=1\" width=\"1050\" height=\"591\" srcset=\"https:\/\/ipsen-academy.be\/nl\/wp-content\/uploads\/sites\/6\/2025\/11\/academy-background-default.jpeg?resize=1050,591 1050w, https:\/\/ipsen-academy.be\/nl\/wp-content\/uploads\/sites\/6\/2025\/11\/academy-background-default.jpeg?resize=510,287 510w, https:\/\/ipsen-academy.be\/nl\/wp-content\/uploads\/sites\/6\/2025\/11\/academy-background-default.jpeg?resize=330,186 330w\" sizes=\"auto, (max-width: 1050px) 100vw, 1050px\" alt=\"\" decoding=\"async\" loading=\"lazy\" \/>\n<\/picture>\n            <\/div>\n    <\/figure>\n    <\/div>\n        <div class=\"wp-block-ipsen-post-card__content\">\n                <p>oktober 23, 2023<\/p>\n            <h2 class=\"wp-block-ipsen-post-card__title\">\n    LEVENSSTIJL \u2013 Wat doet het met uw leven?<\/h2>        <\/div>\n    <\/div>\n\n    <ul class=\"wp-block-ipsen-post-card__meta\">\n                    <li>Niercelcarcinoom, Oncologie, Informatie voor pati\u00ebnten, Videos, PDFs &amp; Podcasts<\/li>\n                <li>Time: 1 minuut leestijd<\/li>\n    <\/ul>\n\n    <div class=\"wp-block-ipsen-post-card__cta\">\n    <div class=\"wp-block-buttons is-layout-flex wp-block-buttons-is-layout-flex\">\n        <div class=\"wp-block-button is-style-secondary\">\n            <a class=\"wp-block-button__link wp-element-button\" aria-label=\"View posts in LEVENSSTIJL \u2013 Wat doet het met uw leven?\" href=\"https:\/\/ipsen-academy.be\/nl\/blog\/2023\/10\/23\/levensstijl-wat-doet-het-met-uw-leven\/\">\n                Meer info                <svg xmlns=\"http:\/\/www.w3.org\/2000\/svg\" width=\"9\" height=\"16\" fill=\"none\" aria-hidden=\"true\"><path stroke=\"currentColor\" stroke-width=\"1.2\" d=\"m.426 15.125 7.35-7.35L.424.425\" \/><\/svg>            <\/a>\n        <\/div>\n    <\/div>\n<\/div><\/div>\n<\/div>\n<\/div>\n                    <div class=\"wp-block-ipsen-query-loop__card\" data-filter-options=\"oncologie prostaatkanker patient-info videos-pdfs-podcasts\" data-wp-bind--hidden=\"state.isCardHidden\">\n    <div style=\"--block--post-card--header-overlay--background:#2797d3\" class=\"--default-post-card wp-block-ipsen-post-card\" data-post-terms=\"Oncologie, Prostaatkanker, Informatie voor pati\u00ebnten, Videos, PDFs &amp; Podcasts\">\n    <div class=\"wp-block-ipsen-post-card__container\">\n    <div class=\"wp-block-ipsen-post-card__header\">\n            <div class=\"wp-block-ipsen-post-card__featured-image\">\n        \n<figure class=\"wp-block-ipsen-image\">\n    <div class=\"wp-block-ipsen-image__wrap\">\n        \n<picture>\n    <img src=\"https:\/\/ipsen-academy.be\/nl\/wp-content\/uploads\/sites\/6\/2025\/11\/academy-background-default.jpeg?w=1050&#038;h=591&#038;crop=1\" width=\"1050\" height=\"591\" srcset=\"https:\/\/ipsen-academy.be\/nl\/wp-content\/uploads\/sites\/6\/2025\/11\/academy-background-default.jpeg?resize=1050,591 1050w, https:\/\/ipsen-academy.be\/nl\/wp-content\/uploads\/sites\/6\/2025\/11\/academy-background-default.jpeg?resize=510,287 510w, https:\/\/ipsen-academy.be\/nl\/wp-content\/uploads\/sites\/6\/2025\/11\/academy-background-default.jpeg?resize=330,186 330w\" sizes=\"auto, (max-width: 1050px) 100vw, 1050px\" alt=\"\" decoding=\"async\" loading=\"lazy\" \/>\n<\/picture>\n            <\/div>\n    <\/figure>\n    <\/div>\n        <div class=\"wp-block-ipsen-post-card__content\">\n                <p>oktober 23, 2023<\/p>\n            <h2 class=\"wp-block-ipsen-post-card__title\">\n    Filmpje voor pati\u00ebnten over radicale prostatectomie<\/h2>        <\/div>\n    <\/div>\n\n    <ul class=\"wp-block-ipsen-post-card__meta\">\n                    <li>Oncologie, Prostaatkanker, Informatie voor pati\u00ebnten, Videos, PDFs &amp; Podcasts<\/li>\n                <li>Time: 1 minuut leestijd<\/li>\n    <\/ul>\n\n    <div class=\"wp-block-ipsen-post-card__cta\">\n    <div class=\"wp-block-buttons is-layout-flex wp-block-buttons-is-layout-flex\">\n        <div class=\"wp-block-button is-style-secondary\">\n            <a class=\"wp-block-button__link wp-element-button\" aria-label=\"View posts in Filmpje voor pati\u00ebnten over radicale prostatectomie\" href=\"https:\/\/ipsen-academy.be\/nl\/blog\/2023\/10\/23\/filmpje-voor-patienten-over-radicale-prostatectomie\/\">\n                Meer info                <svg xmlns=\"http:\/\/www.w3.org\/2000\/svg\" width=\"9\" height=\"16\" fill=\"none\" aria-hidden=\"true\"><path stroke=\"currentColor\" stroke-width=\"1.2\" d=\"m.426 15.125 7.35-7.35L.424.425\" \/><\/svg>            <\/a>\n        <\/div>\n    <\/div>\n<\/div><\/div>\n<\/div>\n<\/div>\n                    <div class=\"wp-block-ipsen-query-loop__card\" data-filter-options=\"niercelcarcinoom oncologie patient-info videos-pdfs-podcasts\" data-wp-bind--hidden=\"state.isCardHidden\">\n    <div style=\"--block--post-card--header-overlay--background:#2797d3\" class=\"--default-post-card wp-block-ipsen-post-card\" data-post-terms=\"Niercelcarcinoom, Oncologie, Informatie voor pati\u00ebnten, Videos, PDFs &amp; Podcasts\">\n    <div class=\"wp-block-ipsen-post-card__container\">\n    <div class=\"wp-block-ipsen-post-card__header\">\n            <div class=\"wp-block-ipsen-post-card__featured-image\">\n        \n<figure class=\"wp-block-ipsen-image\">\n    <div class=\"wp-block-ipsen-image__wrap\">\n        \n<picture>\n    <img src=\"https:\/\/ipsen-academy.be\/nl\/wp-content\/uploads\/sites\/6\/2025\/11\/academy-background-default.jpeg?w=1050&#038;h=591&#038;crop=1\" width=\"1050\" height=\"591\" srcset=\"https:\/\/ipsen-academy.be\/nl\/wp-content\/uploads\/sites\/6\/2025\/11\/academy-background-default.jpeg?resize=1050,591 1050w, https:\/\/ipsen-academy.be\/nl\/wp-content\/uploads\/sites\/6\/2025\/11\/academy-background-default.jpeg?resize=510,287 510w, https:\/\/ipsen-academy.be\/nl\/wp-content\/uploads\/sites\/6\/2025\/11\/academy-background-default.jpeg?resize=330,186 330w\" sizes=\"auto, (max-width: 1050px) 100vw, 1050px\" alt=\"\" decoding=\"async\" loading=\"lazy\" \/>\n<\/picture>\n            <\/div>\n    <\/figure>\n    <\/div>\n        <div class=\"wp-block-ipsen-post-card__content\">\n                <p>oktober 20, 2023<\/p>\n            <h2 class=\"wp-block-ipsen-post-card__title\">\n    LEVENSSTIJL \u2013 Bewegen<\/h2>        <\/div>\n    <\/div>\n\n    <ul class=\"wp-block-ipsen-post-card__meta\">\n                    <li>Niercelcarcinoom, Oncologie, Informatie voor pati\u00ebnten, Videos, PDFs &amp; Podcasts<\/li>\n                <li>Time: 1 minuut leestijd<\/li>\n    <\/ul>\n\n    <div class=\"wp-block-ipsen-post-card__cta\">\n    <div class=\"wp-block-buttons is-layout-flex wp-block-buttons-is-layout-flex\">\n        <div class=\"wp-block-button is-style-secondary\">\n            <a class=\"wp-block-button__link wp-element-button\" aria-label=\"View posts in LEVENSSTIJL \u2013 Bewegen\" href=\"https:\/\/ipsen-academy.be\/nl\/blog\/2023\/10\/20\/levensstijl-bewegen\/\">\n                Meer info                <svg xmlns=\"http:\/\/www.w3.org\/2000\/svg\" width=\"9\" height=\"16\" fill=\"none\" aria-hidden=\"true\"><path stroke=\"currentColor\" stroke-width=\"1.2\" d=\"m.426 15.125 7.35-7.35L.424.425\" \/><\/svg>            <\/a>\n        <\/div>\n    <\/div>\n<\/div><\/div>\n<\/div>\n<\/div>\n                    <div class=\"wp-block-ipsen-query-loop__card\" data-filter-options=\"niercelcarcinoom oncologie patient-info videos-pdfs-podcasts\" data-wp-bind--hidden=\"state.isCardHidden\">\n    <div style=\"--block--post-card--header-overlay--background:#2797d3\" class=\"--default-post-card wp-block-ipsen-post-card\" data-post-terms=\"Niercelcarcinoom, Oncologie, Informatie voor pati\u00ebnten, Videos, PDFs &amp; Podcasts\">\n    <div class=\"wp-block-ipsen-post-card__container\">\n    <div class=\"wp-block-ipsen-post-card__header\">\n            <div class=\"wp-block-ipsen-post-card__featured-image\">\n        \n<figure class=\"wp-block-ipsen-image\">\n    <div class=\"wp-block-ipsen-image__wrap\">\n        \n<picture>\n    <img src=\"https:\/\/ipsen-academy.be\/nl\/wp-content\/uploads\/sites\/6\/2025\/11\/academy-background-default.jpeg?w=1050&#038;h=591&#038;crop=1\" width=\"1050\" height=\"591\" srcset=\"https:\/\/ipsen-academy.be\/nl\/wp-content\/uploads\/sites\/6\/2025\/11\/academy-background-default.jpeg?resize=1050,591 1050w, https:\/\/ipsen-academy.be\/nl\/wp-content\/uploads\/sites\/6\/2025\/11\/academy-background-default.jpeg?resize=510,287 510w, https:\/\/ipsen-academy.be\/nl\/wp-content\/uploads\/sites\/6\/2025\/11\/academy-background-default.jpeg?resize=330,186 330w\" sizes=\"auto, (max-width: 1050px) 100vw, 1050px\" alt=\"\" decoding=\"async\" loading=\"lazy\" \/>\n<\/picture>\n            <\/div>\n    <\/figure>\n    <\/div>\n        <div class=\"wp-block-ipsen-post-card__content\">\n                <p>oktober 20, 2023<\/p>\n            <h2 class=\"wp-block-ipsen-post-card__title\">\n    LEVENSSTIJL \u2013 Voeding<\/h2>        <\/div>\n    <\/div>\n\n    <ul class=\"wp-block-ipsen-post-card__meta\">\n                    <li>Niercelcarcinoom, Oncologie, Informatie voor pati\u00ebnten, Videos, PDFs &amp; Podcasts<\/li>\n                <li>Time: 1 minuut leestijd<\/li>\n    <\/ul>\n\n    <div class=\"wp-block-ipsen-post-card__cta\">\n    <div class=\"wp-block-buttons is-layout-flex wp-block-buttons-is-layout-flex\">\n        <div class=\"wp-block-button is-style-secondary\">\n            <a class=\"wp-block-button__link wp-element-button\" aria-label=\"View posts in LEVENSSTIJL \u2013 Voeding\" href=\"https:\/\/ipsen-academy.be\/nl\/blog\/2023\/10\/20\/levensstijl-voeding\/\">\n                Meer info                <svg xmlns=\"http:\/\/www.w3.org\/2000\/svg\" width=\"9\" height=\"16\" fill=\"none\" aria-hidden=\"true\"><path stroke=\"currentColor\" stroke-width=\"1.2\" d=\"m.426 15.125 7.35-7.35L.424.425\" \/><\/svg>            <\/a>\n        <\/div>\n    <\/div>\n<\/div><\/div>\n<\/div>\n<\/div>\n                    <div class=\"wp-block-ipsen-query-loop__card\" data-filter-options=\"niercelcarcinoom oncologie patient-info videos-pdfs-podcasts\" data-wp-bind--hidden=\"state.isCardHidden\">\n    <div style=\"--block--post-card--header-overlay--background:#2797d3\" class=\"--default-post-card wp-block-ipsen-post-card\" data-post-terms=\"Niercelcarcinoom, Oncologie, Informatie voor pati\u00ebnten, Videos, PDFs &amp; Podcasts\">\n    <div class=\"wp-block-ipsen-post-card__container\">\n    <div class=\"wp-block-ipsen-post-card__header\">\n            <div class=\"wp-block-ipsen-post-card__featured-image\">\n        \n<figure class=\"wp-block-ipsen-image\">\n    <div class=\"wp-block-ipsen-image__wrap\">\n        \n<picture>\n    <img src=\"https:\/\/ipsen-academy.be\/nl\/wp-content\/uploads\/sites\/6\/2025\/11\/academy-background-default.jpeg?w=1050&#038;h=591&#038;crop=1\" width=\"1050\" height=\"591\" srcset=\"https:\/\/ipsen-academy.be\/nl\/wp-content\/uploads\/sites\/6\/2025\/11\/academy-background-default.jpeg?resize=1050,591 1050w, https:\/\/ipsen-academy.be\/nl\/wp-content\/uploads\/sites\/6\/2025\/11\/academy-background-default.jpeg?resize=510,287 510w, https:\/\/ipsen-academy.be\/nl\/wp-content\/uploads\/sites\/6\/2025\/11\/academy-background-default.jpeg?resize=330,186 330w\" sizes=\"auto, (max-width: 1050px) 100vw, 1050px\" alt=\"\" decoding=\"async\" loading=\"lazy\" \/>\n<\/picture>\n            <\/div>\n    <\/figure>\n    <\/div>\n        <div class=\"wp-block-ipsen-post-card__content\">\n                <p>oktober 20, 2023<\/p>\n            <h2 class=\"wp-block-ipsen-post-card__title\">\n    BIJWERKINGEN \u2013 Hand-Voet-Huid reactie<\/h2>        <\/div>\n    <\/div>\n\n    <ul class=\"wp-block-ipsen-post-card__meta\">\n                    <li>Niercelcarcinoom, Oncologie, Informatie voor pati\u00ebnten, Videos, PDFs &amp; Podcasts<\/li>\n                <li>Time: 1 minuut leestijd<\/li>\n    <\/ul>\n\n    <div class=\"wp-block-ipsen-post-card__cta\">\n    <div class=\"wp-block-buttons is-layout-flex wp-block-buttons-is-layout-flex\">\n        <div class=\"wp-block-button is-style-secondary\">\n            <a class=\"wp-block-button__link wp-element-button\" aria-label=\"View posts in BIJWERKINGEN \u2013 Hand-Voet-Huid reactie\" href=\"https:\/\/ipsen-academy.be\/nl\/blog\/2023\/10\/20\/bijwerkingen-hand-voet-huid-reactie\/\">\n                Meer info                <svg xmlns=\"http:\/\/www.w3.org\/2000\/svg\" width=\"9\" height=\"16\" fill=\"none\" aria-hidden=\"true\"><path stroke=\"currentColor\" stroke-width=\"1.2\" d=\"m.426 15.125 7.35-7.35L.424.425\" \/><\/svg>            <\/a>\n        <\/div>\n    <\/div>\n<\/div><\/div>\n<\/div>\n<\/div>\n                    <div class=\"wp-block-ipsen-query-loop__card\" data-filter-options=\"niercelcarcinoom oncologie patient-info videos-pdfs-podcasts\" data-wp-bind--hidden=\"state.isCardHidden\">\n    <div style=\"--block--post-card--header-overlay--background:#2797d3\" class=\"--default-post-card wp-block-ipsen-post-card\" data-post-terms=\"Niercelcarcinoom, Oncologie, Informatie voor pati\u00ebnten, Videos, PDFs &amp; Podcasts\">\n    <div class=\"wp-block-ipsen-post-card__container\">\n    <div class=\"wp-block-ipsen-post-card__header\">\n            <div class=\"wp-block-ipsen-post-card__featured-image\">\n        \n<figure class=\"wp-block-ipsen-image\">\n    <div class=\"wp-block-ipsen-image__wrap\">\n        \n<picture>\n    <img src=\"https:\/\/ipsen-academy.be\/nl\/wp-content\/uploads\/sites\/6\/2025\/11\/academy-background-default.jpeg?w=1050&#038;h=591&#038;crop=1\" width=\"1050\" height=\"591\" srcset=\"https:\/\/ipsen-academy.be\/nl\/wp-content\/uploads\/sites\/6\/2025\/11\/academy-background-default.jpeg?resize=1050,591 1050w, https:\/\/ipsen-academy.be\/nl\/wp-content\/uploads\/sites\/6\/2025\/11\/academy-background-default.jpeg?resize=510,287 510w, https:\/\/ipsen-academy.be\/nl\/wp-content\/uploads\/sites\/6\/2025\/11\/academy-background-default.jpeg?resize=330,186 330w\" sizes=\"auto, (max-width: 1050px) 100vw, 1050px\" alt=\"\" decoding=\"async\" loading=\"lazy\" \/>\n<\/picture>\n            <\/div>\n    <\/figure>\n    <\/div>\n        <div class=\"wp-block-ipsen-post-card__content\">\n                <p>oktober 20, 2023<\/p>\n            <h2 class=\"wp-block-ipsen-post-card__title\">\n    BIJWERKINGEN \u2013 Misselijkheid<\/h2>        <\/div>\n    <\/div>\n\n    <ul class=\"wp-block-ipsen-post-card__meta\">\n                    <li>Niercelcarcinoom, Oncologie, Informatie voor pati\u00ebnten, Videos, PDFs &amp; Podcasts<\/li>\n                <li>Time: 1 minuut leestijd<\/li>\n    <\/ul>\n\n    <div class=\"wp-block-ipsen-post-card__cta\">\n    <div class=\"wp-block-buttons is-layout-flex wp-block-buttons-is-layout-flex\">\n        <div class=\"wp-block-button is-style-secondary\">\n            <a class=\"wp-block-button__link wp-element-button\" aria-label=\"View posts in BIJWERKINGEN \u2013 Misselijkheid\" href=\"https:\/\/ipsen-academy.be\/nl\/blog\/2023\/10\/20\/bijwerkingen-misselijkheid\/\">\n                Meer info                <svg xmlns=\"http:\/\/www.w3.org\/2000\/svg\" width=\"9\" height=\"16\" fill=\"none\" aria-hidden=\"true\"><path stroke=\"currentColor\" stroke-width=\"1.2\" d=\"m.426 15.125 7.35-7.35L.424.425\" \/><\/svg>            <\/a>\n        <\/div>\n    <\/div>\n<\/div><\/div>\n<\/div>\n<\/div>\n                    <div class=\"wp-block-ipsen-query-loop__card\" data-filter-options=\"niercelcarcinoom oncologie patient-info videos-pdfs-podcasts\" data-wp-bind--hidden=\"state.isCardHidden\">\n    <div style=\"--block--post-card--header-overlay--background:#2797d3\" class=\"--default-post-card wp-block-ipsen-post-card\" data-post-terms=\"Niercelcarcinoom, Oncologie, Informatie voor pati\u00ebnten, Videos, PDFs &amp; Podcasts\">\n    <div class=\"wp-block-ipsen-post-card__container\">\n    <div class=\"wp-block-ipsen-post-card__header\">\n            <div class=\"wp-block-ipsen-post-card__featured-image\">\n        \n<figure class=\"wp-block-ipsen-image\">\n    <div class=\"wp-block-ipsen-image__wrap\">\n        \n<picture>\n    <img src=\"https:\/\/ipsen-academy.be\/nl\/wp-content\/uploads\/sites\/6\/2025\/11\/academy-background-default.jpeg?w=1050&#038;h=591&#038;crop=1\" width=\"1050\" height=\"591\" srcset=\"https:\/\/ipsen-academy.be\/nl\/wp-content\/uploads\/sites\/6\/2025\/11\/academy-background-default.jpeg?resize=1050,591 1050w, https:\/\/ipsen-academy.be\/nl\/wp-content\/uploads\/sites\/6\/2025\/11\/academy-background-default.jpeg?resize=510,287 510w, https:\/\/ipsen-academy.be\/nl\/wp-content\/uploads\/sites\/6\/2025\/11\/academy-background-default.jpeg?resize=330,186 330w\" sizes=\"auto, (max-width: 1050px) 100vw, 1050px\" alt=\"\" decoding=\"async\" loading=\"lazy\" \/>\n<\/picture>\n            <\/div>\n    <\/figure>\n    <\/div>\n        <div class=\"wp-block-ipsen-post-card__content\">\n                <p>oktober 20, 2023<\/p>\n            <h2 class=\"wp-block-ipsen-post-card__title\">\n    BIJWERKINGEN \u2013 Vermoeidheid<\/h2>        <\/div>\n    <\/div>\n\n    <ul class=\"wp-block-ipsen-post-card__meta\">\n                    <li>Niercelcarcinoom, Oncologie, Informatie voor pati\u00ebnten, Videos, PDFs &amp; Podcasts<\/li>\n                <li>Time: 1 minuut leestijd<\/li>\n    <\/ul>\n\n    <div class=\"wp-block-ipsen-post-card__cta\">\n    <div class=\"wp-block-buttons is-layout-flex wp-block-buttons-is-layout-flex\">\n        <div class=\"wp-block-button is-style-secondary\">\n            <a class=\"wp-block-button__link wp-element-button\" aria-label=\"View posts in BIJWERKINGEN \u2013 Vermoeidheid\" href=\"https:\/\/ipsen-academy.be\/nl\/blog\/2023\/10\/20\/bijwerkingen-vermoeidheid\/\">\n                Meer info                <svg xmlns=\"http:\/\/www.w3.org\/2000\/svg\" width=\"9\" height=\"16\" fill=\"none\" aria-hidden=\"true\"><path stroke=\"currentColor\" stroke-width=\"1.2\" d=\"m.426 15.125 7.35-7.35L.424.425\" \/><\/svg>            <\/a>\n        <\/div>\n    <\/div>\n<\/div><\/div>\n<\/div>\n<\/div>\n                    <div class=\"wp-block-ipsen-query-loop__card\" data-filter-options=\"niercelcarcinoom oncologie patient-info videos-pdfs-podcasts\" data-wp-bind--hidden=\"state.isCardHidden\">\n    <div style=\"--block--post-card--header-overlay--background:#2797d3\" class=\"--default-post-card wp-block-ipsen-post-card\" data-post-terms=\"Niercelcarcinoom, Oncologie, Informatie voor pati\u00ebnten, Videos, PDFs &amp; Podcasts\">\n    <div class=\"wp-block-ipsen-post-card__container\">\n    <div class=\"wp-block-ipsen-post-card__header\">\n            <div class=\"wp-block-ipsen-post-card__featured-image\">\n        \n<figure class=\"wp-block-ipsen-image\">\n    <div class=\"wp-block-ipsen-image__wrap\">\n        \n<picture>\n    <img src=\"https:\/\/ipsen-academy.be\/nl\/wp-content\/uploads\/sites\/6\/2025\/11\/academy-background-default.jpeg?w=1050&#038;h=591&#038;crop=1\" width=\"1050\" height=\"591\" srcset=\"https:\/\/ipsen-academy.be\/nl\/wp-content\/uploads\/sites\/6\/2025\/11\/academy-background-default.jpeg?resize=1050,591 1050w, https:\/\/ipsen-academy.be\/nl\/wp-content\/uploads\/sites\/6\/2025\/11\/academy-background-default.jpeg?resize=510,287 510w, https:\/\/ipsen-academy.be\/nl\/wp-content\/uploads\/sites\/6\/2025\/11\/academy-background-default.jpeg?resize=330,186 330w\" sizes=\"auto, (max-width: 1050px) 100vw, 1050px\" alt=\"\" decoding=\"async\" loading=\"lazy\" \/>\n<\/picture>\n            <\/div>\n    <\/figure>\n    <\/div>\n        <div class=\"wp-block-ipsen-post-card__content\">\n                <p>oktober 20, 2023<\/p>\n            <h2 class=\"wp-block-ipsen-post-card__title\">\n    BIJWERKINGEN \u2013 Diarree<\/h2>        <\/div>\n    <\/div>\n\n    <ul class=\"wp-block-ipsen-post-card__meta\">\n                    <li>Niercelcarcinoom, Oncologie, Informatie voor pati\u00ebnten, Videos, PDFs &amp; Podcasts<\/li>\n                <li>Time: 1 minuut leestijd<\/li>\n    <\/ul>\n\n    <div class=\"wp-block-ipsen-post-card__cta\">\n    <div class=\"wp-block-buttons is-layout-flex wp-block-buttons-is-layout-flex\">\n        <div class=\"wp-block-button is-style-secondary\">\n            <a class=\"wp-block-button__link wp-element-button\" aria-label=\"View posts in BIJWERKINGEN \u2013 Diarree\" href=\"https:\/\/ipsen-academy.be\/nl\/blog\/2023\/10\/20\/bijwerkingen-diarree\/\">\n                Meer info                <svg xmlns=\"http:\/\/www.w3.org\/2000\/svg\" width=\"9\" height=\"16\" fill=\"none\" aria-hidden=\"true\"><path stroke=\"currentColor\" stroke-width=\"1.2\" d=\"m.426 15.125 7.35-7.35L.424.425\" \/><\/svg>            <\/a>\n        <\/div>\n    <\/div>\n<\/div><\/div>\n<\/div>\n<\/div>\n                    <div class=\"wp-block-ipsen-query-loop__card\" data-filter-options=\"niercelcarcinoom oncologie patient-info videos-pdfs-podcasts\" data-wp-bind--hidden=\"state.isCardHidden\">\n    <div style=\"--block--post-card--header-overlay--background:#2797d3\" class=\"--default-post-card wp-block-ipsen-post-card\" data-post-terms=\"Niercelcarcinoom, Oncologie, Informatie voor pati\u00ebnten, Videos, PDFs &amp; Podcasts\">\n    <div class=\"wp-block-ipsen-post-card__container\">\n    <div class=\"wp-block-ipsen-post-card__header\">\n            <div class=\"wp-block-ipsen-post-card__featured-image\">\n        \n<figure class=\"wp-block-ipsen-image\">\n    <div class=\"wp-block-ipsen-image__wrap\">\n        \n<picture>\n    <img src=\"https:\/\/ipsen-academy.be\/nl\/wp-content\/uploads\/sites\/6\/2025\/11\/academy-background-default.jpeg?w=1050&#038;h=591&#038;crop=1\" width=\"1050\" height=\"591\" srcset=\"https:\/\/ipsen-academy.be\/nl\/wp-content\/uploads\/sites\/6\/2025\/11\/academy-background-default.jpeg?resize=1050,591 1050w, https:\/\/ipsen-academy.be\/nl\/wp-content\/uploads\/sites\/6\/2025\/11\/academy-background-default.jpeg?resize=510,287 510w, https:\/\/ipsen-academy.be\/nl\/wp-content\/uploads\/sites\/6\/2025\/11\/academy-background-default.jpeg?resize=330,186 330w\" sizes=\"auto, (max-width: 1050px) 100vw, 1050px\" alt=\"\" decoding=\"async\" loading=\"lazy\" \/>\n<\/picture>\n            <\/div>\n    <\/figure>\n    <\/div>\n        <div class=\"wp-block-ipsen-post-card__content\">\n                <p>oktober 20, 2023<\/p>\n            <h2 class=\"wp-block-ipsen-post-card__title\">\n    ZIEKTE EN BEHANDELING \u2013 Afspraak bij de oncoloog<\/h2>        <\/div>\n    <\/div>\n\n    <ul class=\"wp-block-ipsen-post-card__meta\">\n                    <li>Niercelcarcinoom, Oncologie, Informatie voor pati\u00ebnten, Videos, PDFs &amp; Podcasts<\/li>\n                <li>Time: 1 minuut leestijd<\/li>\n    <\/ul>\n\n    <div class=\"wp-block-ipsen-post-card__cta\">\n    <div class=\"wp-block-buttons is-layout-flex wp-block-buttons-is-layout-flex\">\n        <div class=\"wp-block-button is-style-secondary\">\n            <a class=\"wp-block-button__link wp-element-button\" aria-label=\"View posts in ZIEKTE EN BEHANDELING \u2013 Afspraak bij de oncoloog\" href=\"https:\/\/ipsen-academy.be\/nl\/blog\/2023\/10\/20\/ziekte-en-behandeling-afspraak-bij-de-oncoloog\/\">\n                Meer info                <svg xmlns=\"http:\/\/www.w3.org\/2000\/svg\" width=\"9\" height=\"16\" fill=\"none\" aria-hidden=\"true\"><path stroke=\"currentColor\" stroke-width=\"1.2\" d=\"m.426 15.125 7.35-7.35L.424.425\" \/><\/svg>            <\/a>\n        <\/div>\n    <\/div>\n<\/div><\/div>\n<\/div>\n<\/div>\n                    <div class=\"wp-block-ipsen-query-loop__card\" data-filter-options=\"niercelcarcinoom oncologie patient-info videos-pdfs-podcasts\" data-wp-bind--hidden=\"state.isCardHidden\">\n    <div style=\"--block--post-card--header-overlay--background:#2797d3\" class=\"--default-post-card wp-block-ipsen-post-card\" data-post-terms=\"Niercelcarcinoom, Oncologie, Informatie voor pati\u00ebnten, Videos, PDFs &amp; Podcasts\">\n    <div class=\"wp-block-ipsen-post-card__container\">\n    <div class=\"wp-block-ipsen-post-card__header\">\n            <div class=\"wp-block-ipsen-post-card__featured-image\">\n        \n<figure class=\"wp-block-ipsen-image\">\n    <div class=\"wp-block-ipsen-image__wrap\">\n        \n<picture>\n    <img src=\"https:\/\/ipsen-academy.be\/nl\/wp-content\/uploads\/sites\/6\/2025\/11\/academy-background-default.jpeg?w=1050&#038;h=591&#038;crop=1\" width=\"1050\" height=\"591\" srcset=\"https:\/\/ipsen-academy.be\/nl\/wp-content\/uploads\/sites\/6\/2025\/11\/academy-background-default.jpeg?resize=1050,591 1050w, https:\/\/ipsen-academy.be\/nl\/wp-content\/uploads\/sites\/6\/2025\/11\/academy-background-default.jpeg?resize=510,287 510w, https:\/\/ipsen-academy.be\/nl\/wp-content\/uploads\/sites\/6\/2025\/11\/academy-background-default.jpeg?resize=330,186 330w\" sizes=\"auto, (max-width: 1050px) 100vw, 1050px\" alt=\"\" decoding=\"async\" loading=\"lazy\" \/>\n<\/picture>\n            <\/div>\n    <\/figure>\n    <\/div>\n        <div class=\"wp-block-ipsen-post-card__content\">\n                <p>oktober 20, 2023<\/p>\n            <h2 class=\"wp-block-ipsen-post-card__title\">\n    ZIEKTE EN BEHANDELING \u2013 Wat is een TKI? (Tyrosine Kinase Inhibitor)<\/h2>        <\/div>\n    <\/div>\n\n    <ul class=\"wp-block-ipsen-post-card__meta\">\n                    <li>Niercelcarcinoom, Oncologie, Informatie voor pati\u00ebnten, Videos, PDFs &amp; Podcasts<\/li>\n                <li>Time: 1 minuut leestijd<\/li>\n    <\/ul>\n\n    <div class=\"wp-block-ipsen-post-card__cta\">\n    <div class=\"wp-block-buttons is-layout-flex wp-block-buttons-is-layout-flex\">\n        <div class=\"wp-block-button is-style-secondary\">\n            <a class=\"wp-block-button__link wp-element-button\" aria-label=\"View posts in ZIEKTE EN BEHANDELING \u2013 Wat is een TKI? (Tyrosine Kinase Inhibitor)\" href=\"https:\/\/ipsen-academy.be\/nl\/blog\/2023\/10\/20\/ziekte-en-behandeling-wat-is-een-tki-tyrosine-kinase-inhibitor\/\">\n                Meer info                <svg xmlns=\"http:\/\/www.w3.org\/2000\/svg\" width=\"9\" height=\"16\" fill=\"none\" aria-hidden=\"true\"><path stroke=\"currentColor\" stroke-width=\"1.2\" d=\"m.426 15.125 7.35-7.35L.424.425\" \/><\/svg>            <\/a>\n        <\/div>\n    <\/div>\n<\/div><\/div>\n<\/div>\n<\/div>\n                    <div class=\"wp-block-ipsen-query-loop__card\" data-filter-options=\"niercelcarcinoom oncologie patient-info videos-pdfs-podcasts\" data-wp-bind--hidden=\"state.isCardHidden\">\n    <div style=\"--block--post-card--header-overlay--background:#2797d3\" class=\"--default-post-card wp-block-ipsen-post-card\" data-post-terms=\"Niercelcarcinoom, Oncologie, Informatie voor pati\u00ebnten, Videos, PDFs &amp; Podcasts\">\n    <div class=\"wp-block-ipsen-post-card__container\">\n    <div class=\"wp-block-ipsen-post-card__header\">\n            <div class=\"wp-block-ipsen-post-card__featured-image\">\n        \n<figure class=\"wp-block-ipsen-image\">\n    <div class=\"wp-block-ipsen-image__wrap\">\n        \n<picture>\n    <img src=\"https:\/\/ipsen-academy.be\/nl\/wp-content\/uploads\/sites\/6\/2025\/11\/academy-background-default.jpeg?w=1050&#038;h=591&#038;crop=1\" width=\"1050\" height=\"591\" srcset=\"https:\/\/ipsen-academy.be\/nl\/wp-content\/uploads\/sites\/6\/2025\/11\/academy-background-default.jpeg?resize=1050,591 1050w, https:\/\/ipsen-academy.be\/nl\/wp-content\/uploads\/sites\/6\/2025\/11\/academy-background-default.jpeg?resize=510,287 510w, https:\/\/ipsen-academy.be\/nl\/wp-content\/uploads\/sites\/6\/2025\/11\/academy-background-default.jpeg?resize=330,186 330w\" sizes=\"auto, (max-width: 1050px) 100vw, 1050px\" alt=\"\" decoding=\"async\" loading=\"lazy\" \/>\n<\/picture>\n            <\/div>\n    <\/figure>\n    <\/div>\n        <div class=\"wp-block-ipsen-post-card__content\">\n                <p>oktober 20, 2023<\/p>\n            <h2 class=\"wp-block-ipsen-post-card__title\">\n    ZIEKTE EN BEHANDELING \u2013 Gevorderd niercelcarcinoom<\/h2>        <\/div>\n    <\/div>\n\n    <ul class=\"wp-block-ipsen-post-card__meta\">\n                    <li>Niercelcarcinoom, Oncologie, Informatie voor pati\u00ebnten, Videos, PDFs &amp; Podcasts<\/li>\n                <li>Time: 1 minuut leestijd<\/li>\n    <\/ul>\n\n    <div class=\"wp-block-ipsen-post-card__cta\">\n    <div class=\"wp-block-buttons is-layout-flex wp-block-buttons-is-layout-flex\">\n        <div class=\"wp-block-button is-style-secondary\">\n            <a class=\"wp-block-button__link wp-element-button\" aria-label=\"View posts in ZIEKTE EN BEHANDELING \u2013 Gevorderd niercelcarcinoom\" href=\"https:\/\/ipsen-academy.be\/nl\/blog\/2023\/10\/20\/ziekte-en-behandeling-gevorderd-niercelcarcinoom\/\">\n                Meer info                <svg xmlns=\"http:\/\/www.w3.org\/2000\/svg\" width=\"9\" height=\"16\" fill=\"none\" aria-hidden=\"true\"><path stroke=\"currentColor\" stroke-width=\"1.2\" d=\"m.426 15.125 7.35-7.35L.424.425\" \/><\/svg>            <\/a>\n        <\/div>\n    <\/div>\n<\/div><\/div>\n<\/div>\n<\/div>\n                    <div class=\"wp-block-ipsen-query-loop__card\" data-filter-options=\"niercelcarcinoom oncologie patient-info videos-pdfs-podcasts\" data-wp-bind--hidden=\"state.isCardHidden\">\n    <div style=\"--block--post-card--header-overlay--background:#2797d3\" class=\"--default-post-card wp-block-ipsen-post-card\" data-post-terms=\"Niercelcarcinoom, Oncologie, Informatie voor pati\u00ebnten, Videos, PDFs &amp; Podcasts\">\n    <div class=\"wp-block-ipsen-post-card__container\">\n    <div class=\"wp-block-ipsen-post-card__header\">\n            <div class=\"wp-block-ipsen-post-card__featured-image\">\n        \n<figure class=\"wp-block-ipsen-image\">\n    <div class=\"wp-block-ipsen-image__wrap\">\n        \n<picture>\n    <img src=\"https:\/\/ipsen-academy.be\/nl\/wp-content\/uploads\/sites\/6\/2025\/11\/academy-background-default.jpeg?w=1050&#038;h=591&#038;crop=1\" width=\"1050\" height=\"591\" srcset=\"https:\/\/ipsen-academy.be\/nl\/wp-content\/uploads\/sites\/6\/2025\/11\/academy-background-default.jpeg?resize=1050,591 1050w, https:\/\/ipsen-academy.be\/nl\/wp-content\/uploads\/sites\/6\/2025\/11\/academy-background-default.jpeg?resize=510,287 510w, https:\/\/ipsen-academy.be\/nl\/wp-content\/uploads\/sites\/6\/2025\/11\/academy-background-default.jpeg?resize=330,186 330w\" sizes=\"auto, (max-width: 1050px) 100vw, 1050px\" alt=\"\" decoding=\"async\" loading=\"lazy\" \/>\n<\/picture>\n            <\/div>\n    <\/figure>\n    <\/div>\n        <div class=\"wp-block-ipsen-post-card__content\">\n                <p>oktober 20, 2023<\/p>\n            <h2 class=\"wp-block-ipsen-post-card__title\">\n    ZIEKTE EN BEHANDELING \u2013 Wat is niercelcarcinoom?<\/h2>        <\/div>\n    <\/div>\n\n    <ul class=\"wp-block-ipsen-post-card__meta\">\n                    <li>Niercelcarcinoom, Oncologie, Informatie voor pati\u00ebnten, Videos, PDFs &amp; Podcasts<\/li>\n                <li>Time: 1 minuut leestijd<\/li>\n    <\/ul>\n\n    <div class=\"wp-block-ipsen-post-card__cta\">\n    <div class=\"wp-block-buttons is-layout-flex wp-block-buttons-is-layout-flex\">\n        <div class=\"wp-block-button is-style-secondary\">\n            <a class=\"wp-block-button__link wp-element-button\" aria-label=\"View posts in ZIEKTE EN BEHANDELING \u2013 Wat is niercelcarcinoom?\" href=\"https:\/\/ipsen-academy.be\/nl\/blog\/2023\/10\/20\/ziekte-en-behandeling-wat-is-niercelcarcinoom\/\">\n                Meer info                <svg xmlns=\"http:\/\/www.w3.org\/2000\/svg\" width=\"9\" height=\"16\" fill=\"none\" aria-hidden=\"true\"><path stroke=\"currentColor\" stroke-width=\"1.2\" d=\"m.426 15.125 7.35-7.35L.424.425\" \/><\/svg>            <\/a>\n        <\/div>\n    <\/div>\n<\/div><\/div>\n<\/div>\n<\/div>\n            <\/div>\n<\/div>\n\n    <\/div>\n<\/section>\n\n\n\n<section class=\"full-width alignfull wp-block-ipsen-section\">\n    <div class=\"wp-block-ipsen-section__content\">\n        \n\n<div class=\"has-2-columns wp-block-ipsen-columns\">\n    \n\n<div class=\"wp-block-ipsen-wrapper\">\n    \n\n<div class=\"has-2-columns wp-block-ipsen-columns\">\n    \n\n<div class=\"wp-block-ipsen-wrapper\">\n    \n\n<figure class=\"wp-block-ipsen-image\">\n    <div class=\"wp-block-ipsen-image__wrap\">\n        \n<picture>\n    <img src=\"https:\/\/ipsen-academy.be\/nl\/wp-content\/uploads\/sites\/6\/2025\/08\/gettyimages-1059134930-170667a.png?w=160\" width=\"160\" height=\"342\" srcset=\"\" sizes=\"auto, (max-width: 160px) 100vw, 160px\" alt=\"lab person1\" decoding=\"async\" loading=\"lazy\" \/>\n<\/picture>\n            <\/div>\n    <\/figure>\n\n<\/div>\n\n\n\n<div style=\"padding-top:var(--wp--preset--spacing--base-x-4);\" class=\"wp-block-ipsen-wrapper\">\n    \n\n<p class=\"is-style-lead-paragraph\">Plan een bezoek in<\/p>\n\n\n\n<p>Heeft u een vraag over een van onze indicaties? Ontmoet een medewerker van ons medisch team, die deze zal beantwoorden.<\/p>\n\n\n\n<div class=\"wp-block-buttons is-layout-flex wp-block-buttons-is-layout-flex\">\n<div class=\"wp-block-button is-style-accent\"><a class=\"wp-block-button__link wp-element-button\">Maak een afspraak <svg xmlns=\"http:\/\/www.w3.org\/2000\/svg\" width=\"9\" height=\"16\" fill=\"none\" aria-hidden=\"true\"><path stroke=\"currentColor\" stroke-width=\"1.2\" d=\"m.426 15.125 7.35-7.35L.424.425\"\/><\/svg><\/a><\/div>\n<\/div>\n\n<\/div>\n\n<\/div>\n\n<\/div>\n\n\n\n<div class=\"wp-block-ipsen-wrapper\">\n    \n\n<div class=\"has-2-columns wp-block-ipsen-columns\">\n    \n\n<div class=\"wp-block-ipsen-wrapper\">\n    \n\n<figure class=\"wp-block-ipsen-image\">\n    <div class=\"wp-block-ipsen-image__wrap\">\n        \n<picture>\n    <img src=\"https:\/\/ipsen-academy.be\/nl\/wp-content\/uploads\/sites\/6\/2025\/08\/gettyimages-1059134930-170667a-1.png?w=160\" width=\"160\" height=\"342\" srcset=\"\" sizes=\"auto, (max-width: 160px) 100vw, 160px\" alt=\"lab person2\" decoding=\"async\" loading=\"lazy\" \/>\n<\/picture>\n            <\/div>\n    <\/figure>\n\n<\/div>\n\n\n\n<div style=\"padding-top:var(--wp--preset--spacing--base-x-4);\" class=\"wp-block-ipsen-wrapper\">\n    \n\n<p class=\"is-style-lead-paragraph\">Informatie aanvragen<\/p>\n\n\n\n<p>Heeft u een vraag voor ons? Ons team beantwoordt ze graag zo snel mogelijk.<\/p>\n\n\n\n<div class=\"wp-block-buttons is-layout-flex wp-block-buttons-is-layout-flex\">\n<div class=\"wp-block-button is-style-accent\"><a class=\"wp-block-button__link wp-element-button\" href=\"https:\/\/ipsen-academy.be\/nl\/neem-contact-op\/\">Contacteer ons op <svg xmlns=\"http:\/\/www.w3.org\/2000\/svg\" width=\"9\" height=\"16\" fill=\"none\" aria-hidden=\"true\"><path stroke=\"currentColor\" stroke-width=\"1.2\" d=\"m.426 15.125 7.35-7.35L.424.425\"\/><\/svg><\/a><\/div>\n<\/div>\n\n<\/div>\n\n<\/div>\n\n<\/div>\n\n<\/div>\n\n    <\/div>\n<\/section>\n\n","protected":false},"excerpt":{"rendered":"","protected":false},"author":11,"featured_media":0,"parent":0,"menu_order":0,"comment_status":"closed","ping_status":"closed","template":"template-no-title","meta":{"_user_content_segmentation__post_segment_selection":[],"ipsen-approval-number":"","ipsen-post-related":[],"ipsen-off-label-enabled":false,"ipsen-off-label-message":"","editor_notices":[],"_ifac_restricted":false,"footnotes":""},"ipsen-author":[],"class_list":["post-1076","page","type-page","status-publish","hentry"],"yoast_head":"<!-- This site is optimized with the Yoast SEO plugin v26.9 - https:\/\/yoast.com\/product\/yoast-seo-wordpress\/ -->\n<title>Cancer uroth\u00e9lial - Academy<\/title>\n<meta name=\"robots\" content=\"index, follow, max-snippet:-1, max-image-preview:large, max-video-preview:-1\" \/>\n<link rel=\"canonical\" href=\"https:\/\/ipsen-academy.be\/nl\/cancer-urothelial\/\" \/>\n<meta property=\"og:locale\" content=\"nl_NL\" \/>\n<meta property=\"og:type\" content=\"article\" \/>\n<meta property=\"og:title\" content=\"Cancer uroth\u00e9lial - Academy\" \/>\n<meta property=\"og:url\" content=\"https:\/\/ipsen-academy.be\/nl\/cancer-urothelial\/\" \/>\n<meta property=\"og:site_name\" content=\"Academy\" \/>\n<meta property=\"article:modified_time\" content=\"2026-01-07T16:30:50+00:00\" \/>\n<meta name=\"twitter:card\" content=\"summary_large_image\" \/>\n<meta name=\"twitter:label1\" content=\"Geschatte leestijd\" \/>\n\t<meta name=\"twitter:data1\" content=\"1 minuut\" \/>\n<script type=\"application\/ld+json\" class=\"yoast-schema-graph\">{\"@context\":\"https:\/\/schema.org\",\"@graph\":[{\"@type\":\"WebPage\",\"@id\":\"https:\/\/ipsen-academy.be\/nl\/cancer-urothelial\/\",\"url\":\"https:\/\/ipsen-academy.be\/nl\/cancer-urothelial\/\",\"name\":\"Cancer uroth\u00e9lial - Academy\",\"isPartOf\":{\"@id\":\"https:\/\/ipsen-academy.be\/nl\/#website\"},\"datePublished\":\"2025-08-20T11:05:49+00:00\",\"dateModified\":\"2026-01-07T16:30:50+00:00\",\"breadcrumb\":{\"@id\":\"https:\/\/ipsen-academy.be\/nl\/cancer-urothelial\/#breadcrumb\"},\"inLanguage\":\"nl-NL\",\"potentialAction\":[{\"@type\":\"ReadAction\",\"target\":[\"https:\/\/ipsen-academy.be\/nl\/cancer-urothelial\/\"]}]},{\"@type\":\"BreadcrumbList\",\"@id\":\"https:\/\/ipsen-academy.be\/nl\/cancer-urothelial\/#breadcrumb\",\"itemListElement\":[{\"@type\":\"ListItem\",\"position\":1,\"name\":\"Home\",\"item\":\"https:\/\/ipsen-academy.be\/nl\/\"},{\"@type\":\"ListItem\",\"position\":2,\"name\":\"Cancer uroth\u00e9lial\"}]},{\"@type\":\"WebSite\",\"@id\":\"https:\/\/ipsen-academy.be\/nl\/#website\",\"url\":\"https:\/\/ipsen-academy.be\/nl\/\",\"name\":\"Academy\",\"description\":\"\",\"publisher\":{\"@id\":\"https:\/\/ipsen-academy.be\/nl\/#organization\"},\"potentialAction\":[{\"@type\":\"SearchAction\",\"target\":{\"@type\":\"EntryPoint\",\"urlTemplate\":\"https:\/\/ipsen-academy.be\/nl\/?s={search_term_string}\"},\"query-input\":{\"@type\":\"PropertyValueSpecification\",\"valueRequired\":true,\"valueName\":\"search_term_string\"}}],\"inLanguage\":\"nl-NL\"},{\"@type\":\"Organization\",\"@id\":\"https:\/\/ipsen-academy.be\/nl\/#organization\",\"name\":\"Academy\",\"url\":\"https:\/\/ipsen-academy.be\/nl\/\",\"logo\":{\"@type\":\"ImageObject\",\"inLanguage\":\"nl-NL\",\"@id\":\"https:\/\/ipsen-academy.be\/nl\/#\/schema\/logo\/image\/\",\"url\":\"https:\/\/ipsen-academy.be\/nl\/wp-content\/uploads\/sites\/6\/2025\/07\/Ipsen_academy-250305-2-3.png\",\"contentUrl\":\"https:\/\/ipsen-academy.be\/nl\/wp-content\/uploads\/sites\/6\/2025\/07\/Ipsen_academy-250305-2-3.png\",\"width\":670,\"height\":100,\"caption\":\"Academy\"},\"image\":{\"@id\":\"https:\/\/ipsen-academy.be\/nl\/#\/schema\/logo\/image\/\"}}]}<\/script>\n<!-- \/ Yoast SEO plugin. -->","yoast_head_json":{"title":"Cancer uroth\u00e9lial - Academy","robots":{"index":"index","follow":"follow","max-snippet":"max-snippet:-1","max-image-preview":"max-image-preview:large","max-video-preview":"max-video-preview:-1"},"canonical":"https:\/\/ipsen-academy.be\/nl\/cancer-urothelial\/","og_locale":"nl_NL","og_type":"article","og_title":"Cancer uroth\u00e9lial - Academy","og_url":"https:\/\/ipsen-academy.be\/nl\/cancer-urothelial\/","og_site_name":"Academy","article_modified_time":"2026-01-07T16:30:50+00:00","twitter_card":"summary_large_image","twitter_misc":{"Geschatte leestijd":"1 minuut"},"schema":{"@context":"https:\/\/schema.org","@graph":[{"@type":"WebPage","@id":"https:\/\/ipsen-academy.be\/nl\/cancer-urothelial\/","url":"https:\/\/ipsen-academy.be\/nl\/cancer-urothelial\/","name":"Cancer uroth\u00e9lial - Academy","isPartOf":{"@id":"https:\/\/ipsen-academy.be\/nl\/#website"},"datePublished":"2025-08-20T11:05:49+00:00","dateModified":"2026-01-07T16:30:50+00:00","breadcrumb":{"@id":"https:\/\/ipsen-academy.be\/nl\/cancer-urothelial\/#breadcrumb"},"inLanguage":"nl-NL","potentialAction":[{"@type":"ReadAction","target":["https:\/\/ipsen-academy.be\/nl\/cancer-urothelial\/"]}]},{"@type":"BreadcrumbList","@id":"https:\/\/ipsen-academy.be\/nl\/cancer-urothelial\/#breadcrumb","itemListElement":[{"@type":"ListItem","position":1,"name":"Home","item":"https:\/\/ipsen-academy.be\/nl\/"},{"@type":"ListItem","position":2,"name":"Cancer uroth\u00e9lial"}]},{"@type":"WebSite","@id":"https:\/\/ipsen-academy.be\/nl\/#website","url":"https:\/\/ipsen-academy.be\/nl\/","name":"Academy","description":"","publisher":{"@id":"https:\/\/ipsen-academy.be\/nl\/#organization"},"potentialAction":[{"@type":"SearchAction","target":{"@type":"EntryPoint","urlTemplate":"https:\/\/ipsen-academy.be\/nl\/?s={search_term_string}"},"query-input":{"@type":"PropertyValueSpecification","valueRequired":true,"valueName":"search_term_string"}}],"inLanguage":"nl-NL"},{"@type":"Organization","@id":"https:\/\/ipsen-academy.be\/nl\/#organization","name":"Academy","url":"https:\/\/ipsen-academy.be\/nl\/","logo":{"@type":"ImageObject","inLanguage":"nl-NL","@id":"https:\/\/ipsen-academy.be\/nl\/#\/schema\/logo\/image\/","url":"https:\/\/ipsen-academy.be\/nl\/wp-content\/uploads\/sites\/6\/2025\/07\/Ipsen_academy-250305-2-3.png","contentUrl":"https:\/\/ipsen-academy.be\/nl\/wp-content\/uploads\/sites\/6\/2025\/07\/Ipsen_academy-250305-2-3.png","width":670,"height":100,"caption":"Academy"},"image":{"@id":"https:\/\/ipsen-academy.be\/nl\/#\/schema\/logo\/image\/"}}]}},"parsely":{"version":"1.1.0","canonical_url":"https:\/\/ipsen-academy.be\/nl\/cancer-urothelial\/","smart_links":{"inbound":0,"outbound":0},"traffic_boost_suggestions_count":0,"meta":{"@context":"https:\/\/schema.org","@type":"WebPage","headline":"Cancer uroth\u00e9lial","url":"http:\/\/ipsen-academy.be\/nl\/cancer-urothelial\/","mainEntityOfPage":{"@type":"WebPage","@id":"http:\/\/ipsen-academy.be\/nl\/cancer-urothelial\/"},"thumbnailUrl":"","image":{"@type":"ImageObject","url":""},"articleSection":"Oncologie","author":[{"@type":"Person","name":"femvula"}],"creator":["femvula"],"publisher":{"@type":"Organization","name":"Academy","logo":""},"keywords":[],"dateCreated":"2025-08-20T11:05:49Z","datePublished":"2025-08-20T11:05:49Z","dateModified":"2026-01-07T16:30:50Z"},"rendered":"<script type=\"application\/ld+json\" class=\"wp-parsely-metadata\">{\"@context\":\"https:\\\/\\\/schema.org\",\"@type\":\"WebPage\",\"headline\":\"Cancer uroth\\u00e9lial\",\"url\":\"http:\\\/\\\/ipsen-academy.be\\\/nl\\\/cancer-urothelial\\\/\",\"mainEntityOfPage\":{\"@type\":\"WebPage\",\"@id\":\"http:\\\/\\\/ipsen-academy.be\\\/nl\\\/cancer-urothelial\\\/\"},\"thumbnailUrl\":\"\",\"image\":{\"@type\":\"ImageObject\",\"url\":\"\"},\"articleSection\":\"Oncologie\",\"author\":[{\"@type\":\"Person\",\"name\":\"femvula\"}],\"creator\":[\"femvula\"],\"publisher\":{\"@type\":\"Organization\",\"name\":\"Academy\",\"logo\":\"\"},\"keywords\":[],\"dateCreated\":\"2025-08-20T11:05:49Z\",\"datePublished\":\"2025-08-20T11:05:49Z\",\"dateModified\":\"2026-01-07T16:30:50Z\"}<\/script>","tracker_url":"https:\/\/cdn.parsely.com\/keys\/ipsen-academy.be\/p.js"},"_links":{"self":[{"href":"https:\/\/ipsen-academy.be\/nl\/wp-json\/wp\/v2\/pages\/1076","targetHints":{"allow":["GET"]}}],"collection":[{"href":"https:\/\/ipsen-academy.be\/nl\/wp-json\/wp\/v2\/pages"}],"about":[{"href":"https:\/\/ipsen-academy.be\/nl\/wp-json\/wp\/v2\/types\/page"}],"author":[{"embeddable":true,"href":"https:\/\/ipsen-academy.be\/nl\/wp-json\/wp\/v2\/users\/11"}],"replies":[{"embeddable":true,"href":"https:\/\/ipsen-academy.be\/nl\/wp-json\/wp\/v2\/comments?post=1076"}],"version-history":[{"count":8,"href":"https:\/\/ipsen-academy.be\/nl\/wp-json\/wp\/v2\/pages\/1076\/revisions"}],"predecessor-version":[{"id":1844,"href":"https:\/\/ipsen-academy.be\/nl\/wp-json\/wp\/v2\/pages\/1076\/revisions\/1844"}],"wp:attachment":[{"href":"https:\/\/ipsen-academy.be\/nl\/wp-json\/wp\/v2\/media?parent=1076"}],"wp:term":[{"taxonomy":"ipsen-author","embeddable":true,"href":"https:\/\/ipsen-academy.be\/nl\/wp-json\/wp\/v2\/ipsen-author?post=1076"}],"curies":[{"name":"wp","href":"https:\/\/api.w.org\/{rel}","templated":true}]}}